{"id":2,"date":"2020-10-26T07:33:50","date_gmt":"2020-10-26T07:33:50","guid":{"rendered":"http:\/\/ostinato.lupe.nl\/?page_id=2"},"modified":"2026-02-15T00:01:55","modified_gmt":"2026-02-14T22:01:55","slug":"sample-page","status":"publish","type":"page","link":"http:\/\/ostinato.lupe.nl\/","title":{"rendered":"Home"},"content":{"rendered":"<div><span class=\"uk-text-mutedjol\">Trio ostinato<br \/>spielt<br \/>Canto Ostinato<br \/>von<br \/>Simeon ten Holt<\/span><\/div>\n<h1><span class=\"uk-text-muted\">Canto ostinato,<br \/>eine Klangreise die Zeit und Raum vergessen l\u00e4sst<\/span><\/h1>\n<ul>\n<li>\n<h3>Deutsch<\/h3>\n<p>Deutsch<\/p>\n<div><!--\n\n<p class=\"uk-text-emphasis uk-text-large\">Hypnotisierend und emotional bewegend<\/p>\n\n\n--><\/p>\n<p class=\"uk-text-emphasis\">Canto Ostinato,\u00a0ein Kultst\u00fcck in den Niederlanden, ist\u00a0komponiert f\u00fcr\u00a0ein bis vier Tasteninstrumenten von dem niederl\u00e4ndischen Komponisten Simeon\u00a0ten Holt\u00a0im Jahre 1979.\u00a0<\/p>\n<p class=\"uk-text-emphasis\">Es ist ein \u201eabendf\u00fcllendes\u201c St\u00fcck\u00a0ohne Pause\u00a0im tonalen,\u00a0minimalistischen Stil. <span>Durch die Verwendung von motivischen Einheiten, die beliebig oft wiederholt werden k\u00f6nnen, ist die Musik bewegend, kann eine beinahe hypnotisierende Wirkung entfalten und nimmt den Zuh\u00f6rer mit auf eine Reise durch musikalische Landschaften.<\/span><\/p>\n<p>Hierunter drei Fragmente einer Auff\u00fchrung in der St. Nicolai Kirche in Kalkar, Juli 2019.<\/p>\n<\/div>\n<\/li>\n<li>\n<h3>Nederlands<\/h3>\n<p>Nederlands<\/p>\n<div>\n<p class=\"uk-text-emphasis\">Canto Ostinato, een stuk met cultstatus in Nederland, werd in 1979 gecomponeerd voor een tot vier toetsinstrumenten door de Nederlandse componist Simeon ten Holt.<\/p>\n<p class=\"uk-text-emphasis\">Het is een &#8220;avondvullend&#8221; stuk, zonder onderbreking, in een tonale, minimalistische stijl. Door het gebruik van cellen met muzikale motieven die een onbepaald aantal keren herhaald kunnen worden, werkt de muziek hypnotiserend en emotioneel ontroerend en neemt zij de luisteraar mee op een reis door muzikale landschappen.<\/p>\n<p>Hieronder drie fragmenten van een uitvoering in de St. Nicolai Kirche in Kalkar, Juli 2019.<\/p>\n<\/p>\n<\/div>\n<\/li>\n<\/ul>\n<p><video src=\"http:\/\/ostinato.lupe.nl\/wp-content\/uploads\/video\/cantokalkar_fragment_01.mp4\" poster=\"\/wp-content\/uploads\/2021\/09\/Kirche-Kalkar-9.jpg\"><\/video><br \/>\n<video src=\"http:\/\/ostinato.lupe.nl\/wp-content\/uploads\/video\/cantokalkar_fragment_02.mp4\" poster=\"\/wp-content\/uploads\/2021\/09\/Kirche-Kalkar-17.jpg\"><\/video><br \/>\n<video src=\"http:\/\/ostinato.lupe.nl\/wp-content\/uploads\/video\/cantokalkar_fragment_03.mp4\" poster=\"\/wp-content\/uploads\/2021\/09\/Kirche-Kalkar-34.jpg\"><\/video><\/p>\n<h1><span class=\"uk-text-muted\">Termine \/ Concertdata<\/span><\/h1>\n<p><img decoding=\"async\" src=\"\/wp-content\/uploads\/2024\/08\/filler.png\" alt=\"\"><br \/>\n<img decoding=\"async\" src=\"\/wp-content\/uploads\/2026\/02\/kalkar-2023.jpg\" alt=\"\"><br \/>\n<img decoding=\"async\" src=\"\/wp-content\/uploads\/2024\/08\/filler.png\" alt=\"\"><\/p>\n<ul>\n<li>\n<p>        <img decoding=\"async\" src=\"\/wp-content\/uploads\/2024\/08\/bild.workshop.min_.d_cropped.png\" alt=\"\"><\/p>\n<h3>Deutsch<\/h3>\n<p>N\u00e4chster Termin<\/p>\n<div>\n<h4 class=\"uk-text-emphasis\">Canto ostinato auf drei Klavieren<\/h4>\n<p><!--\n\n\n<p><a href=\"https:\/\/www.verenigingsgebouw-overasselt.nl\/\" target=\"_blank\">Verenigingsgebouw Overasselt<\/a><\/p>\n\n\n\n\n<p>Willem Alexanderstraat 1, 6611 CE Overasselt<br \/>\n    Zondag 14 december 15.00<\/p>\n\n\n--><\/p>\n<p><a href=\"https:\/\/100jaarwylerberg.nl\/\" target=\"_blank\" rel=\"noopener\">Huis Wylerberg<\/a><br \/>Rijksstraatweg 178, 6573 DG Beek (Berg en Dal)<br \/>Freitag 17 April um 19.00 Uhr und Samstag 18 April um 16.00 Uhr<\/p>\n<\/div>\n<\/li>\n<li>\n<p>        <img decoding=\"async\" src=\"\/wp-content\/uploads\/2024\/08\/bild.workshop.min_.d_cropped.png\" alt=\"\"><\/p>\n<h3>Nederlands<\/h3>\n<p>Aanstaand optreden<\/p>\n<div>\n<h4 class=\"uk-text-emphasis\">Canto ostinato op drie piano&#8217;s<\/h4>\n<p><!--\n\n\n<p><a href=\"https:\/\/www.verenigingsgebouw-overasselt.nl\/\" target=\"_blank\">Verenigingsgebouw Overasselt<\/a><\/p>\n\n\n\n\n<p>Willem Alexanderstraat 1, 6611 CE Overasselt<br \/>\n    Zondag 14 december 15.00<\/p>\n\n\n--><\/p>\n<p><a href=\"https:\/\/100jaarwylerberg.nl\/\" target=\"_blank\">Huis Wylerberg<\/a><br \/>\nRijksstraatweg 178, 6573 DG Beek (Berg en Dal)<br \/>\n    Vrijdag 17 april om 19.00 uur en Zaterdag 18 april om 16.00 uur<\/p>\n<\/div>\n<\/li>\n<\/ul>\n<div>\n<div style=\"width: 100%; height: 2px; background-color: gray;\">&nbsp;<\/div>\n<\/div>\n<div>\n<h3 style=\"color: white;\">Kritik<\/h3>\n<\/div>\n<div>\n<div class=\"page\" title=\"Page 1\">\n<div class=\"layoutArea\">\n<div class=\"column\">\n<p class=\"uk-text-primary uk-text-italic\">Ga\u0308ubote Herrenberg \u2013 20.10.2021<\/p>\n<h2 class=\"\" style=\"color: white;\">Im Scho\u0308nklang der Unendlichkeit<\/h2>\n<p><span>Entringen: Das Trio Ostinato spielt auf drei Flu\u0308geln in der Michaelskirche ein Stu\u0308ck von Simeon ten Holt<\/span><\/p>\n<p><em><strong>Thomas Morawitzky<\/strong><\/em><\/p>\n<p><span>Die Musik findet kein Ende und sucht auch keins in der Michaelskirche in Entringen. Die Musik besteht aus Kreisen, Variationen, leichten Verschiebungen von Akzenten und Harmonien, die immer wieder von vorne beginnen, sehr klangvoll, rauschhaft und beto\u0308rend, in immer neuen Wellen, verdichtet zum Gewebe eines Stu\u0308cks, das sich potenziell auf ewig dehnen ko\u0308nnte. In dem Melodien umgehen wie silberne Fa\u0308den in einem Teppich, helle Schatten, die auf den Gipfeln des Klanggebirges davonhuschen, wiederkehren, vielleicht in derselben Form, vielleicht vera\u0308ndert.<\/span><\/p>\n<p><a href=\"http:\/\/ostinato.lupe.nl\/wp-content\/uploads\/2022\/01\/Rezension-Gaubote-entringen.pdf\">Lesen Sie hier mehr&#8230;<\/a><\/p>\n<\/p>\n<\/div>\n<\/div>\n<\/div>\n<\/div>\n<ul>\n<li>\n<p>        <img decoding=\"async\" src=\"\/wp-content\/uploads\/2022\/02\/EntringenAufbau01.jpg\" alt=\"\"><\/p>\n<\/li>\n<li>\n<p>        <img decoding=\"async\" src=\"\/wp-content\/uploads\/2022\/02\/EntringenAufbau03.jpg\" alt=\"\"><\/p>\n<\/li>\n<li>\n<p>        <img decoding=\"async\" src=\"\/wp-content\/uploads\/2022\/02\/EntringenAufbau02.jpg\" alt=\"\"><\/p>\n<\/li>\n<\/ul>\n<div>\n<div style=\"width: 100%; height: 2px; background-color: gray;\">&nbsp;<\/div>\n<\/div>\n<h1><span class=\"uk-text-muted\">Trio ostinato<\/span><\/h1>\n<div>\n<h1>&nbsp;<\/h1>\n<\/div>\n<div>\n<p>        <img decoding=\"async\" src=\"\/wp-content\/uploads\/2020\/11\/trio_ostinato_4.jpg\" alt=\"Trio Ostinato, Dorothea Schokking, Christa Kneppeck, Theo de Best\"><\/p>\n<div>Trio Ostinato<\/div>\n<p>Dorothea Schokking, Christa Kneppeck, Theo de Best<\/p>\n<div><!--\n\n<p>Dorothea Schokking, Christa Kneppeck, Theo de Best<\/p>\n\n\n--><\/div>\n<\/div>\n<ul>\n<li>\n<h3>Deutsch<\/h3>\n<p>Deutsch<\/p>\n<div>\n<p>Die drei Pianisten des Trios, Christa Kneppeck, Theo de Best und Dorothea Schokking hatten schon seit einiger Zeit mit Canto Ostinato gearbeitet, bevor das Trio entstand.<\/p>\n<p>Christa, die Initiatorin, hatte schon den Versuch gemacht, ein Ensemble f\u00fcr Canto Ostinato zu gr\u00fcnden.<\/p>\n<p>Theo hatte bereits eine Version f\u00fcr zwei Klaviere f\u00fcr sich und seinen Sohn David, der inzwischen auch Pianist ist, gemacht und zur Ausf\u00fchrung gebracht.<\/p>\n<p>Dorothea hatte das Werk mit Sch\u00fclern gespielt und an einer Auff\u00fchrung mit einem ad hoc Ensemble in Utrecht mitgewirkt.<\/p>\n<p>Als diese drei Pianisten zu den ersten Proben zusammenkamen, wurde klar, dass bei allen der Wille und die Einsatzbereitschaft da waren, sich mit Canto Ostinato \u201cauf die Reise\u201d zu begeben. Das Besondere f\u00fcr einen Pianisten ist hierbei, dass der Klang der drei Instrumente vollkommen miteinander verschmelzen soll, anders, als bei der Zusammenarbeit mit anderen Instrumenten, bei der das Klavier zum Gegen\u00fcber, zum Partner wird.<\/p>\n<p>Vor der Premiere nahmen sie sich ein Jahr Zeit, um tief in das Werk einzusteigen und es f\u00fcr diese Besetzung einzurichten.<\/p>\n<p>Es folgten erfolgreiche Auff\u00fchrungen, zwei Mal im Rahmen der Musikbiennale Niederrhein in Beek\/Niederlande und Kloster Graefenthal\/ Deutschland, sowie in der pr\u00e4chtigen Sankt Nicolaikirche in Kalkar\/Deutschland.<\/p>\n<p>Das Faszinierende ist, dass w\u00e4hrend der gemeinsamen Probenarbeit und der Auff\u00fchrungen Canto Ostinato jedesmal neu entsteht, so, wie der Komponist es sich vorgestellt hat.<\/p>\n<p>Es ist und bleibt eine fesselnde musikalische Reise miteinander und mit Canto Ostinato.<\/p>\n<\/div>\n<\/li>\n<li>\n<h3>Nederlands<\/h3>\n<p>Nederlands<\/p>\n<div>\n<p>De drie leden van het trio, Christa, Theo en Dorothea, waren al enige tijd bezig met Canto Ostinato voordat Trio ostinato ontstond.<\/p>\n<p>Christa had al eerder een poging tot vorming van een ensemble ondernomen. Die was helaas niet succesvol.<\/p>\n<p>Theo had een versie voor twee piano\u2019s voor zichzelf en zijn zoon David de Best, inmiddels ook pianist, gemaakt.<\/p>\n<p>Dorothea had met leerlingen Canto Ostinato gespeeld en al een keer aan een uitvoering in Utrecht meegewerkt.<\/p>\n<p>Toen deze drie pianisten voor de eerste repetities bij elkaar kwamen, werd duidelijk dat er genoeg \u201ccommitment\u201d was om samen met Canto Ostinato \u201cop reis\u201d te gaan. Anders dan bij de samenwerking met andere instrumenten, waarbij de pianist een partner is, is hier de uitdaging voor het trio de klank van de drie instrumenten volledig met elkaar te laten versmelten.<\/p>\n<p>Voor de eerste uitvoering hebben zij een jaar de tijd genomen om dit werk grondig te leren kennen en een voor dit trio geschikte verdeling van de partijen te maken.<\/p>\n<p>Er volgden succesvolle uitvoeringen, waaronder twee keer tijdens de Muziekbiennale Niederrhein in Beek en in Kloster Graefenthal \/ Duitsland, zoals ook in de prachtige St. Nicolaikirche te Kalkar \/ Duitsland.<\/p>\n<p>Het fascinerende is, dat er tijdens het repeteren \u00e9n uitvoeren van Canto Ostinato telkens weer nieuwe idee\u00ebn ontstaan en op deze manier het werk elke keer opnieuw geboren wordt, precies zoals de componist het zich had voorgesteld.<\/p>\n<p>Het blijft een boeiende muzikale reis met elkaar en Canto Ostinato.<\/p>\n<\/div>\n<\/li>\n<\/ul>\n<div>\n<div style=\"width: 100%; height: 2px; background-color: gray;\">&nbsp;<\/div>\n<\/div>\n<h1><span class=\"uk-text-muted\">\u00dcber Canto Ostinato<\/span><\/h1>\n<ul>\n<li>\n<h3>Deutsch<\/h3>\n<div><!--\n\n<div style=\"column-count: 3;\"> --><\/p>\n<p>Irgendwann hielt Simeon ten Holt es nicht mehr aus, und \u201ckroch wieder an das Klavier\u201d. Er befand sich in \u201cfrostkalter Nacht, in der die Tonalit\u00e4t ganz und gar verloren war\u201d und er selbst \u201cein verdorrtes Blatt\u201d geworden war, wie er selbst es formulierte. Am Klavier begann sein Blut wieder zu str\u00f6men, Sensualit\u00e4t und Leben wurden wieder aktiviert.<\/p>\n<p>Er strebte allerdings nach einer Form, die anders war, als man es von der klassischen Musik her kennt. Er machte aus den Elementen, wie den melodischen Motiven und den erkennbaren traditionellen harmonischen Akkorden, selbst\u00e4ndige musikalische Objekte.<\/p>\n<\/p>\n<h4 class=\"uk-text-muted uk-text-bold uk-text-italic\">Zeit wird Raum<\/h4>\n<p>Ten Holt: \u201cZeit wird der Raum in dem das musikalische Objekt schwebt.\u201d So entstand Canto Ostinato, Anfang der siebziger Jahre, noch \u201cPerpetuum\u201d genannt, in der Tat ein sehr sensuelles Werk f\u00fcr ein bis vier Tasteninstrumente.<\/p>\n<p><!--\n\n\n<h4 class=\"uk-text-muted uk-text-bold uk-text-italic\">Freiheiten<\/h4>\n\n\n\n\n<p>Es besteht aus kurzen musikalischen Elementen, die als Gesamtheit die circa zweist\u00fcndige Komposition bilden. Die Ausf\u00fchrenden haben bestimmte Freiheiten: So entscheiden sie zum Beispiel \u00fcber Wiederholungen, dynamische Kontraste und Klangfarben. Ten Holt beschr\u00e4nkt sich in gewissem Sinne auf ein Konzept, wodurch Canto Ostinato bei jeder Auff\u00fchrung \u201cneu geboren\u201d wird, und wodurch das Werk auch variabel in seiner Spieldauer ist. In dieser Klangwelt kann der Zuh\u00f6rer Raum und Zeit vergessen.<\/p>\n\n\n\n\n<h4 class=\"uk-text-muted uk-text-bold uk-text-italic\">Erfolgsgeschichte<\/h4>\n\n\n\n\n<p>Erst am 25. April 1979 durfte Canto Ostinato in der Ru\u00efnekerk zu Bergen\/ Noordholland in Premiere gehen, nachdem Ten Holt es davor drei Jahre lang verborgen gehalten hatte. Es war gleich bei der Premiere ein \u00fcberraschender Erfolg. Diese Erfolgsgeschichte setzt sich bis heute fort: Canto Ostinato geh\u00f6rt zu den beliebtesten und bekanntesten zeitgen\u00f6ssischen Kompositionen der Niederlande.<\/p>\n\n\n--><br \/>\n<!-- <\/div>\n\n --><\/div>\n<\/li>\n<li>\n<h3>Nederlands<\/h3>\n<div>\n<p>Op een gegeven moment hield Simeon ten Holt het niet meer uit en \u201ckroop weer achter de piano\u201d. Hij bevond zich \u201din de vriesnacht waarin de tonaliteit absoluut zoek was\u201d en hij \u201ceen dor blad was geworden\u201d, zoals hij het zelf beschreef. Aan de piano begon zijn bloed weer te stromen en de sensualiteit en het leven werden weer geactiveerd. Hij streefde wel naar een andere vorm dan wat men van de klassieke muziek al kent. Hij maakte van de elementen, zoals melodische motieven en de herkenbare traditionele harmonische akkoorden, zelfstandige muzikale objecten.<\/p>\n<h4 class=\"uk-text-muted uk-text-bold uk-text-italic\">Tijd wordt ruimte<\/h4>\n<p>Ten Holt: \u201cTijd wordt de ruimte waarin het muzikale object gaat zweven\u201d. Zo ontstond Canto Ostinato, begin jaren 70 toen het ontstond nog \u201cPerpetuum\u201d genoemd, een inderdaad uiterst sensueel werk voor \u00e9\u00e9n tot vier toetsinstrumenten.<\/p>\n<p><!--\n\n\n<h4 class=\"uk-text-muted uk-text-bold uk-text-italic\">Vrijheden<\/h4>\n\n\n\n\n<p>Het stuk bestaat uit korte muzikale elementen, die samen de circa twee uur durende compositie vormen. De spelers hebben bepaalde vrijheden: zij beslissen bijvoorbeeld over herhalingen, dynamische contrasten en klankkleuren. Ten Holt beperkt zich in zekere zin tot een concept, waardoor Canto Ostinato bij elke uitvoering als het ware \u201cherboren\u201d wordt en waardoor het werk ook variabel in lengte is. In deze klankwereld kan de luisteraar tijd en ruimte vergeten.<\/p>\n\n\n\n\n\n<h4 class=\"uk-text-muted uk-text-bold uk-text-italic\">Verrassend succes<\/h4>\n\n\n\n\n<p>Pas op 25 april 1979 mocht Canto Ostinato in de Ru\u00efnekerk te Bergen (NH) het daglicht zien nadat Ten Holt het daarvoor drie jaar lang niet openbaar durfde te maken. Het was meteen bij de premi\u00e9re een verrassend succes. Inmiddels geniet Canto Ostinato in Nederland steeds grotere populariteit en telt het werk tot de meest bekende en geliefde composities uit de twintigste eeuw.<\/p>\n\n\n--><\/div>\n<\/li>\n<\/ul>\n<div>\n<h1>&nbsp; <\/h1>\n<\/div>\n<div>\n<p>        <img decoding=\"async\" src=\"\/wp-content\/uploads\/2020\/11\/canto_detail-02.jpg\" alt=\"Detail aus Canto Ostinato von Simeon ten Holt\"><\/p>\n<div>Detail aus Canto Ostinato von Simeon ten Holt<\/div>\n<p>Detail aus Canto Ostinato von Simeon ten Holt<\/p>\n<\/div>\n<div>\n<p><audio class=\"wp-audio-shortcode\" id=\"audio-2-1\" preload=\"none\" style=\"width: 100%;\" controls=\"controls\"><source type=\"audio\/mpeg\" src=\"http:\/\/ostinato.lupe.nl\/wp-content\/uploads\/2020\/11\/canto_ostinato_kalkar.m4a?_=1\" \/><a href=\"http:\/\/ostinato.lupe.nl\/wp-content\/uploads\/2020\/11\/canto_ostinato_kalkar.m4a\">http:\/\/ostinato.lupe.nl\/wp-content\/uploads\/2020\/11\/canto_ostinato_kalkar.m4a<\/a><\/audio><br \/>\n<i><center>Audiofragment einer Auff&uuml;rung in der St. Nicolai Kirche in Kalkar, Juli 2019<\/center><\/i>\n<\/div>\n<ul>\n<li>\n<h3>Deutsch<\/h3>\n<div><!--\n\n<div style=\"column-count: 3;\"> --><br \/>\n<!--\n\n\n<p>Irgendwann hielt Simeon ten Holt es nicht mehr aus, und \u201ckroch wieder an das Klavier\u201d. Er befand sich in \u201cfrostkalter Nacht, in der die Tonalit\u00e4t ganz und gar verloren war\u201d und er selbst \u201cein verdorrtes Blatt\u201d geworden war, wie er selbst es formulierte. Am Klavier begann sein Blut wieder zu str\u00f6men, Sensualit\u00e4t und Leben wurden wieder aktiviert.<\/p>\n\n\n\n\n<p>Er strebte allerdings nach einer Form, die anders war, als man es von der klassischen Musik her kennt. Er machte aus den Elementen, wie den melodischen Motiven und den erkennbaren traditionellen harmonischen Akkorden, selbst\u00e4ndige musikalische Objekte.<\/p>\n\n\n\n\n\n\n\n\n\n<h4 class=\"uk-text-muted uk-text-bold uk-text-italic\">Zeit wird Raum<\/h4>\n\n\n\n\n<p>Ten Holt: \u201cZeit wird der Raum in dem das musikalische Objekt schwebt.\u201d So entstand Canto Ostinato, Anfang der siebziger Jahre, noch \u201cPerpetuum\u201d genannt, in der Tat ein sehr sensuelles Werk f\u00fcr ein bis vier Tasteninstrumente.<\/p>\n\n\n--><\/p>\n<h4 class=\"uk-text-muted uk-text-bold uk-text-italic\">Freiheiten<\/h4>\n<p>Es besteht aus kurzen musikalischen Elementen, die als Gesamtheit die circa zweist\u00fcndige Komposition bilden. Die Ausf\u00fchrenden haben bestimmte Freiheiten: So entscheiden sie zum Beispiel \u00fcber Wiederholungen, dynamische Kontraste und Klangfarben. Ten Holt beschr\u00e4nkt sich in gewissem Sinne auf ein Konzept, wodurch Canto Ostinato bei jeder Auff\u00fchrung \u201cneu geboren\u201d wird, und wodurch das Werk auch variabel in seiner Spieldauer ist. In dieser Klangwelt kann der Zuh\u00f6rer Raum und Zeit vergessen.<\/p>\n<h4 class=\"uk-text-muted uk-text-bold uk-text-italic\">Erfolgsgeschichte<\/h4>\n<p>Erst am 25. April 1979 durfte Canto Ostinato in der Ru\u00efnekerk zu Bergen\/ Noordholland in Premiere gehen, nachdem Ten Holt es davor drei Jahre lang verborgen gehalten hatte. Es war gleich bei der Premiere ein \u00fcberraschender Erfolg. Diese Erfolgsgeschichte setzt sich bis heute fort: Canto Ostinato geh\u00f6rt zu den beliebtesten und bekanntesten zeitgen\u00f6ssischen Kompositionen der Niederlande.<\/p>\n<p><!-- <\/div>\n\n --><\/div>\n<\/li>\n<li>\n<h3>Nederlands<\/h3>\n<div><!--\n\n\n<p>Op een gegeven moment hield Simeon ten Holt het niet meer uit en \u201ckroop weer achter de piano\u201d. Hij bevond zich \u201din de vriesnacht waarin de tonaliteit absoluut zoek was\u201d en hij \u201ceen dor blad was geworden\u201d, zoals hij het zelf beschreef. Aan de piano begon zijn bloed weer te stromen en de sensualiteit en het leven werden weer geactiveerd. Hij streefde wel naar een andere vorm dan wat men van de klassieke muziek al kent. Hij maakte van de elementen, zoals melodische motieven en de herkenbare traditionele harmonische akkoorden, zelfstandige muzikale objecten.<\/p>\n\n\n\n\n<h4 class=\"uk-text-muted uk-text-bold uk-text-italic\">Tijd wordt ruimte<\/h4>\n\n\n\n\n<p>Ten Holt: \u201cTijd wordt de ruimte waarin het muzikale object gaat zweven\u201d. Zo ontstond Canto Ostinato, begin jaren 70 toen het ontstond nog \u201cPerpetuum\u201d genoemd, een inderdaad uiterst sensueel werk voor \u00e9\u00e9n tot vier toetsinstrumenten.<\/p>\n\n\n--><\/p>\n<h4 class=\"uk-text-muted uk-text-bold uk-text-italic\">Vrijheden<\/h4>\n<p>Het stuk bestaat uit korte muzikale elementen, die samen de circa twee uur durende compositie vormen. De spelers hebben bepaalde vrijheden: zij beslissen bijvoorbeeld over herhalingen, dynamische contrasten en klankkleuren. Ten Holt beperkt zich in zekere zin tot een concept, waardoor Canto Ostinato bij elke uitvoering als het ware \u201cherboren\u201d wordt en waardoor het werk ook variabel in lengte is. In deze klankwereld kan de luisteraar tijd en ruimte vergeten.<\/p>\n<h4 class=\"uk-text-muted uk-text-bold uk-text-italic\">Verrassend succes<\/h4>\n<p>Pas op 25 april 1979 mocht Canto Ostinato in de Ru\u00efnekerk te Bergen (NH) het daglicht zien nadat Ten Holt het daarvoor drie jaar lang niet openbaar durfde te maken. Het was meteen bij de premi\u00e9re een verrassend succes. Inmiddels geniet Canto Ostinato in Nederland steeds grotere populariteit en telt het werk tot de meest bekende en geliefde composities uit de twintigste eeuw.<\/p>\n<\/div>\n<\/li>\n<\/ul>\n<h1><span class=\"uk-text-muted\">Simeon ten Holt<\/span><\/h1>\n<div>\n<h1>&nbsp;<\/h1>\n<\/div>\n<p><img decoding=\"async\" src=\"\/wp-content\/uploads\/2020\/11\/simeon-ten-holt-1024x680-1.jpg\" alt=\"\"><\/p>\n<ul>\n<li>\n<h3>Deutsch<\/h3>\n<div>\n<p>Simeon ten Holt (1923 &#8211; 2012) wuchs als Sohn des Malers Henri ten Holt in Bergen\/ Noordholland auf, studierte erst in Bergen bei dem Komponisten Jacob van Domselaer und von 1949 bis 1954 bei Arthur Honegger und Darius Milhaud an der \u00c9cole Normale in Paris. Nach seiner R\u00fcckkehr nach Bergen besch\u00e4ftigte er sich einige Jahre lang vor allem mit dem Strukturalismus und der seriellen Musik. Sp\u00e4ter sagte er \u00fcber diese Zeit: \u201cIch sa\u00df da wie ein Beamter und notierte meine T\u00f6ne.\u201d<\/p>\n<p>1986 gr\u00fcndete er die \u201cArbeitsgruppe zeitgen\u00f6ssische Musik Bergen\u201d, die Konzerte mit ausschlie\u00dflich zeitgen\u00f6ssischen Kompositionen organisierte. Von 1969 bis 1975 arbeitete er in Utrecht am Institut f\u00fcr Sonologie und war von 1970 bis 1987 Dozent an der Akademie f\u00fcr bildende Kunst in Arnheim.<\/p>\n<p>Die Entstehung von Canto Ostinato war ein Wendepunkt in ten Holts Laufbahn. Er nahm Abschied vom Serialismus und komponierte nun in einem Stil, der seine innere Welt zum Ausdruck brachte. Es entstanden mehrere Werke im Stil von Canto Ostinato, wie \u201cLemniscaat\u201d, \u201cHorizon\u201d, \u201cIncantantie IV\u201d, \u201cSoloduiveldans II und III\u201d, \u201cMeandres\u201d, lauter Kompositionen f\u00fcr Tasteninstrumente.<\/p>\n<p>\u00dcber die Kompositionen von Simeon ten Holt wird gesagt, sie seien die holl\u00e4ndische Version von Minimal Music. Er selbst war damit nicht ganz einverstanden.<\/p>\n<\/div>\n<\/li>\n<li>\n<h3>Nederlands<\/h3>\n<div>\n<p>Als zoon van de schilder Henri ten Holt in Bergen\/NH geboren, studeerde Simeon ten Holt (1923 &#8211; 2012)\u00a0eerst compositie bij de Bergense componist Jacob van Domselaer en van 1949 tot 1954 aan de \u00c9cole Normale in Parijs bij Arthur Honegger en Darius Milhaud. Terug in Bergen hield hij zich een aantal jaren vooral met het structuralisme en het serialisme bezig. Later zou hij zeggen dat hij in deze tijd gevangen zat in het schema.: \u201cIk zat als een ambtenaar mijn nootjes te noteren\u201d.<\/p>\n<p>Hij richtte 1968 de \u201cWerkgroep Bergen Hedendaagse Muziek\u201d op, die concerten organiseerde waar uitsluitend hedendaagse composities gespeeld werden. Van 1969 tot 1975 werkte hij aan het Utrechtse Instituut voor Sonologie en van 1970 tot 1987 was hij docent aan de Academie voor beeldende kunsten in Arnhem.<\/p>\n<p>Het ontstaan van Canto Ostinato was een keerpunt in ten Holts carriere. Hij nam afscheid van het serialisme en componeerde in een stijl waarin hij zijn innerlijke wereld tot uitdrukking bracht. Er ontstonden meer werken in de stijl van Canto Ostinato, zoals \u201cLemniscaat \u201c, \u201cHorizon\u201d, \u201cIncantatie IV\u201d, \u201cSoloduiveldans II en III\u201d, \u201cMeandres\u201d, allemaal composities voor toetsinstrumenten.<\/p>\n<p>Er wordt over Simeon ten Holt gezegd dat zijn composities de Hollandse versie van minimal music vormen. Hijzelf was het daarmee niet helemaal eens.<\/p>\n<\/div>\n<\/li>\n<\/ul>\n<div>\n<div style=\"width: 100%; height: 2px; background-color: gray;\">&nbsp;<\/div>\n<\/div>\n<h1><span class=\"uk-text-muted\">Dorothea Schokking<\/span><\/h1>\n<div>\n<h1>&nbsp;<\/h1>\n<\/div>\n<p><img decoding=\"async\" src=\"\/wp-content\/uploads\/2021\/05\/CantoOstinatoGraefenthal-Dorothea.jpg\" alt=\"Dorothea Schokking\"><\/p>\n<ul>\n<li>\n<h3>Deutsch<\/h3>\n<div>\n<p>Dorothea Schokking schloss ihr Studium an der Musikhochschule Rheinland (heute Hochschule f\u00fcr Musik und Tanz K\u00f6ln), Abteilung Aachen, mit der Staatlichen Musiklehrerpr\u00fcfung, der K\u00fcnstlerischen Reifepr\u00fcfung und dem Konzertexamen ab, und belegte w\u00e4hrend eines einj\u00e4hrigen Aufenthaltes in Toronto\/ Kanada Meisterklassen f\u00fcr Kammermusik und Klaviermethodik.<\/p>\n<p>In den Niederlanden absolvierte sie die Ausbildung zur Feldenkrais-Trainerin und gibt Workshops f\u00fcr K\u00f6rperbewusstsein und Atemschulung.<\/p>\n<p>Vor ihrem Umzug in die Niederlande unterrichtete sie an der Musikschule des K\u00f6lner Domchores und ist bis heute Dozentin f\u00fcr Klavier \/ Schulpraktisches Klavierspiel an der Universit\u00e4t zu K\u00f6ln und in ihrem eigenen Studio bei Nimwegen (Heilig Landstichting).<span class=\"Apple-converted-space\">\u00a0<\/span><\/p>\n<p>Sie ist Jurorin bei den landesweiten \u201cgraadexamens\u201d der Epta Niederlande.<\/p>\n<p>Dorothea konzertiert als Kammermusikerin und arbeitete als Chor- und Liedbegleiterin.<\/p>\n<\/div>\n<\/li>\n<li>\n<h3>Nederlands<\/h3>\n<div>\n<p>Dorothea Schokking voltooide haar pianostudie aan het conservatorium te Keulen, afdeling Aken, met de examens docent piano (Staatliche Musiklehrerpr\u00fcfung) en uitvoerend musicus ( K\u00fcnstlerische Reifepr\u00fcfung \/ Konzertexamen).<\/p>\n<p>Tijdens een eenjarig oponthoud in Toronto\/ Canada volgde zij masterclasses kamermuziek en pianomethodiek.<\/p>\n<p>In Nederland volgde zij een training in de Feldenkrais-methode en geeft workshops in lichaams- en adembewustsein.<\/p>\n<p>Voordat Dorothea met haar gezin naar Nederland verhuisde gaf zij les aan de muziekschool van het domkoor te Keulen en nog steeds is zij docente voor piano aan de Universiteit te Keulen. Tevens heeft zij haar eigen studio voor pianoles vlakbij Nijmegen (Heilig Landstichting).<\/p>\n<p>Zij jureert tijdens de landelijke graadexamens van de Epta Nederland.<\/p>\n<p>Dorothea is behalve in Trio ostinato ook actief als kamermusicus en werkte als koor- en liedbegeleidster.<\/p>\n<\/div>\n<\/li>\n<\/ul>\n<h1><span class=\"uk-text-muted\">Theo de Best<\/span><\/h1>\n<ul>\n<li>\n<h3>Deutsch<\/h3>\n<div>\n<p>Als Kind f\u00fchlte sich Theo schon stark zur Musik hingezogen. Er begann im Alter von acht Jahren mit dem Klavierspielen und bekam Klavierunterricht.<\/p>\n<p>Sp\u00e4ter studierte er Klavier und Musiktheorie an der Musikhochschule Tilburg und nahm danach Unterricht an der Jazz-Abteilung der Musikhochschule Den Haag.<\/p>\n<p>Theo unterrichtete zehn Jahre lang Musiktheorie an der \u201cVrije Muziekacademie\u201d in Zeist. Er gibt Klavierunterricht in seinem Studio <a href=\"http:\/\/www.debestmusic.nl\/home\">De Best Music<\/a>.<\/p>\n<p><span>Neben \u201cTrio ostinato\u201d arbeitet Theo als Klavierbegleiter mit verschiedenen\u00a0<\/span><span>Ch\u00f6ren und S\u00e4ngern zusammen und tritt im Duo \u201cBuur en de Best\u201d (Gitarre und Klavier) unter anderem mit eigenen Kompositionen auf.<\/span><\/p>\n<\/div>\n<\/li>\n<li>\n<h3>Nederlands<\/h3>\n<div>\n<p>Als kind werd hij al sterk aangetrokken tot muziek. Op 8 jarige leeftijd\u00a0begon hij met pianospelen en kreeg hij pianoles.<\/p>\n<p>Later studeerde hij piano en muziektheorie aan het conservatorium in\u00a0Tilburg en volgde daarna nog lessen aan de jazz-afdeling van het conservatorium in Den Haag.<\/p>\n<p>Theo gaf 10 jaar les in muziektheorie aan de Vrije Muziek Academie in Zeist en geeft pianoles in zijn eigen muziekpraktijk <a href=\"http:\/\/www.debestmusic.nl\/home\" target=\"_blank\" rel=\"noopener\">De Best Music<\/a>.<\/p>\n<div>Naast spelen in Trio-Ostinato begeleidt hij verschillende koren en werkt hij samen met vocalisten.<\/div>\n<div>Ook speelt hij in het duo Buur en De Best (gitaar en piano) met o.a. eigen composities.<\/div>\n<\/div>\n<\/li>\n<\/ul>\n<div>\n<h1>&nbsp;<\/h1>\n<\/div>\n<p><img decoding=\"async\" src=\"\/wp-content\/uploads\/2020\/11\/theo_de_best.jpg\" alt=\"\"><\/p>\n<h1><span class=\"uk-text-muted\">Christa Kneppeck<\/span><\/h1>\n<div>\n<h1>&nbsp;<\/h1>\n<\/div>\n<p><img decoding=\"async\" src=\"\/wp-content\/uploads\/2020\/11\/christa_kneppeck_uitvoering_x_1.png\" alt=\"Christa Kneppeck\"><\/p>\n<ul>\n<li>\n<h3>Deutsch<\/h3>\n<div>\n<p><a href=\"http:\/\/christakneppeck.de\/\" target=\"_blank\" rel=\"noopener\">Christa Kneppeck<\/a> absolvierte ihr Klavierstudium an der Musikhochschule in Zwolle\/NL und schloss dieses mit dem Diplom ab.<\/p>\n<p>Seit \u00fcber 25 Jahren unterrichtet sie im Fach Klavier.<\/p>\n<p>Viele Jahre lang hat sie Musikunterricht an junge Kinder gegeben. Zur Zeit leitet sie an verschiedenen Grundschulen Jeki-instrument- Kurse mit Schwerpunkt Keyboard. Sie unterrichtet das Fach Klavier und Akkordeon an der Gaesdoncker Musikschule und im Privat-Unterricht.<\/p>\n<p>Christa Kneppeck ist Mit-Organisatorin der gr\u00fcnen Konzerte im Haus Wylerberg in Beek\/Nl<\/p>\n<p>Regelm\u00e4ssig leitet sie verschiedene Projekte mit Schwerpunkt Minimal-Musik. Auch ist sie beteiligt bei Projekten in Kombination mit Theater, Kunst oder Literatur.<\/p>\n<p>Ensembles: Trio ostinato, Maqulang (Weltmusik), Trio van Geffen (Klavier+2 Fl\u00f6ten)<\/p>\n<\/div>\n<\/li>\n<li>\n<h3>Nederlands<\/h3>\n<div>\n<p><a href=\"http:\/\/christakneppeck.de\">Christa Kneppeck<\/a> voltooide haar pianostudie aan het conservatorium Zwolle.<\/p>\n<p>Sinds meer dan 25 jaar geeft zij pianoles.<\/p>\n<p>Vele jaren heeft zij muziekonderwijs aan jonge kinderen gegeven. Momenteel geeft zij aan verschillende basisscholen workshops binnen het model \u201cElk kind zijn instrument\u201d met zwaartepunt keyboard. Zij geeft piano- en akkordeonles aan de muziekschool in Gaesdonck vlakbij Goch en in haar priv\u00e9-lespraktijk.<\/p>\n<p>Christa werkt tevens in de organisatie van de \u201cGroene Concerten\u201d van Huis Wylerberg\/Beek.<\/p>\n<p>Regelmatig leidt zij projecten op het gebied van minimalmusic en is betrokken bij projecten in combinatie met theater, beeldende kunst en literatuur.<\/p>\n<p>Ensembles: Trio ostinato, Maqulang (wereldmuziek), Trio van Geffen (piano + 2 fluiten)<\/p>\n<\/div>\n<\/li>\n<\/ul>\n<div>\n<div style=\"width: 100%; height: 2px; background-color: gray;\">&nbsp;<\/div>\n<\/div>\n<h1><span class=\"uk-text-muted\">Kontakt<\/span><\/h1>\n<ul>\n<li>\n        <a href=\"tel:+4915775381335\"><span uk-icon=\"icon: receiver\"><\/span>&nbsp;&nbsp;&nbsp;+49 157 75 38 13 35<\/a>\n    <\/li>\n<li>\n        <a href=\"mailto:info@christakneppeck.de\"><span uk-icon=\"icon: mail\"><\/span>&nbsp;&nbsp;&nbsp;mail Trio ostinato<\/a>\n    <\/li>\n<\/ul>\n<ul>\n<li>\n<p>        <img decoding=\"async\" src=\"\/wp-content\/uploads\/2020\/11\/dorothea_schokking_2.jpg\" alt=\"\"><\/p>\n<\/li>\n<li>\n<p>        <img decoding=\"async\" src=\"\/wp-content\/uploads\/2020\/11\/trio_ostinato_3.jpg\" alt=\"\"><\/p>\n<\/li>\n<li>\n<p>        <img decoding=\"async\" src=\"\/wp-content\/uploads\/2020\/11\/theo_de_best_3.jpg\" alt=\"\"><\/p>\n<\/li>\n<li>\n<p>        <img decoding=\"async\" src=\"\/wp-content\/uploads\/2020\/11\/Kirche-Kalkar-8.jpg\" alt=\"\"><\/p>\n<\/li>\n<li>\n<p>        <img decoding=\"async\" src=\"\/wp-content\/uploads\/2020\/11\/trio-ostinato_uitvoering_x_2.png\" alt=\"\"><\/p>\n<\/li>\n<li>\n<p>        <img decoding=\"async\" src=\"\/wp-content\/uploads\/2020\/11\/theaschokking_uitvoering_x.png\" alt=\"\"><\/p>\n<\/li>\n<li>\n<p>        <img decoding=\"async\" src=\"\/wp-content\/uploads\/2020\/11\/trio-ostinato_uitvoering_x_1.png\" alt=\"\"><\/p>\n<\/li>\n<li>\n<p>        <img decoding=\"async\" src=\"\/wp-content\/uploads\/2020\/11\/trio-ostinato_uitvoering_x_3.png\" alt=\"\"><\/p>\n<\/li>\n<li>\n<p>        <img decoding=\"async\" src=\"\/wp-content\/uploads\/2021\/04\/dorotheaachtervleugel.png\" alt=\"\"><\/p>\n<h3>dorotheaachtervleugel<\/h3>\n<\/li>\n<li>\n<p>        <img decoding=\"async\" src=\"\/wp-content\/uploads\/2021\/04\/dtc_tuin_neinhuys_detail.png\" alt=\"\"><\/p>\n<h3>dtc_tuin_neinhuys_detail<\/h3>\n<\/li>\n<li>\n<p>        <img decoding=\"async\" src=\"\/wp-content\/uploads\/2021\/04\/dtc_wylerberg_heuvel-scaled.jpg\" alt=\"\"><\/p>\n<h3>dtc_wylerberg_heuvel<\/h3>\n<\/li>\n<li>\n<p>        <img decoding=\"async\" src=\"\/wp-content\/uploads\/2021\/04\/dtc_wylerberg_profiel_rescaled.jpg\" alt=\"\"><\/p>\n<h3>dtc_wylerberg_profiel_rescaled<\/h3>\n<\/li>\n<\/ul>\n<div>\n<h1>&nbsp;<\/p>\n<h1>\n<\/div>\n<div>\n<div style=\"width: 100%; height: 2px; background-color: gray;\">&nbsp;<\/div>\n<\/div>\n<p><!--more--><br \/>\n<!-- {\"name\":\"Home\",\"type\":\"layout\",\"children\":[{\"name\":\"Home\",\"type\":\"section\",\"props\":{\"animation\":\"fade\",\"header_transparent\":true,\"header_transparent_noplaceholder\":true,\"height\":\"viewport\",\"height_offset_top\":true,\"height_viewport\":true,\"image\":\"wp-content\\\/uploads\\\/2021\\\/09\\\/Kirche-Kalkar-14-cropped.jpg\",\"image_height\":\"1440\",\"image_position\":\"center-center\",\"image_size\":\"width-1-1\",\"image_width\":\"2560\",\"style\":\"default\",\"text_color\":\"light\",\"title\":\"St. Nicolai in Kalkar\",\"title_breakpoint\":\"l\",\"title_position\":\"center-right\",\"title_rotation\":\"left\",\"vertical_align\":\"middle\",\"width\":\"default\"},\"children\":[{\"type\":\"row\",\"props\":{\"layout\":\"1-2,1-2\"},\"children\":[{\"type\":\"column\",\"props\":{\"image_position\":\"center-center\",\"position_sticky_breakpoint\":\"m\",\"width_medium\":\"1-2\"},\"children\":[{\"type\":\"headline\",\"props\":{\"animation\":\"slide-left-medium\",\"content\":\"<span class=\\\"uk-text-mutedjol\\\">Trio ostinato<br \\\/>spielt<br \\\/>Canto Ostinato<br \\\/>von<br \\\/>Simeon ten Holt<\\\/span>\",\"maxwidth\":\"xlarge\",\"position\":\"relative\",\"position_top\":\"-75\",\"title_color\":\"emphasis\",\"title_element\":\"div\",\"title_style\":\"h1\"}}]},{\"type\":\"column\",\"props\":{\"image_position\":\"center-center\",\"position_sticky_breakpoint\":\"m\",\"width_medium\":\"1-2\"}}]}]},{\"type\":\"section\",\"props\":{\"image_position\":\"center-center\",\"style\":\"default\",\"title_breakpoint\":\"xl\",\"title_position\":\"top-left\",\"title_rotation\":\"left\",\"vertical_align\":\"\",\"width\":\"default\"},\"children\":[{\"type\":\"row\",\"children\":[{\"type\":\"column\",\"props\":{\"image_position\":\"center-center\",\"position_sticky_breakpoint\":\"m\"},\"children\":[{\"type\":\"html\",\"props\":{\"content\":\"\n\n<div style=\\\"width: 100%; height: 2px; background-color: gray;\\\">&nbsp;<\\\/div>\",\"status\":\"disabled\"},\"name\":\"white ruler\"},{\"type\":\"totop\",\"props\":{\"margin\":\"default\",\"status\":\"disabled\",\"title_grid_column_gap\":\"small\",\"title_grid_row_gap\":\"small\"}}]}]}],\"name\":\"Divider\"},{\"type\":\"section\",\"props\":{\"image_position\":\"center-center\",\"style\":\"default\",\"title_breakpoint\":\"xl\",\"title_position\":\"top-left\",\"title_rotation\":\"left\",\"vertical_align\":\"\",\"width\":\"default\"},\"children\":[{\"type\":\"row\",\"children\":[{\"type\":\"column\",\"props\":{\"image_position\":\"center-center\",\"position_sticky_breakpoint\":\"m\"},\"children\":[{\"type\":\"headline\",\"props\":{\"content\":\"<span class=\\\"uk-text-muted\\\">Canto ostinato,<br \\\/>eine Klangreise die Zeit und Raum vergessen l\\u00e4sst<\\\/span>\",\"margin\":\"remove-vertical\",\"text_align\":\"center\",\"title_element\":\"h1\"},\"name\":\"Hypnotisierend...\"},{\"type\":\"switcher\",\"props\":{\"content_column_breakpoint\":\"m\",\"css\":\".el-content {font-size: 1.25em}\",\"image_align\":\"top\",\"image_grid_breakpoint\":\"m\",\"image_grid_width\":\"1-2\",\"image_svg_color\":\"emphasis\",\"link_style\":\"default\",\"link_text\":\"Read more\",\"margin\":\"default\",\"meta_align\":\"below-title\",\"meta_element\":\"div\",\"meta_style\":\"text-meta\",\"nav\":\"tab\",\"nav_align\":\"left\",\"nav_grid_breakpoint\":\"m\",\"nav_grid_width\":\"auto\",\"nav_position\":\"top\",\"show_content\":true,\"show_image\":false,\"show_label\":false,\"show_link\":false,\"show_meta\":false,\"show_thumbnail\":false,\"show_title\":false,\"switcher_animation\":\"fade\",\"switcher_height\":true,\"text_align\":\"center\",\"thumbnav_height\":\"75\",\"thumbnav_svg_color\":\"emphasis\",\"thumbnav_width\":\"100\",\"title_align\":\"top\",\"title_element\":\"h3\",\"title_grid_breakpoint\":\"m\",\"title_grid_width\":\"1-2\"},\"children\":[{\"type\":\"switcher_item\",\"props\":{\"content\":\"<!--\n\n<p class=\\\"uk-text-emphasis uk-text-large\\\">Hypnotisierend und emotional bewegend<\\\/p>\\n-->\\n<\/p>\n<p class=\\\"uk-text-emphasis\\\">Canto Ostinato,\\u00a0ein Kultst\\u00fcck in den Niederlanden, ist\\u00a0komponiert f\\u00fcr\\u00a0ein bis vier Tasteninstrumenten von dem niederl\\u00e4ndischen Komponisten Simeon\\u00a0ten Holt\\u00a0im Jahre 1979.\\u00a0<\\\/p>\\n<\/p>\n<p class=\\\"uk-text-emphasis\\\">Es ist ein \\u201eabendf\\u00fcllendes\\u201c St\\u00fcck\\u00a0ohne Pause\\u00a0im tonalen,\\u00a0minimalistischen Stil. <span>Durch die Verwendung von motivischen Einheiten, die beliebig oft wiederholt werden k\\u00f6nnen, ist die Musik bewegend, kann eine beinahe hypnotisierende Wirkung entfalten und nimmt den Zuh\\u00f6rer mit auf eine Reise durch musikalische Landschaften.<\\\/span><\\\/p>\\n<\/p>\n<p>Hierunter drei Fragmente einer Auff\\u00fchrung in der St. Nicolai Kirche in Kalkar, Juli 2019.<\\\/p>&#8220;,&#8221;meta&#8221;:&#8221;Deutsch&#8221;,&#8221;title&#8221;:&#8221;Deutsch&#8221;}},{&#8220;type&#8221;:&#8221;switcher_item&#8221;,&#8221;props&#8221;:{&#8220;content&#8221;:&#8221;<\/p>\n<p class=\\\"uk-text-emphasis\\\">Canto Ostinato, een stuk met cultstatus in Nederland, werd in 1979 gecomponeerd voor een tot vier toetsinstrumenten door de Nederlandse componist Simeon ten Holt.<\\\/p>\\n<\/p>\n<p class=\\\"uk-text-emphasis\\\">Het is een \\&#8221;avondvullend\\&#8221; stuk, zonder onderbreking, in een tonale, minimalistische stijl. Door het gebruik van cellen met muzikale motieven die een onbepaald aantal keren herhaald kunnen worden, werkt de muziek hypnotiserend en emotioneel ontroerend en neemt zij de luisteraar mee op een reis door muzikale landschappen.<\\\/p>\\n<\/p>\n<p>Hieronder drie fragmenten van een uitvoering in de St. Nicolai Kirche in Kalkar, Juli 2019.<\\\/p>\\n<\/p>\n<p><\\\/p>&#8220;,&#8221;meta&#8221;:&#8221;Nederlands&#8221;,&#8221;title&#8221;:&#8221;Nederlands&#8221;}}]}]}]}],&#8221;name&#8221;:&#8221;Hypnotisierend und emotional bewegend&#8221;},{&#8220;type&#8221;:&#8221;section&#8221;,&#8221;props&#8221;:{&#8220;image_position&#8221;:&#8221;center-center&#8221;,&#8221;style&#8221;:&#8221;default&#8221;,&#8221;title_breakpoint&#8221;:&#8221;xl&#8221;,&#8221;title_position&#8221;:&#8221;top-left&#8221;,&#8221;title_rotation&#8221;:&#8221;left&#8221;,&#8221;vertical_align&#8221;:&#8221;&#8221;,&#8221;width&#8221;:&#8221;default&#8221;},&#8221;children&#8221;:[{&#8220;type&#8221;:&#8221;row&#8221;,&#8221;props&#8221;:{&#8220;layout&#8221;:&#8221;1-3,1-3,1-3&#8243;},&#8221;children&#8221;:[{&#8220;type&#8221;:&#8221;column&#8221;,&#8221;props&#8221;:{&#8220;image_position&#8221;:&#8221;center-center&#8221;,&#8221;position_sticky_breakpoint&#8221;:&#8221;m&#8221;,&#8221;width_medium&#8221;:&#8221;1-3&#8243;},&#8221;children&#8221;:[{&#8220;type&#8221;:&#8221;video&#8221;,&#8221;props&#8221;:{&#8220;margin&#8221;:&#8221;default&#8221;,&#8221;video&#8221;:&#8221;http:\\\/\\\/ostinato.lupe.nl\\\/wp-content\\\/uploads\\\/video\\\/cantokalkar_fragment_01.mp4&#8243;,&#8221;video_controls&#8221;:true,&#8221;video_playsinline&#8221;:true,&#8221;video_poster&#8221;:&#8221;wp-content\\\/uploads\\\/2021\\\/09\\\/Kirche-Kalkar-9.jpg&#8221;}}]},{&#8220;type&#8221;:&#8221;column&#8221;,&#8221;props&#8221;:{&#8220;image_position&#8221;:&#8221;center-center&#8221;,&#8221;position_sticky_breakpoint&#8221;:&#8221;m&#8221;,&#8221;width_medium&#8221;:&#8221;1-3&#8243;},&#8221;children&#8221;:[{&#8220;type&#8221;:&#8221;video&#8221;,&#8221;props&#8221;:{&#8220;margin&#8221;:&#8221;default&#8221;,&#8221;video&#8221;:&#8221;http:\\\/\\\/ostinato.lupe.nl\\\/wp-content\\\/uploads\\\/video\\\/cantokalkar_fragment_02.mp4&#8243;,&#8221;video_controls&#8221;:true,&#8221;video_playsinline&#8221;:true,&#8221;video_poster&#8221;:&#8221;wp-content\\\/uploads\\\/2021\\\/09\\\/Kirche-Kalkar-17.jpg&#8221;}}]},{&#8220;type&#8221;:&#8221;column&#8221;,&#8221;props&#8221;:{&#8220;image_position&#8221;:&#8221;center-center&#8221;,&#8221;position_sticky_breakpoint&#8221;:&#8221;m&#8221;,&#8221;width_medium&#8221;:&#8221;1-3&#8243;},&#8221;children&#8221;:[{&#8220;type&#8221;:&#8221;video&#8221;,&#8221;props&#8221;:{&#8220;margin&#8221;:&#8221;default&#8221;,&#8221;video&#8221;:&#8221;http:\\\/\\\/ostinato.lupe.nl\\\/wp-content\\\/uploads\\\/video\\\/cantokalkar_fragment_03.mp4&#8243;,&#8221;video_controls&#8221;:true,&#8221;video_playsinline&#8221;:true,&#8221;video_poster&#8221;:&#8221;wp-content\\\/uploads\\\/2021\\\/09\\\/Kirche-Kalkar-34.jpg&#8221;}}]}]}]},{&#8220;type&#8221;:&#8221;section&#8221;,&#8221;props&#8221;:{&#8220;image_position&#8221;:&#8221;center-center&#8221;,&#8221;padding_remove_bottom&#8221;:true,&#8221;padding_remove_top&#8221;:false,&#8221;style&#8221;:&#8221;default&#8221;,&#8221;title_breakpoint&#8221;:&#8221;xl&#8221;,&#8221;title_position&#8221;:&#8221;top-left&#8221;,&#8221;title_rotation&#8221;:&#8221;left&#8221;,&#8221;vertical_align&#8221;:&#8221;&#8221;,&#8221;width&#8221;:&#8221;default&#8221;},&#8221;children&#8221;:[{&#8220;type&#8221;:&#8221;row&#8221;,&#8221;children&#8221;:[{&#8220;type&#8221;:&#8221;column&#8221;,&#8221;props&#8221;:{&#8220;image_position&#8221;:&#8221;center-center&#8221;,&#8221;position_sticky_breakpoint&#8221;:&#8221;m&#8221;},&#8221;children&#8221;:[{&#8220;type&#8221;:&#8221;headline&#8221;,&#8221;props&#8221;:{&#8220;animation&#8221;:&#8221;scale-up&#8221;,&#8221;content&#8221;:&#8221;<span class=\\\"uk-text-muted\\\">Termine \\\/ Concertdata<\\\/span>&#8220;,&#8221;margin&#8221;:&#8221;remove-vertical&#8221;,&#8221;title_element&#8221;:&#8221;h1&#8243;},&#8221;name&#8221;:&#8221;N\\u00e4chster Termin&#8221;}]}]},{&#8220;type&#8221;:&#8221;row&#8221;,&#8221;props&#8221;:{&#8220;layout&#8221;:&#8221;1-3,2-3&#8243;},&#8221;children&#8221;:[{&#8220;type&#8221;:&#8221;column&#8221;,&#8221;props&#8221;:{&#8220;image_position&#8221;:&#8221;center-center&#8221;,&#8221;position_sticky_breakpoint&#8221;:&#8221;m&#8221;,&#8221;width_medium&#8221;:&#8221;1-3&#8243;},&#8221;children&#8221;:[{&#8220;type&#8221;:&#8221;image&#8221;,&#8221;props&#8221;:{&#8220;image&#8221;:&#8221;wp-content\\\/uploads\\\/2024\\\/08\\\/filler.png&#8221;,&#8221;image_svg_color&#8221;:&#8221;emphasis&#8221;,&#8221;margin&#8221;:&#8221;default&#8221;,&#8221;maxwidth&#8221;:&#8221;small&#8221;},&#8221;name&#8221;:&#8221;filler&#8221;},{&#8220;type&#8221;:&#8221;image&#8221;,&#8221;props&#8221;:{&#8220;image&#8221;:&#8221;wp-content\\\/uploads\\\/2026\\\/02\\\/kalkar-2023.jpg&#8221;,&#8221;image_svg_color&#8221;:&#8221;emphasis&#8221;,&#8221;margin&#8221;:&#8221;default&#8221;}},{&#8220;type&#8221;:&#8221;image&#8221;,&#8221;props&#8221;:{&#8220;image&#8221;:&#8221;wp-content\\\/uploads\\\/2024\\\/08\\\/filler.png&#8221;,&#8221;image_svg_color&#8221;:&#8221;emphasis&#8221;,&#8221;margin&#8221;:&#8221;default&#8221;},&#8221;name&#8221;:&#8221;filler&#8221;},{&#8220;type&#8221;:&#8221;image&#8221;,&#8221;props&#8221;:{&#8220;class&#8221;:&#8221;uk-background-muted uk-padding-small&#8221;,&#8221;image&#8221;:&#8221;wp-content\\\/uploads\\\/2024\\\/08\\\/eventbrite_202410_subs.png&#8221;,&#8221;image_svg_color&#8221;:&#8221;emphasis&#8221;,&#8221;image_svg_inline&#8221;:true,&#8221;margin&#8221;:&#8221;remove-vertical&#8221;,&#8221;margin_remove_top&#8221;:true,&#8221;status&#8221;:&#8221;disabled&#8221;},&#8221;name&#8221;:&#8221;F\\u00f6rderer&#8221;}]},{&#8220;type&#8221;:&#8221;column&#8221;,&#8221;props&#8221;:{&#8220;image_position&#8221;:&#8221;center-center&#8221;,&#8221;position_sticky_breakpoint&#8221;:&#8221;m&#8221;,&#8221;width_medium&#8221;:&#8221;2-3&#8243;},&#8221;children&#8221;:[{&#8220;type&#8221;:&#8221;switcher&#8221;,&#8221;props&#8221;:{&#8220;content_column_breakpoint&#8221;:&#8221;m&#8221;,&#8221;content_margin&#8221;:&#8221;small&#8221;,&#8221;image_align&#8221;:&#8221;top&#8221;,&#8221;image_grid_breakpoint&#8221;:&#8221;m&#8221;,&#8221;image_grid_width&#8221;:&#8221;1-2&#8243;,&#8221;image_svg_color&#8221;:&#8221;emphasis&#8221;,&#8221;link_style&#8221;:&#8221;default&#8221;,&#8221;link_text&#8221;:&#8221;Read more&#8221;,&#8221;margin&#8221;:&#8221;remove-vertical&#8221;,&#8221;margin_remove_bottom&#8221;:true,&#8221;meta_align&#8221;:&#8221;below-title&#8221;,&#8221;meta_color&#8221;:&#8221;emphasis&#8221;,&#8221;meta_element&#8221;:&#8221;div&#8221;,&#8221;meta_margin&#8221;:&#8221;small&#8221;,&#8221;meta_style&#8221;:&#8221;h3&#8243;,&#8221;nav&#8221;:&#8221;tab&#8221;,&#8221;nav_align&#8221;:&#8221;left&#8221;,&#8221;nav_grid_breakpoint&#8221;:&#8221;m&#8221;,&#8221;nav_grid_width&#8221;:&#8221;auto&#8221;,&#8221;nav_position&#8221;:&#8221;top&#8221;,&#8221;show_content&#8221;:true,&#8221;show_image&#8221;:false,&#8221;show_label&#8221;:false,&#8221;show_link&#8221;:false,&#8221;show_meta&#8221;:true,&#8221;show_thumbnail&#8221;:false,&#8221;show_title&#8221;:false,&#8221;switcher_animation&#8221;:&#8221;fade&#8221;,&#8221;switcher_height&#8221;:true,&#8221;thumbnav_height&#8221;:&#8221;75&#8243;,&#8221;thumbnav_svg_color&#8221;:&#8221;emphasis&#8221;,&#8221;thumbnav_width&#8221;:&#8221;100&#8243;,&#8221;title_align&#8221;:&#8221;top&#8221;,&#8221;title_color&#8221;:&#8221;emphasis&#8221;,&#8221;title_element&#8221;:&#8221;h3&#8243;,&#8221;title_grid_breakpoint&#8221;:&#8221;m&#8221;,&#8221;title_grid_width&#8221;:&#8221;1-2&#8243;},&#8221;children&#8221;:[{&#8220;type&#8221;:&#8221;switcher_item&#8221;,&#8221;props&#8221;:{&#8220;content&#8221;:&#8221;<\/p>\n<h4 class=\\\"uk-text-emphasis\\\">Canto ostinato auf drei Klavieren<\\\/h4>\\n<!--\\n\n\n<p><a href=\\\"https:\\\/\\\/www.verenigingsgebouw-overasselt.nl\\\/\\\" target=\\\"_blank\\\">Verenigingsgebouw Overasselt<\\\/a><\\\/p>\\n\n\n<p>Willem Alexanderstraat 1, 6611 CE Overasselt<br\\\/>\\n    Zondag 14 december 15.00<\\\/p>\\n-->\\n<\/p>\n<p><a href=\\\"https:\\\/\\\/100jaarwylerberg.nl\\\/\\\" target=\\\"_blank\\\" rel=\\\"noopener\\\">Huis Wylerberg<\\\/a><br \\\/>Rijksstraatweg 178, 6573 DG Beek (Berg en Dal)<br \\\/>Freitag 17 April um 19.00 Uhr und Samstag 18 April um 16.00 Uhr<\\\/p>&#8220;,&#8221;image&#8221;:&#8221;wp-content\\\/uploads\\\/2024\\\/08\\\/bild.workshop.min_.d_cropped.png&#8221;,&#8221;link_text&#8221;:&#8221;Tickets: hier klicken&#8221;,&#8221;meta&#8221;:&#8221;N\\u00e4chster Termin&#8221;,&#8221;title&#8221;:&#8221;Deutsch&#8221;}},{&#8220;type&#8221;:&#8221;switcher_item&#8221;,&#8221;props&#8221;:{&#8220;content&#8221;:&#8221;<\/p>\n<h4 class=\\\"uk-text-emphasis\\\">Canto ostinato auf drei Fl\\u00fcgeln<\\\/h4>\\n<\/p>\n<p><a href=\\\"https:\\\/\\\/www.verenigingsgebouw-overasselt.nl\\\/\\\" target=\\\"_blank\\\">Verenigingsgebouw Overasselt<\\\/a><\\\/p>\\n<\/p>\n<p>Willem Alexanderstraat 1, 6611 CE Overasselt<br\\\/>\\n    Zondag 14 december 15.00<\\\/p>&#8220;,&#8221;image&#8221;:&#8221;wp-content\\\/uploads\\\/2024\\\/08\\\/bild.workshop.min_.d_cropped.png&#8221;,&#8221;link_text&#8221;:&#8221;Tickets: hier klicken&#8221;,&#8221;meta&#8221;:&#8221;N\\u00e4chster Termin&#8221;,&#8221;status&#8221;:&#8221;disabled&#8221;,&#8221;title&#8221;:&#8221;Deutsch&#8221;}},{&#8220;type&#8221;:&#8221;switcher_item&#8221;,&#8221;props&#8221;:{&#8220;content&#8221;:&#8221;<\/p>\n<h4 class=\\\"uk-text-emphasis\\\">Scho\\u0308n einfach \\u2013 einfach scho\\u0308n: Minimal Music\\u201c<\\\/h4>\\n<\/p>\n<p>Wer mo\\u0308chte gerne einmal Musik machen jenseits der bekannten Schubla\\u0308den Klassik, Rock und Jazz? Wer mo\\u0308chte gerne eine Musik machen, in der alle Instrumente eingesetzt werden ko\\u0308nnen? Und wer mo\\u0308chte gerne einmal eine Musik kennenlernen, die viele Kulturen der Welt verbindet?<\\\/p>\\n<\/p>\n<p>Minimal Music nennt sich diese Musik, die aus einfachen Elementen besteht, aber eine zauberhafte Klangwelt entstehen lassen kann. Eine Musik, die sich in den 60er Jahren entwickelt hat und einen gro\\u00dfen Bogen von mittelalterlicher Musik u\\u0308ber Erik Satie bis hin zu Techno spannt. Eine Musik, die zugleich wertvolle und spannende rhythmische Erfahrungen vermittelt und au\\u00dferdem zu eigenem Komponieren anregt.<\\\/p>\\n<\/p>\n<p>Am Anfang des Workshops gibt es eine kleine historische Einfu\\u0308hrung in die Minimal Music, ihre Komponisten und Kompositionstechniken.<br \\\/>Im Zentrum des Workshops steht dann die Erarbeitung ganz unterschiedlicher Stu\\u0308cke. Es werden Anregungen zu eigenen kompositorischen Versuchen der Teilnehmer gegeben.<\\\/p>\\n<\/p>\n<p>Es stehen zwei Klaviere, ein Keyboard und verschiedene Rhythmusinstrumente zur Verfu\\u0308gung. Es ko\\u0308nnen gerne die eigenen Instrumente mitgebracht werden. Musikalische Grundkenntinisse sind erforderlich.<\\\/p>\\n<\/p>\n<p>Die Veranstaltung workshop minimal music im Haus Wylerberg wird vom Ministerium fu\\u0308r Kultur und Wissenschaft im Rahmen des Regionalen Kulturprogramms NRW gefo\\u0308rdert.<br \\\/>Auch wird das Projekt durch das Interreg-Programm Deutschland-Nederland und seinen Programmpartnern ermo\\u0308glicht und von der Europa\\u0308ischen Union (EU) kofinanziert.<\\\/p>\\n<\/p>\n<h4 class=\\\"uk-text-emphasis\\\">Minimal music, ein Workshop mit Trio ostinato<\\\/h4>\\n<\/p>\n<p>Sa, 21. September 2024<br \\\/>11.30-15-30 Uhr: Workshop (mit Pause)<br \\\/>16.00 Uhr: O\\u0308ffentliche Pra\\u0308sentation der Workshopergebnisse Haus Wylerberg,<br \\\/> Rijkstraatweg 178, 6573 DG Beek-Ubbergen, NL<br \\\/><br \\\/>Eintritt: \\u20ac 10<\\\/p>\\n<\/p>\n<p>Anmeldungen: <a href=\\\"mailto:christa.kneppeck@gmail.com?subject=Workshop Minimal Music\\\">Christa Kneppeck<\\\/a><\\\/p>&#8220;,&#8221;image&#8221;:&#8221;wp-content\\\/uploads\\\/2024\\\/08\\\/bild.workshop.min_.d_cropped.png&#8221;,&#8221;link_text&#8221;:&#8221;Tickets: hier klicken&#8221;,&#8221;meta&#8221;:&#8221;N\\u00e4chster Termin&#8221;,&#8221;status&#8221;:&#8221;disabled&#8221;,&#8221;title&#8221;:&#8221;Deutsch&#8221;}},{&#8220;type&#8221;:&#8221;switcher_item&#8221;,&#8221;props&#8221;:{&#8220;content&#8221;:&#8221;<\/p>\n<h4 class=\\\"uk-text-emphasis\\\">Canto ostinato op drie piano&#8217;s<\\\/h4>\\n<!--\\n\n\n<p><a href=\\\"https:\\\/\\\/www.verenigingsgebouw-overasselt.nl\\\/\\\" target=\\\"_blank\\\">Verenigingsgebouw Overasselt<\\\/a><\\\/p>\\n\n\n<p>Willem Alexanderstraat 1, 6611 CE Overasselt<br\\\/>\\n    Zondag 14 december 15.00<\\\/p>\\n-->\\n<\/p>\n<p><a href=\\\"https:\\\/\\\/100jaarwylerberg.nl\\\/\\\" target=\\\"_blank\\\">Huis Wylerberg<\\\/a><br\\\/>\\nRijksstraatweg 178, 6573 DG Beek (Berg en Dal)<br\\\/>\\n    Vrijdag 17 april om 19.00 uur en Zaterdag 18 april om 16.00 uur<\\\/p>&#8220;,&#8221;image&#8221;:&#8221;wp-content\\\/uploads\\\/2024\\\/08\\\/bild.workshop.min_.d_cropped.png&#8221;,&#8221;link_text&#8221;:&#8221;Tickets: hier klicken&#8221;,&#8221;meta&#8221;:&#8221;Aanstaand optreden&#8221;,&#8221;title&#8221;:&#8221;Nederlands&#8221;}},{&#8220;type&#8221;:&#8221;switcher_item&#8221;,&#8221;props&#8221;:{&#8220;content&#8221;:&#8221;<\/p>\n<h4 class=\\\"uk-text-emphasis\\\">Canto ostinato op drie vleugels<\\\/h4>\\n<\/p>\n<p><a href=\\\"https:\\\/\\\/www.verenigingsgebouw-overasselt.nl\\\/\\\" target=\\\"_blank\\\">Verenigingsgebouw Overasselt<\\\/a><\\\/p>\\n<\/p>\n<p>Willem Alexanderstraat 1, 6611 CE Overasselt<br\\\/>\\n    Zondag 14 december 15.00<\\\/p>&#8220;,&#8221;image&#8221;:&#8221;wp-content\\\/uploads\\\/2024\\\/08\\\/bild.workshop.min_.d_cropped.png&#8221;,&#8221;link_text&#8221;:&#8221;Tickets: hier klicken&#8221;,&#8221;meta&#8221;:&#8221;Aanstaand optreden&#8221;,&#8221;status&#8221;:&#8221;disabled&#8221;,&#8221;title&#8221;:&#8221;Nederlands&#8221;}},{&#8220;type&#8221;:&#8221;switcher_item&#8221;,&#8221;props&#8221;:{&#8220;content&#8221;:&#8221;<\/p>\n<h4 class=\\\"uk-text-emphasis\\\">\\&#8221;Mooi eenvoudig &#8211; gewoon mooi: minimal music\\&#8221;<\\\/h4>\\n<\/p>\n<p>Wie wil er muziek maken buiten de vertrouwde categorie\\u00ebn van klassiek, rock en jazz? Wie wil muziek maken waarin alle instrumenten gebruikt kunnen worden? En wie wil muziek leren kennen die vele culturen van de wereld verenigt?<\\\/p>\\n<\/p>\n<p>\\nMinimal music is de naam van deze muziek, die bestaat uit eenvoudige elementen en een magische klankwereld kan cre\\u00eberen. Een muziek die zich ontwikkelde in de jaren 1960 en een breed scala omvat van middeleeuwse muziek tot Erik Satie en techno. Muziek die waardevolle en spannende ritmische ervaringen biedt en je ook stimuleert om je eigen muziek te componeren.<\\\/p>\\n<\/p>\n<p>Aan het begin van de workshop is er een korte historische inleiding over minimal music, de componisten en compositietechnieken.<\\\/p>\\n<\/p>\n<p>De focus van de workshop ligt dan op het werken aan en het instuderen van verschillende minimal-stukken. Er worden ook suggesties gegeven voor eigen compositorische experimenten van de deelnemers.<\\\/p>\\n<\/p>\n<p>Twee piano&#8217;s, een keyboard en verschillende ritme-instrumenten zijn beschikbaar. Eigen instrumenten zijn welkom!<br\\\/>\\n    Muzikale basiskennis is noodzakelijk.<\\\/p>\\n<\/p>\n<p>Het evenement workshop minimal music in huis Wylerberg wordt ondersteunt door het Ministerium f\\u00fcr Kultur und Wissenschaft mede door het Regionale Kultur Programm NRW. Ook wordt het project mogelijk gemaakt door het Interregprogramma Deutschland-Nederland en zijn programmapartners en wordt medegefinancierd door de Europese Unie (EU)<\\\/p>\\n<\/p>\n<h4 class=\\\"uk-text-emphasis\\\">Minimal music, een workshop met trio ostinato<\\\/h4>\\n<\/p>\n<p>za 21 september 2024<br\\\/>\\n11.30-15-30 uur: Workshop (met pauze)<br\\\/>\\n16.00 uur: Openbare presentatie van de workshopresultaten Huis Wylerberg,<br\\\/> Rijkstraatweg 178, 6573 DG Beek-Ubbergen <br\\\/><br\\\/>Toegangsprijs: \\u20ac 10<\\\/p>\\n<\/p>\n<p>Aanmelden: <a href=\\\"mailto:christa.kneppeck@gmail.com?subject=Workshop Minimal Music\\\">Christa Kneppeck<\\\/a><\\\/p>&#8220;,&#8221;image&#8221;:&#8221;wp-content\\\/uploads\\\/2024\\\/08\\\/bild.workshop.min_.d_cropped.png&#8221;,&#8221;link_text&#8221;:&#8221;Tickets: hier klicken&#8221;,&#8221;meta&#8221;:&#8221;Aanstaande activiteit&#8221;,&#8221;status&#8221;:&#8221;disabled&#8221;,&#8221;title&#8221;:&#8221;Nederlands&#8221;}},{&#8220;type&#8221;:&#8221;switcher_item&#8221;,&#8221;props&#8221;:{&#8220;content&#8221;:&#8221;<\/p>\n<div class=\\\"uk-text-emphasis\\\">\\n    <\/p>\n<h4>&nbsp;<\\\/h4>\\n\\n<\/p>\n<h4 class=\\\"uk-text-emphasis\\\"><span uk-icon=\\\"info\\\"><\\\/span>\\u00a0\\u00a0\\u00a0Let op: kaartjes voor de uitvoeringen van 10 en 11 juni zijn nog verkrijgbaar tot 6 juni aanstaande\\n    <\\\/h4>\\n    <\/p>\n<h4>&nbsp;<\\\/h4>\\n\\n<\/p>\n<h4 class=\\\"uk-text-emphasis\\\"><span uk-icon=\\\"calendar\\\"><\\\/span>\\u00a0\\u00a0\\u00a0Zaterdag, 10 juni 20.00 uur<\\\/h4>\\n<\/p>\n<p><span>Karel de Grote College, Wilhelminasingel 15, 6524 AJ Nijmegen (NL)<\\\/span><\\\/p>\\n<\/p>\n<h4 class=\\\"uk-text-emphasis\\\"><span uk-icon=\\\"calendar\\\"><\\\/span>\\u00a0\\u00a0\\u00a0Zondag 11 juni 15.00 uur<\\\/h4>\\n<\/p>\n<p><span>Karel de Grote College, Wilhelminasingel 15, 6524 AJ Nijmegen (NL)<\\\/span><\\\/p>\\n\\n\\n<\/p>\n<h4 class=\\\"uk-text-emphasis\\\"><span uk-icon=\\\"calendar\\\"><\\\/span>\\u00a0\\u00a0\\u00a0Zondag, 18 juni 19.00 uur<\\\/h4>\\n<\/p>\n<p><span>Sankt Nicolaikirche te Kalkar, Duitsland<\\\/span><\\\/p>\\n<\\\/div>&#8220;,&#8221;meta&#8221;:&#8221;Concertdata 2023&#8243;,&#8221;status&#8221;:&#8221;disabled&#8221;,&#8221;title&#8221;:&#8221;Nederlands&#8221;}}]}]}]},{&#8220;type&#8221;:&#8221;row&#8221;,&#8221;children&#8221;:[{&#8220;type&#8221;:&#8221;column&#8221;,&#8221;props&#8221;:{&#8220;image_position&#8221;:&#8221;center-center&#8221;,&#8221;position_sticky_breakpoint&#8221;:&#8221;m&#8221;},&#8221;children&#8221;:[{&#8220;type&#8221;:&#8221;switcher&#8221;,&#8221;props&#8221;:{&#8220;content_column_breakpoint&#8221;:&#8221;m&#8221;,&#8221;content_margin&#8221;:&#8221;small&#8221;,&#8221;image_align&#8221;:&#8221;top&#8221;,&#8221;image_grid_breakpoint&#8221;:&#8221;m&#8221;,&#8221;image_grid_width&#8221;:&#8221;1-2&#8243;,&#8221;image_svg_color&#8221;:&#8221;emphasis&#8221;,&#8221;link_style&#8221;:&#8221;default&#8221;,&#8221;link_text&#8221;:&#8221;Read more&#8221;,&#8221;margin&#8221;:&#8221;remove-vertical&#8221;,&#8221;margin_remove_bottom&#8221;:true,&#8221;meta_align&#8221;:&#8221;below-title&#8221;,&#8221;meta_color&#8221;:&#8221;emphasis&#8221;,&#8221;meta_element&#8221;:&#8221;div&#8221;,&#8221;meta_margin&#8221;:&#8221;small&#8221;,&#8221;meta_style&#8221;:&#8221;h3&#8243;,&#8221;nav&#8221;:&#8221;tab&#8221;,&#8221;nav_align&#8221;:&#8221;left&#8221;,&#8221;nav_grid_breakpoint&#8221;:&#8221;m&#8221;,&#8221;nav_grid_width&#8221;:&#8221;auto&#8221;,&#8221;nav_position&#8221;:&#8221;top&#8221;,&#8221;show_content&#8221;:true,&#8221;show_image&#8221;:false,&#8221;show_label&#8221;:false,&#8221;show_link&#8221;:false,&#8221;show_meta&#8221;:true,&#8221;show_thumbnail&#8221;:false,&#8221;show_title&#8221;:false,&#8221;status&#8221;:&#8221;disabled&#8221;,&#8221;switcher_animation&#8221;:&#8221;fade&#8221;,&#8221;switcher_height&#8221;:true,&#8221;thumbnav_height&#8221;:&#8221;75&#8243;,&#8221;thumbnav_svg_color&#8221;:&#8221;emphasis&#8221;,&#8221;thumbnav_width&#8221;:&#8221;100&#8243;,&#8221;title_align&#8221;:&#8221;top&#8221;,&#8221;title_color&#8221;:&#8221;emphasis&#8221;,&#8221;title_element&#8221;:&#8221;h3&#8243;,&#8221;title_grid_breakpoint&#8221;:&#8221;m&#8221;,&#8221;title_grid_width&#8221;:&#8221;1-2&#8243;},&#8221;children&#8221;:[{&#8220;type&#8221;:&#8221;switcher_item&#8221;,&#8221;props&#8221;:{&#8220;content&#8221;:&#8221;<\/p>\n<div class=\\\"uk-text-emphasis\\\">\\n<\/p>\n<h4>\\u00a0<\\\/h4>\\n<\/p>\n<h4 class=\\\"uk-text-emphasis\\\"><span uk-icon=\\\"info\\\"><\\\/span> Bitte beachten Sie: Tickets f\\u00fcr die Vorstellungen am 10. und 11. Juni sind noch bis zum 6. Juni erh\\u00e4ltlich<\\\/h4>\\n<\/p>\n<h4>\\u00a0<\\\/h4>\\n<\/p>\n<h4 class=\\\"uk-text-emphasis\\\">Samstag 10. Juni 20.00 Uhr<\\\/h4>\\n<\/p>\n<p><span>Karel de Grote College, Wilhelminasingel 15, 6524 AJ Nijmegen (NL)<\\\/span><\\\/p>\\n<\/p>\n<h4 class=\\\"uk-text-emphasis\\\"><span uk-icon=\\\"calendar\\\"><\\\/span>\\u00a0\\u00a0\\u00a0Sontag 11. Juni 15.00 Uhr<\\\/h4>\\n<\/p>\n<p><span>Karel de Grote College, Wilhelminasingel 15, 6524 AJ Nijmegen (NL)<\\\/span><\\\/p>\\n<\/p>\n<h4 class=\\\"uk-text-emphasis\\\"><span uk-icon=\\\"calendar\\\"><\\\/span>\\u00a0\\u00a0\\u00a0Sonntag 18. Juni 19.00 Uhr<\\\/h4>\\n<\/p>\n<p><span>Sankt Nicolaikirche te Kalkar<\\\/span><\\\/p>\\n<\/p>\n<h3 class=\\\"uk-text-emphasis\\\"><span uk-icon=\\\"calendar\\\"><\\\/span>\\u00a0\\u00a0\\u00a0Samstag, 22. April 19.30 Uhr<\\\/h3>\\n<\/p>\n<p><span>Museum Kurhaus, Kleve<\\\/span><\\\/p>\\n<\\\/div>&#8220;,&#8221;image&#8221;:&#8221;&#8221;,&#8221;link_text&#8221;:&#8221;Tickets: hier klicken&#8221;,&#8221;meta&#8221;:&#8221;N\\u00e4chste Termine&#8221;,&#8221;title&#8221;:&#8221;Deutsch&#8221;}},{&#8220;type&#8221;:&#8221;switcher_item&#8221;,&#8221;props&#8221;:{&#8220;content&#8221;:&#8221;<\/p>\n<div class=\\\"uk-text-emphasis\\\">\\n    <\/p>\n<h4>&nbsp;<\\\/h4>\\n\\n<\/p>\n<h4 class=\\\"uk-text-emphasis\\\"><span uk-icon=\\\"info\\\"><\\\/span>\\u00a0\\u00a0\\u00a0Let op: kaartjes voor de uitvoeringen van 10 en 11 juni zijn nog verkrijgbaar tot 6 juni aanstaande\\n    <\\\/h4>\\n    <\/p>\n<h4>&nbsp;<\\\/h4>\\n\\n<\/p>\n<h4 class=\\\"uk-text-emphasis\\\"><span uk-icon=\\\"calendar\\\"><\\\/span>\\u00a0\\u00a0\\u00a0Zaterdag, 10 juni 20.00 uur<\\\/h4>\\n<\/p>\n<p><span>Karel de Grote College, Wilhelminasingel 15, 6524 AJ Nijmegen (NL)<\\\/span><\\\/p>\\n<\/p>\n<h4 class=\\\"uk-text-emphasis\\\"><span uk-icon=\\\"calendar\\\"><\\\/span>\\u00a0\\u00a0\\u00a0Zondag 11 juni 15.00 uur<\\\/h4>\\n<\/p>\n<p><span>Karel de Grote College, Wilhelminasingel 15, 6524 AJ Nijmegen (NL)<\\\/span><\\\/p>\\n\\n<\/p>\n<h4 class=\\\"uk-text-emphasis\\\"><span uk-icon=\\\"calendar\\\"><\\\/span>\\u00a0\\u00a0\\u00a0Zondag, 18 juni 19.00 uur<\\\/h4>\\n<\/p>\n<p><span>Sankt Nicolaikirche te Kalkar, Duitsland<\\\/span><\\\/p>\\n<\\\/div>&#8220;,&#8221;meta&#8221;:&#8221;Concertdata 2023&#8243;,&#8221;title&#8221;:&#8221;Nederlands&#8221;}}]},{&#8220;type&#8221;:&#8221;button&#8221;,&#8221;props&#8221;:{&#8220;css&#8221;:&#8221;.el-content {\\n    color: #e78580;\\n    font-size: 2em;\\n}&#8221;,&#8221;grid_column_gap&#8221;:&#8221;large&#8221;,&#8221;grid_row_gap&#8221;:&#8221;small&#8221;,&#8221;margin&#8221;:&#8221;default&#8221;,&#8221;margin_remove_top&#8221;:true,&#8221;status&#8221;:&#8221;disabled&#8221;,&#8221;text_align&#8221;:&#8221;center&#8221;},&#8221;children&#8221;:[{&#8220;type&#8221;:&#8221;button_item&#8221;,&#8221;props&#8221;:{&#8220;button_style&#8221;:&#8221;&#8221;,&#8221;content&#8221;:&#8221;Tickets 18 juni&#8221;,&#8221;dialog_layout&#8221;:&#8221;modal&#8221;,&#8221;dialog_offcanvas_flip&#8221;:true,&#8221;icon&#8221;:&#8221;cart&#8221;,&#8221;icon_align&#8221;:&#8221;left&#8221;,&#8221;link&#8221;:&#8221;https:\\\/\\\/canto_ostinato_kalkar.eventbrite.nl&#8221;,&#8221;link_target&#8221;:&#8221;blank&#8221;,&#8221;link_title&#8221;:&#8221;Please click to book tickets&#8221;}},{&#8220;type&#8221;:&#8221;button_item&#8221;,&#8221;props&#8221;:{&#8220;button_style&#8221;:&#8221;&#8221;,&#8221;content&#8221;:&#8221;Tickets 10 juni&#8221;,&#8221;dialog_layout&#8221;:&#8221;modal&#8221;,&#8221;dialog_offcanvas_flip&#8221;:true,&#8221;icon&#8221;:&#8221;cart&#8221;,&#8221;icon_align&#8221;:&#8221;left&#8221;,&#8221;link&#8221;:&#8221;https:\\\/\\\/canto10juni.eventbrite.nl&#8221;,&#8221;link_target&#8221;:&#8221;blank&#8221;,&#8221;link_title&#8221;:&#8221;Please click to book tickets&#8221;,&#8221;status&#8221;:&#8221;disabled&#8221;}},{&#8220;type&#8221;:&#8221;button_item&#8221;,&#8221;props&#8221;:{&#8220;button_style&#8221;:&#8221;&#8221;,&#8221;content&#8221;:&#8221;Tickets 11 juni&#8221;,&#8221;dialog_layout&#8221;:&#8221;modal&#8221;,&#8221;dialog_offcanvas_flip&#8221;:true,&#8221;icon&#8221;:&#8221;cart&#8221;,&#8221;icon_align&#8221;:&#8221;left&#8221;,&#8221;link&#8221;:&#8221;https:\\\/\\\/canto11juni.eventbrite.nl\\\/&#8221;,&#8221;link_target&#8221;:&#8221;blank&#8221;,&#8221;link_title&#8221;:&#8221;Please click to book tickets&#8221;,&#8221;status&#8221;:&#8221;disabled&#8221;}}]},{&#8220;type&#8221;:&#8221;divider&#8221;,&#8221;props&#8221;:{&#8220;divider_element&#8221;:&#8221;div&#8221;,&#8221;status&#8221;:&#8221;disabled&#8221;}}]}],&#8221;props&#8221;:{&#8220;margin_remove_bottom&#8221;:true}},{&#8220;type&#8221;:&#8221;row&#8221;,&#8221;children&#8221;:[{&#8220;type&#8221;:&#8221;column&#8221;,&#8221;props&#8221;:{&#8220;image_position&#8221;:&#8221;center-center&#8221;,&#8221;position_sticky_breakpoint&#8221;:&#8221;m&#8221;},&#8221;children&#8221;:[{&#8220;type&#8221;:&#8221;switcher&#8221;,&#8221;props&#8221;:{&#8220;content_column_breakpoint&#8221;:&#8221;m&#8221;,&#8221;content_margin&#8221;:&#8221;small&#8221;,&#8221;image_align&#8221;:&#8221;top&#8221;,&#8221;image_grid_breakpoint&#8221;:&#8221;m&#8221;,&#8221;image_grid_width&#8221;:&#8221;1-2&#8243;,&#8221;image_svg_color&#8221;:&#8221;emphasis&#8221;,&#8221;link_style&#8221;:&#8221;default&#8221;,&#8221;link_text&#8221;:&#8221;Read more&#8221;,&#8221;margin&#8221;:&#8221;remove-vertical&#8221;,&#8221;margin_remove_bottom&#8221;:true,&#8221;meta_align&#8221;:&#8221;below-title&#8221;,&#8221;meta_color&#8221;:&#8221;emphasis&#8221;,&#8221;meta_element&#8221;:&#8221;div&#8221;,&#8221;meta_margin&#8221;:&#8221;small&#8221;,&#8221;meta_style&#8221;:&#8221;h3&#8243;,&#8221;nav&#8221;:&#8221;tab&#8221;,&#8221;nav_align&#8221;:&#8221;left&#8221;,&#8221;nav_grid_breakpoint&#8221;:&#8221;m&#8221;,&#8221;nav_grid_width&#8221;:&#8221;auto&#8221;,&#8221;nav_position&#8221;:&#8221;top&#8221;,&#8221;show_content&#8221;:true,&#8221;show_image&#8221;:false,&#8221;show_label&#8221;:false,&#8221;show_link&#8221;:false,&#8221;show_meta&#8221;:true,&#8221;show_thumbnail&#8221;:false,&#8221;show_title&#8221;:false,&#8221;status&#8221;:&#8221;disabled&#8221;,&#8221;switcher_animation&#8221;:&#8221;fade&#8221;,&#8221;switcher_height&#8221;:true,&#8221;thumbnav_height&#8221;:&#8221;75&#8243;,&#8221;thumbnav_svg_color&#8221;:&#8221;emphasis&#8221;,&#8221;thumbnav_width&#8221;:&#8221;100&#8243;,&#8221;title_align&#8221;:&#8221;top&#8221;,&#8221;title_color&#8221;:&#8221;emphasis&#8221;,&#8221;title_element&#8221;:&#8221;h3&#8243;,&#8221;title_grid_breakpoint&#8221;:&#8221;m&#8221;,&#8221;title_grid_width&#8221;:&#8221;1-2&#8243;},&#8221;children&#8221;:[{&#8220;type&#8221;:&#8221;switcher_item&#8221;,&#8221;props&#8221;:{&#8220;content&#8221;:&#8221;<\/p>\n<div class=\\\"uk-text-emphasis\\\"><!--\n\n<h4 class=\\\"uk-text-emphasis\\\"><span uk-icon=\\\"calendar\\\"><\\\/span>\\u00a0Samstag 10. Juni 20.00 Uhr<\\\/h4>\\n\n\n<p><span>Karel de Grote College, Wilhelminasingel 15, 6524 AJ Nijmegen (NL)<\\\/span><\\\/p>\\n-->\\n<\/p>\n<h4 class=\\\"uk-text-emphasis\\\"><span uk-icon=\\\"calendar\\\"><\\\/span>\\u00a0Freitag, 27. Oktober 2023, 20.00 Uhr<\\\/h4>\\n<\/p>\n<p>Marienbasilika Kevelaer<br \\\/>Auff\\u00fchrung Canto ostinato<br \\\/>Eintrit frei, Kollekte am Ausgang<\\\/p>\\n<\/p>\n<h4 class=\\\"uk-text-emphasis\\\"><span uk-icon=\\\"calendar\\\"><\\\/span>\\u00a0Samstag, 18. November 2023, 20.00 Uhr<\\\/h4>\\n<\/p>\n<p>Museum Kurhaus, Kleve<br \\\/>Auff\\u00fchrung Canto ostinato<br \\\/>Eintritt \\u20ac 12,-<\\\/p>\\n<\/p>\n<h4 class=\\\"uk-text-emphasis\\\"><span uk-icon=\\\"calendar\\\"><\\\/span>\\u00a0Sonntag, 19. November, 11.30 Uhr<\\\/h4>\\n<\/p>\n<p>Das Trio Ostinato bietet einen Tag nach seinem Konzert im Museum Kurhaus Kleve, einen \\u00f6ffentlicher Workshop an: Am Sonntag, dem 19. November, kann man von 11:30 Uhr bis 15 Uhr \\u201eminimal music\\u201c erlernen und konzertieren.<\\\/p>\\n<\/p>\n<p>Der Workshop richtet sich an alle, die Freude am Musizieren haben und musikalische Vorkenntnisse besitzen. Es sind alle Instrumente willkommen. Auch k\\u00f6nnen die drei Fl\\u00fcgel, zwei Keyboards und verschiedene kleine Instrumente genutzt werden.<\\\/p>\\n<\/p>\n<p>Um 16 Uhr findet eine \\u00f6ffentliche Pr\\u00e4sentation des Workshopergebnisses mit den Teilnehmern des Workshops statt.<\\\/p>\\n<\/p>\n<p>Eintritt frei, freiwilliger Beitrag zur Bestreitung der Kosten.\\u00a0<\\\/p>\\n<\/p>\n<p>Anmeldung zum Wokshop \\u00fcber: <span uk-icon=\\\"icon: mail\\\"><\\\/span>\\u00a0\\u00a0 <a href=\\\"mailto:schokkingd@gmail.com?SUBJECT=Workshop Minimal Music\\\">Dorothea Schokking<\\\/a><\\\/p>\\n<\\\/div>&#8220;,&#8221;image&#8221;:&#8221;&#8221;,&#8221;link_text&#8221;:&#8221;Tickets: hier klicken&#8221;,&#8221;meta&#8221;:&#8221;N\\u00e4chste Termine&#8221;,&#8221;title&#8221;:&#8221;Deutsch&#8221;}},{&#8220;type&#8221;:&#8221;switcher_item&#8221;,&#8221;props&#8221;:{&#8220;content&#8221;:&#8221;<\/p>\n<div class=\\\"uk-text-emphasis\\\">\\n<\/p>\n<h4 class=\\\"uk-text-emphasis\\\"><span uk-icon=\\\"calendar\\\"><\\\/span>\\u00a0Vrijdag, 27 Oktober 2023, 20.00 uur<\\\/h4>\\n<\/p>\n<p>Marienbasilika Kevelaer<br \\\/>Uitvoering Canto ostinato<br \\\/>Entree gratis, collecte bij de uitgang<\\\/p>\\n<\/p>\n<h4 class=\\\"uk-text-emphasis\\\"><span uk-icon=\\\"calendar\\\"><\\\/span>\\u00a0Zaterdag, 18 November 2023, 20.00 Uhr<\\\/h4>\\n<\/p>\n<p>Museum Kurhaus, Kleve<br \\\/>Uitvoering Canto ostinato<br \\\/>Entree \\u20ac 12,-<\\\/p>\\n<\/p>\n<h4 class=\\\"uk-text-emphasis\\\"><span uk-icon=\\\"calendar\\\"><\\\/span>\\u00a0Zondag, 19 November, 11.30 uur<\\\/h4>\\n<\/p>\n<p>Een dag na het concert in het Museum Kurhaus Kleve biedt het Trio Ostinato een openbare workshop aan: op zondag 19 november kun je van 11.30 tot 15.00 uur \\u2018minimal music\\u2019 leren en uitvoeren.<br \\\/>De workshop is bedoeld voor iedereen die graag muziek maakt en over muzikale voorkennis beschikt. Alle instrumenten zijn welkom. Ook de aanwezige drie vleugels, twee keyboards en diverse kleine instrumenten kunnen gebruikt worden.<br \\\/>Om 16.00 uur is er een openbare presentatie van de workshopresultaten met de workshopdeelnemers.<\\\/p>\\n<!--\\n\n\n<p>11.30 uur Workshop Minimal Music onder leiding van Trio ostinato.<br \\\/>16.00 uur Openbare presentatie van de workshopresultaten.<\\\/p>\\n-->\\n<\/p>\n<p>Deelname gratis, vrijwillige bijdrage wordt op prijs gesteld<\\\/p>\\n<\/p>\n<p>Aanmelding workshop via: <span uk-icon=\\\"icon: mail\\\"><\\\/span>\\u00a0\\u00a0 <a href=\\\"mailto:schokkingd@gmail.com?SUBJECT=Workshop Minimal Music\\\">Dorothea Schokking<\\\/a><\\\/p>\\n<\\\/div>&#8220;,&#8221;image&#8221;:&#8221;&#8221;,&#8221;link_text&#8221;:&#8221;Tickets: hier klicken&#8221;,&#8221;meta&#8221;:&#8221;Aanstaande optredens&#8221;,&#8221;title&#8221;:&#8221;Nederlands&#8221;}},{&#8220;type&#8221;:&#8221;switcher_item&#8221;,&#8221;props&#8221;:{&#8220;content&#8221;:&#8221;<\/p>\n<div class=\\\"uk-text-emphasis\\\">\\n    <\/p>\n<h4>&nbsp;<\\\/h4>\\n\\n<\/p>\n<h4 class=\\\"uk-text-emphasis\\\"><span uk-icon=\\\"info\\\"><\\\/span>\\u00a0\\u00a0\\u00a0Let op: kaartjes voor de uitvoeringen van 10 en 11 juni zijn nog verkrijgbaar tot 6 juni aanstaande\\n    <\\\/h4>\\n    <\/p>\n<h4>&nbsp;<\\\/h4>\\n\\n<\/p>\n<h4 class=\\\"uk-text-emphasis\\\"><span uk-icon=\\\"calendar\\\"><\\\/span>\\u00a0\\u00a0\\u00a0Zaterdag, 10 juni 20.00 uur<\\\/h4>\\n<\/p>\n<p><span>Karel de Grote College, Wilhelminasingel 15, 6524 AJ Nijmegen (NL)<\\\/span><\\\/p>\\n<\/p>\n<h4 class=\\\"uk-text-emphasis\\\"><span uk-icon=\\\"calendar\\\"><\\\/span>\\u00a0\\u00a0\\u00a0Zondag 11 juni 15.00 uur<\\\/h4>\\n<\/p>\n<p><span>Karel de Grote College, Wilhelminasingel 15, 6524 AJ Nijmegen (NL)<\\\/span><\\\/p>\\n\\n\\n<\/p>\n<h4 class=\\\"uk-text-emphasis\\\"><span uk-icon=\\\"calendar\\\"><\\\/span>\\u00a0\\u00a0\\u00a0Zondag, 18 juni 19.00 uur<\\\/h4>\\n<\/p>\n<p><span>Sankt Nicolaikirche te Kalkar, Duitsland<\\\/span><\\\/p>\\n<\\\/div>&#8220;,&#8221;meta&#8221;:&#8221;Concertdata 2023&#8243;,&#8221;status&#8221;:&#8221;disabled&#8221;,&#8221;title&#8221;:&#8221;Nederlands&#8221;}}]},{&#8220;type&#8221;:&#8221;switcher&#8221;,&#8221;props&#8221;:{&#8220;content_column_breakpoint&#8221;:&#8221;m&#8221;,&#8221;content_margin&#8221;:&#8221;small&#8221;,&#8221;image_align&#8221;:&#8221;top&#8221;,&#8221;image_grid_breakpoint&#8221;:&#8221;m&#8221;,&#8221;image_grid_width&#8221;:&#8221;1-2&#8243;,&#8221;image_svg_color&#8221;:&#8221;emphasis&#8221;,&#8221;link_style&#8221;:&#8221;default&#8221;,&#8221;link_text&#8221;:&#8221;Read more&#8221;,&#8221;margin&#8221;:&#8221;remove-vertical&#8221;,&#8221;margin_remove_bottom&#8221;:true,&#8221;meta_align&#8221;:&#8221;below-title&#8221;,&#8221;meta_color&#8221;:&#8221;emphasis&#8221;,&#8221;meta_element&#8221;:&#8221;div&#8221;,&#8221;meta_margin&#8221;:&#8221;small&#8221;,&#8221;meta_style&#8221;:&#8221;h3&#8243;,&#8221;nav&#8221;:&#8221;tab&#8221;,&#8221;nav_align&#8221;:&#8221;left&#8221;,&#8221;nav_grid_breakpoint&#8221;:&#8221;m&#8221;,&#8221;nav_grid_width&#8221;:&#8221;auto&#8221;,&#8221;nav_position&#8221;:&#8221;top&#8221;,&#8221;show_content&#8221;:true,&#8221;show_image&#8221;:false,&#8221;show_label&#8221;:false,&#8221;show_link&#8221;:false,&#8221;show_meta&#8221;:true,&#8221;show_thumbnail&#8221;:false,&#8221;show_title&#8221;:false,&#8221;status&#8221;:&#8221;disabled&#8221;,&#8221;switcher_animation&#8221;:&#8221;fade&#8221;,&#8221;switcher_height&#8221;:true,&#8221;thumbnav_height&#8221;:&#8221;75&#8243;,&#8221;thumbnav_svg_color&#8221;:&#8221;emphasis&#8221;,&#8221;thumbnav_width&#8221;:&#8221;100&#8243;,&#8221;title_align&#8221;:&#8221;top&#8221;,&#8221;title_color&#8221;:&#8221;emphasis&#8221;,&#8221;title_element&#8221;:&#8221;h3&#8243;,&#8221;title_grid_breakpoint&#8221;:&#8221;m&#8221;,&#8221;title_grid_width&#8221;:&#8221;1-2&#8243;},&#8221;children&#8221;:[{&#8220;type&#8221;:&#8221;switcher_item&#8221;,&#8221;props&#8221;:{&#8220;content&#8221;:&#8221;<\/p>\n<div class=\\\"uk-text-emphasis\\\">\\n<\/p>\n<h4>\\u00a0<\\\/h4>\\n<\/p>\n<h4 class=\\\"uk-text-emphasis\\\"><span uk-icon=\\\"info\\\"><\\\/span> Bitte beachten Sie: Tickets f\\u00fcr die Vorstellungen am 10. und 11. Juni sind noch bis zum 6. Juni erh\\u00e4ltlich<\\\/h4>\\n<\/p>\n<h4>\\u00a0<\\\/h4>\\n<\/p>\n<h4 class=\\\"uk-text-emphasis\\\">Samstag 10. Juni 20.00 Uhr<\\\/h4>\\n<\/p>\n<p><span>Karel de Grote College, Wilhelminasingel 15, 6524 AJ Nijmegen (NL)<\\\/span><\\\/p>\\n<\/p>\n<h4 class=\\\"uk-text-emphasis\\\"><span uk-icon=\\\"calendar\\\"><\\\/span>\\u00a0\\u00a0\\u00a0Sontag 11. Juni 15.00 Uhr<\\\/h4>\\n<\/p>\n<p><span>Karel de Grote College, Wilhelminasingel 15, 6524 AJ Nijmegen (NL)<\\\/span><\\\/p>\\n<\/p>\n<h4 class=\\\"uk-text-emphasis\\\"><span uk-icon=\\\"calendar\\\"><\\\/span>\\u00a0\\u00a0\\u00a0Sonntag 18. Juni 19.00 Uhr<\\\/h4>\\n<\/p>\n<p><span>Sankt Nicolaikirche te Kalkar<\\\/span><\\\/p>\\n<\/p>\n<h3 class=\\\"uk-text-emphasis\\\"><span uk-icon=\\\"calendar\\\"><\\\/span>\\u00a0\\u00a0\\u00a0Samstag, 22. April 19.30 Uhr<\\\/h3>\\n<\/p>\n<p><span>Museum Kurhaus, Kleve<\\\/span><\\\/p>\\n<\\\/div>&#8220;,&#8221;image&#8221;:&#8221;&#8221;,&#8221;link_text&#8221;:&#8221;Tickets: hier klicken&#8221;,&#8221;meta&#8221;:&#8221;N\\u00e4chste Termine&#8221;,&#8221;title&#8221;:&#8221;Deutsch&#8221;}},{&#8220;type&#8221;:&#8221;switcher_item&#8221;,&#8221;props&#8221;:{&#8220;content&#8221;:&#8221;<\/p>\n<div class=\\\"uk-text-emphasis\\\">\\n    <\/p>\n<h4>&nbsp;<\\\/h4>\\n\\n<\/p>\n<h4 class=\\\"uk-text-emphasis\\\"><span uk-icon=\\\"info\\\"><\\\/span>\\u00a0\\u00a0\\u00a0Let op: kaartjes voor de uitvoeringen van 10 en 11 juni zijn nog verkrijgbaar tot 6 juni aanstaande\\n    <\\\/h4>\\n    <\/p>\n<h4>&nbsp;<\\\/h4>\\n\\n<\/p>\n<h4 class=\\\"uk-text-emphasis\\\"><span uk-icon=\\\"calendar\\\"><\\\/span>\\u00a0\\u00a0\\u00a0Zaterdag, 10 juni 20.00 uur<\\\/h4>\\n<\/p>\n<p><span>Karel de Grote College, Wilhelminasingel 15, 6524 AJ Nijmegen (NL)<\\\/span><\\\/p>\\n<\/p>\n<h4 class=\\\"uk-text-emphasis\\\"><span uk-icon=\\\"calendar\\\"><\\\/span>\\u00a0\\u00a0\\u00a0Zondag 11 juni 15.00 uur<\\\/h4>\\n<\/p>\n<p><span>Karel de Grote College, Wilhelminasingel 15, 6524 AJ Nijmegen (NL)<\\\/span><\\\/p>\\n\\n<\/p>\n<h4 class=\\\"uk-text-emphasis\\\"><span uk-icon=\\\"calendar\\\"><\\\/span>\\u00a0\\u00a0\\u00a0Zondag, 18 juni 19.00 uur<\\\/h4>\\n<\/p>\n<p><span>Sankt Nicolaikirche te Kalkar, Duitsland<\\\/span><\\\/p>\\n<\\\/div>&#8220;,&#8221;meta&#8221;:&#8221;Concertdata 2023&#8243;,&#8221;title&#8221;:&#8221;Nederlands&#8221;}}]},{&#8220;type&#8221;:&#8221;button&#8221;,&#8221;props&#8221;:{&#8220;css&#8221;:&#8221;.el-content {\\n    color: #e78580;\\n    font-size: 2em;\\n}&#8221;,&#8221;grid_column_gap&#8221;:&#8221;large&#8221;,&#8221;grid_row_gap&#8221;:&#8221;small&#8221;,&#8221;margin&#8221;:&#8221;default&#8221;,&#8221;margin_remove_top&#8221;:true,&#8221;status&#8221;:&#8221;disabled&#8221;,&#8221;text_align&#8221;:&#8221;center&#8221;},&#8221;children&#8221;:[{&#8220;type&#8221;:&#8221;button_item&#8221;,&#8221;props&#8221;:{&#8220;button_style&#8221;:&#8221;&#8221;,&#8221;content&#8221;:&#8221;Tickets 18 juni&#8221;,&#8221;dialog_layout&#8221;:&#8221;modal&#8221;,&#8221;dialog_offcanvas_flip&#8221;:true,&#8221;icon&#8221;:&#8221;cart&#8221;,&#8221;icon_align&#8221;:&#8221;left&#8221;,&#8221;link&#8221;:&#8221;https:\\\/\\\/canto_ostinato_kalkar.eventbrite.nl&#8221;,&#8221;link_target&#8221;:&#8221;blank&#8221;,&#8221;link_title&#8221;:&#8221;Please click to book tickets&#8221;}},{&#8220;type&#8221;:&#8221;button_item&#8221;,&#8221;props&#8221;:{&#8220;button_style&#8221;:&#8221;&#8221;,&#8221;content&#8221;:&#8221;Tickets 10 juni&#8221;,&#8221;dialog_layout&#8221;:&#8221;modal&#8221;,&#8221;dialog_offcanvas_flip&#8221;:true,&#8221;icon&#8221;:&#8221;cart&#8221;,&#8221;icon_align&#8221;:&#8221;left&#8221;,&#8221;link&#8221;:&#8221;https:\\\/\\\/canto10juni.eventbrite.nl&#8221;,&#8221;link_target&#8221;:&#8221;blank&#8221;,&#8221;link_title&#8221;:&#8221;Please click to book tickets&#8221;,&#8221;status&#8221;:&#8221;disabled&#8221;}},{&#8220;type&#8221;:&#8221;button_item&#8221;,&#8221;props&#8221;:{&#8220;button_style&#8221;:&#8221;&#8221;,&#8221;content&#8221;:&#8221;Tickets 11 juni&#8221;,&#8221;dialog_layout&#8221;:&#8221;modal&#8221;,&#8221;dialog_offcanvas_flip&#8221;:true,&#8221;icon&#8221;:&#8221;cart&#8221;,&#8221;icon_align&#8221;:&#8221;left&#8221;,&#8221;link&#8221;:&#8221;https:\\\/\\\/canto11juni.eventbrite.nl\\\/&#8221;,&#8221;link_target&#8221;:&#8221;blank&#8221;,&#8221;link_title&#8221;:&#8221;Please click to book tickets&#8221;,&#8221;status&#8221;:&#8221;disabled&#8221;}}]},{&#8220;type&#8221;:&#8221;divider&#8221;,&#8221;props&#8221;:{&#8220;divider_element&#8221;:&#8221;div&#8221;}}]}],&#8221;props&#8221;:{&#8220;margin_remove_bottom&#8221;:true}},{&#8220;type&#8221;:&#8221;row&#8221;,&#8221;props&#8221;:{&#8220;id&#8221;:&#8221;N\\u00e4chster Termin&#8221;,&#8221;layout&#8221;:&#8221;1-2,1-2&#8243;,&#8221;status&#8221;:&#8221;disabled&#8221;},&#8221;children&#8221;:[{&#8220;type&#8221;:&#8221;column&#8221;,&#8221;props&#8221;:{&#8220;image_position&#8221;:&#8221;center-center&#8221;,&#8221;position_sticky_breakpoint&#8221;:&#8221;m&#8221;,&#8221;width_medium&#8221;:&#8221;1-2&#8243;},&#8221;children&#8221;:[{&#8220;type&#8221;:&#8221;text&#8221;,&#8221;props&#8221;:{&#8220;column_breakpoint&#8221;:&#8221;m&#8221;,&#8221;content&#8221;:&#8221;<\/p>\n<h3 style=\\\"color: white;\\\">Samstag, 22. April 19.30 Uhr<\\\/h3>\\n<\/p>\n<p style=\\\"font-weight: 400;\\\">Museum Kurhaus, Kleve<\\\/p>&#8220;,&#8221;margin&#8221;:&#8221;default&#8221;}}]},{&#8220;type&#8221;:&#8221;column&#8221;,&#8221;props&#8221;:{&#8220;image_position&#8221;:&#8221;center-center&#8221;,&#8221;position_sticky_breakpoint&#8221;:&#8221;m&#8221;,&#8221;width_medium&#8221;:&#8221;1-2&#8243;},&#8221;children&#8221;:[{&#8220;type&#8221;:&#8221;switcher&#8221;,&#8221;props&#8221;:{&#8220;content_column_breakpoint&#8221;:&#8221;m&#8221;,&#8221;image_align&#8221;:&#8221;top&#8221;,&#8221;image_grid_breakpoint&#8221;:&#8221;m&#8221;,&#8221;image_grid_width&#8221;:&#8221;1-2&#8243;,&#8221;image_svg_color&#8221;:&#8221;emphasis&#8221;,&#8221;link_style&#8221;:&#8221;default&#8221;,&#8221;link_text&#8221;:&#8221;Read more&#8221;,&#8221;margin&#8221;:&#8221;default&#8221;,&#8221;meta_align&#8221;:&#8221;below-title&#8221;,&#8221;meta_element&#8221;:&#8221;div&#8221;,&#8221;meta_style&#8221;:&#8221;text-meta&#8221;,&#8221;nav&#8221;:&#8221;tab&#8221;,&#8221;nav_align&#8221;:&#8221;left&#8221;,&#8221;nav_grid_breakpoint&#8221;:&#8221;m&#8221;,&#8221;nav_grid_width&#8221;:&#8221;auto&#8221;,&#8221;nav_position&#8221;:&#8221;top&#8221;,&#8221;show_content&#8221;:true,&#8221;show_image&#8221;:false,&#8221;show_label&#8221;:false,&#8221;show_link&#8221;:false,&#8221;show_meta&#8221;:false,&#8221;show_thumbnail&#8221;:false,&#8221;show_title&#8221;:false,&#8221;status&#8221;:&#8221;disabled&#8221;,&#8221;switcher_animation&#8221;:&#8221;fade&#8221;,&#8221;switcher_height&#8221;:true,&#8221;thumbnav_height&#8221;:&#8221;75&#8243;,&#8221;thumbnav_svg_color&#8221;:&#8221;emphasis&#8221;,&#8221;thumbnav_width&#8221;:&#8221;100&#8243;,&#8221;title_align&#8221;:&#8221;top&#8221;,&#8221;title_element&#8221;:&#8221;h3&#8243;,&#8221;title_grid_breakpoint&#8221;:&#8221;m&#8221;,&#8221;title_grid_width&#8221;:&#8221;1-2&#8243;},&#8221;children&#8221;:[{&#8220;type&#8221;:&#8221;switcher_item&#8221;,&#8221;props&#8221;:{&#8220;content&#8221;:&#8221;<\/p>\n<p>Samstag, 22. April 19.30 Uhr<\\\/p>\\n<\/p>\n<p>Museum Kurhaus, Kleve<\\\/p>&#8220;,&#8221;title&#8221;:&#8221;Deutsch&#8221;}},{&#8220;type&#8221;:&#8221;switcher_item&#8221;,&#8221;props&#8221;:{&#8220;content&#8221;:&#8221;<\/p>\n<p>Zaterdag, 22 april 19.30 uur<\\\/p>\\n<\/p>\n<p>Museum Kurhaus Kleve, Duitsland<\\\/p>&#8220;,&#8221;title&#8221;:&#8221;Nederlands&#8221;}}]}]}]},{&#8220;type&#8221;:&#8221;row&#8221;,&#8221;props&#8221;:{&#8220;id&#8221;:&#8221;N\\u00e4chster Termin&#8221;,&#8221;layout&#8221;:&#8221;1-2,1-2&#8243;,&#8221;status&#8221;:&#8221;disabled&#8221;},&#8221;children&#8221;:[{&#8220;type&#8221;:&#8221;column&#8221;,&#8221;props&#8221;:{&#8220;image_position&#8221;:&#8221;center-center&#8221;,&#8221;position_sticky_breakpoint&#8221;:&#8221;m&#8221;,&#8221;width_medium&#8221;:&#8221;1-2&#8243;},&#8221;children&#8221;:[{&#8220;type&#8221;:&#8221;text&#8221;,&#8221;props&#8221;:{&#8220;column_breakpoint&#8221;:&#8221;m&#8221;,&#8221;content&#8221;:&#8221;<\/p>\n<h3 style=\\\"color: white;\\\">Samstag 10. Juni 20.00 Uhr<\\\/h3>\\n<\/p>\n<p style=\\\"font-weight: 400;\\\">Karel de Grote College, Wilhelminasingel 15, 6524 AJ Nijmegen (NL)<\\\/p>&#8220;,&#8221;margin&#8221;:&#8221;default&#8221;}}]},{&#8220;type&#8221;:&#8221;column&#8221;,&#8221;props&#8221;:{&#8220;image_position&#8221;:&#8221;center-center&#8221;,&#8221;position_sticky_breakpoint&#8221;:&#8221;m&#8221;,&#8221;width_medium&#8221;:&#8221;1-2&#8243;},&#8221;children&#8221;:[{&#8220;type&#8221;:&#8221;switcher&#8221;,&#8221;props&#8221;:{&#8220;content_column_breakpoint&#8221;:&#8221;m&#8221;,&#8221;image_align&#8221;:&#8221;top&#8221;,&#8221;image_grid_breakpoint&#8221;:&#8221;m&#8221;,&#8221;image_grid_width&#8221;:&#8221;1-2&#8243;,&#8221;image_svg_color&#8221;:&#8221;emphasis&#8221;,&#8221;link_style&#8221;:&#8221;default&#8221;,&#8221;link_text&#8221;:&#8221;Read more&#8221;,&#8221;margin&#8221;:&#8221;default&#8221;,&#8221;meta_align&#8221;:&#8221;below-title&#8221;,&#8221;meta_element&#8221;:&#8221;div&#8221;,&#8221;meta_style&#8221;:&#8221;text-meta&#8221;,&#8221;nav&#8221;:&#8221;tab&#8221;,&#8221;nav_align&#8221;:&#8221;left&#8221;,&#8221;nav_grid_breakpoint&#8221;:&#8221;m&#8221;,&#8221;nav_grid_width&#8221;:&#8221;auto&#8221;,&#8221;nav_position&#8221;:&#8221;top&#8221;,&#8221;show_content&#8221;:true,&#8221;show_image&#8221;:false,&#8221;show_label&#8221;:false,&#8221;show_link&#8221;:false,&#8221;show_meta&#8221;:false,&#8221;show_thumbnail&#8221;:false,&#8221;show_title&#8221;:false,&#8221;status&#8221;:&#8221;disabled&#8221;,&#8221;switcher_animation&#8221;:&#8221;fade&#8221;,&#8221;switcher_height&#8221;:true,&#8221;thumbnav_height&#8221;:&#8221;75&#8243;,&#8221;thumbnav_svg_color&#8221;:&#8221;emphasis&#8221;,&#8221;thumbnav_width&#8221;:&#8221;100&#8243;,&#8221;title_align&#8221;:&#8221;top&#8221;,&#8221;title_element&#8221;:&#8221;h3&#8243;,&#8221;title_grid_breakpoint&#8221;:&#8221;m&#8221;,&#8221;title_grid_width&#8221;:&#8221;1-2&#8243;},&#8221;children&#8221;:[{&#8220;type&#8221;:&#8221;switcher_item&#8221;,&#8221;props&#8221;:{&#8220;content&#8221;:&#8221;<\/p>\n<p>Sonntag 18. Juni 19.00 Uhr<\\\/p>\\n<\/p>\n<p>Kirche Sankt Nicolai, Kalkar<\\\/p>&#8220;,&#8221;title&#8221;:&#8221;Deutsch&#8221;}},{&#8220;type&#8221;:&#8221;switcher_item&#8221;,&#8221;props&#8221;:{&#8220;content&#8221;:&#8221;<\/p>\n<p>Zondag, 18 juni 19.00 uur<\\\/p>\\n<\/p>\n<p>Sint Nicolaikerk te Kalkar, Duitsland<\\\/p>&#8220;,&#8221;title&#8221;:&#8221;Nederlands&#8221;}}]}]}]},{&#8220;type&#8221;:&#8221;row&#8221;,&#8221;props&#8221;:{&#8220;id&#8221;:&#8221;N\\u00e4chster Termin&#8221;,&#8221;layout&#8221;:&#8221;1-2,1-2&#8243;,&#8221;status&#8221;:&#8221;disabled&#8221;},&#8221;children&#8221;:[{&#8220;type&#8221;:&#8221;column&#8221;,&#8221;props&#8221;:{&#8220;image_position&#8221;:&#8221;center-center&#8221;,&#8221;position_sticky_breakpoint&#8221;:&#8221;m&#8221;,&#8221;width_medium&#8221;:&#8221;1-2&#8243;},&#8221;children&#8221;:[{&#8220;type&#8221;:&#8221;text&#8221;,&#8221;props&#8221;:{&#8220;column_breakpoint&#8221;:&#8221;m&#8221;,&#8221;content&#8221;:&#8221;<\/p>\n<h3 style=\\\"color: white;\\\">Sontag 11. Juni 15.00 Uhr<\\\/h3>\\n<\/p>\n<p style=\\\"font-weight: 400;\\\">Karel de Grote College, Wilhelminasingel 15, 6524 AJ Nijmegen (NL)<\\\/p>&#8220;,&#8221;margin&#8221;:&#8221;default&#8221;}}]},{&#8220;type&#8221;:&#8221;column&#8221;,&#8221;props&#8221;:{&#8220;image_position&#8221;:&#8221;center-center&#8221;,&#8221;position_sticky_breakpoint&#8221;:&#8221;m&#8221;,&#8221;width_medium&#8221;:&#8221;1-2&#8243;},&#8221;children&#8221;:[{&#8220;type&#8221;:&#8221;switcher&#8221;,&#8221;props&#8221;:{&#8220;content_column_breakpoint&#8221;:&#8221;m&#8221;,&#8221;image_align&#8221;:&#8221;top&#8221;,&#8221;image_grid_breakpoint&#8221;:&#8221;m&#8221;,&#8221;image_grid_width&#8221;:&#8221;1-2&#8243;,&#8221;image_svg_color&#8221;:&#8221;emphasis&#8221;,&#8221;link_style&#8221;:&#8221;default&#8221;,&#8221;link_text&#8221;:&#8221;Read more&#8221;,&#8221;margin&#8221;:&#8221;default&#8221;,&#8221;meta_align&#8221;:&#8221;below-title&#8221;,&#8221;meta_element&#8221;:&#8221;div&#8221;,&#8221;meta_style&#8221;:&#8221;text-meta&#8221;,&#8221;nav&#8221;:&#8221;tab&#8221;,&#8221;nav_align&#8221;:&#8221;left&#8221;,&#8221;nav_grid_breakpoint&#8221;:&#8221;m&#8221;,&#8221;nav_grid_width&#8221;:&#8221;auto&#8221;,&#8221;nav_position&#8221;:&#8221;top&#8221;,&#8221;show_content&#8221;:true,&#8221;show_image&#8221;:false,&#8221;show_label&#8221;:false,&#8221;show_link&#8221;:false,&#8221;show_meta&#8221;:false,&#8221;show_thumbnail&#8221;:false,&#8221;show_title&#8221;:false,&#8221;status&#8221;:&#8221;disabled&#8221;,&#8221;switcher_animation&#8221;:&#8221;fade&#8221;,&#8221;switcher_height&#8221;:true,&#8221;thumbnav_height&#8221;:&#8221;75&#8243;,&#8221;thumbnav_svg_color&#8221;:&#8221;emphasis&#8221;,&#8221;thumbnav_width&#8221;:&#8221;100&#8243;,&#8221;title_align&#8221;:&#8221;top&#8221;,&#8221;title_element&#8221;:&#8221;h3&#8243;,&#8221;title_grid_breakpoint&#8221;:&#8221;m&#8221;,&#8221;title_grid_width&#8221;:&#8221;1-2&#8243;},&#8221;children&#8221;:[{&#8220;type&#8221;:&#8221;switcher_item&#8221;,&#8221;props&#8221;:{&#8220;content&#8221;:&#8221;<\/p>\n<p>Sonntag 18. Juni 19.00 Uhr<\\\/p>\\n<\/p>\n<p>Kirche Sankt Nicolai, Kalkar<\\\/p>&#8220;,&#8221;title&#8221;:&#8221;Deutsch&#8221;}},{&#8220;type&#8221;:&#8221;switcher_item&#8221;,&#8221;props&#8221;:{&#8220;content&#8221;:&#8221;<\/p>\n<p>Zondag, 18 juni 19.00 uur<\\\/p>\\n<\/p>\n<p>Sint Nicolaikerk te Kalkar, Duitsland<\\\/p>&#8220;,&#8221;title&#8221;:&#8221;Nederlands&#8221;}}]}]}]},{&#8220;type&#8221;:&#8221;row&#8221;,&#8221;props&#8221;:{&#8220;id&#8221;:&#8221;N\\u00e4chster Termin&#8221;,&#8221;layout&#8221;:&#8221;1-2,1-2&#8243;,&#8221;status&#8221;:&#8221;disabled&#8221;},&#8221;children&#8221;:[{&#8220;type&#8221;:&#8221;column&#8221;,&#8221;props&#8221;:{&#8220;image_position&#8221;:&#8221;center-center&#8221;,&#8221;position_sticky_breakpoint&#8221;:&#8221;m&#8221;,&#8221;width_medium&#8221;:&#8221;1-2&#8243;},&#8221;children&#8221;:[{&#8220;type&#8221;:&#8221;text&#8221;,&#8221;props&#8221;:{&#8220;column_breakpoint&#8221;:&#8221;m&#8221;,&#8221;content&#8221;:&#8221;<\/p>\n<h3 style=\\\"color: white;\\\">Sonntag 18. Juni 19.00 Uhr<\\\/h3>\\n<\/p>\n<p style=\\\"font-weight: 400;\\\"> Kirche Sankt Nicolai, Kalkar<\\\/p>&#8220;,&#8221;margin&#8221;:&#8221;default&#8221;}}]},{&#8220;type&#8221;:&#8221;column&#8221;,&#8221;props&#8221;:{&#8220;image_position&#8221;:&#8221;center-center&#8221;,&#8221;position_sticky_breakpoint&#8221;:&#8221;m&#8221;,&#8221;width_medium&#8221;:&#8221;1-2&#8243;},&#8221;children&#8221;:[{&#8220;type&#8221;:&#8221;switcher&#8221;,&#8221;props&#8221;:{&#8220;content_column_breakpoint&#8221;:&#8221;m&#8221;,&#8221;image_align&#8221;:&#8221;top&#8221;,&#8221;image_grid_breakpoint&#8221;:&#8221;m&#8221;,&#8221;image_grid_width&#8221;:&#8221;1-2&#8243;,&#8221;image_svg_color&#8221;:&#8221;emphasis&#8221;,&#8221;link_style&#8221;:&#8221;default&#8221;,&#8221;link_text&#8221;:&#8221;Read more&#8221;,&#8221;margin&#8221;:&#8221;default&#8221;,&#8221;meta_align&#8221;:&#8221;below-title&#8221;,&#8221;meta_element&#8221;:&#8221;div&#8221;,&#8221;meta_style&#8221;:&#8221;text-meta&#8221;,&#8221;nav&#8221;:&#8221;tab&#8221;,&#8221;nav_align&#8221;:&#8221;left&#8221;,&#8221;nav_grid_breakpoint&#8221;:&#8221;m&#8221;,&#8221;nav_grid_width&#8221;:&#8221;auto&#8221;,&#8221;nav_position&#8221;:&#8221;top&#8221;,&#8221;show_content&#8221;:true,&#8221;show_image&#8221;:false,&#8221;show_label&#8221;:false,&#8221;show_link&#8221;:false,&#8221;show_meta&#8221;:false,&#8221;show_thumbnail&#8221;:false,&#8221;show_title&#8221;:false,&#8221;status&#8221;:&#8221;disabled&#8221;,&#8221;switcher_animation&#8221;:&#8221;fade&#8221;,&#8221;switcher_height&#8221;:true,&#8221;thumbnav_height&#8221;:&#8221;75&#8243;,&#8221;thumbnav_svg_color&#8221;:&#8221;emphasis&#8221;,&#8221;thumbnav_width&#8221;:&#8221;100&#8243;,&#8221;title_align&#8221;:&#8221;top&#8221;,&#8221;title_element&#8221;:&#8221;h3&#8243;,&#8221;title_grid_breakpoint&#8221;:&#8221;m&#8221;,&#8221;title_grid_width&#8221;:&#8221;1-2&#8243;},&#8221;children&#8221;:[{&#8220;type&#8221;:&#8221;switcher_item&#8221;,&#8221;props&#8221;:{&#8220;content&#8221;:&#8221;<\/p>\n<p>Sonntag 18. Juni 19.00 Uhr<\\\/p>\\n<\/p>\n<p>Kirche Sankt Nicolai, Kalkar<\\\/p>&#8220;,&#8221;title&#8221;:&#8221;Deutsch&#8221;}},{&#8220;type&#8221;:&#8221;switcher_item&#8221;,&#8221;props&#8221;:{&#8220;content&#8221;:&#8221;<\/p>\n<p>Zondag, 18 juni 19.00 uur<\\\/p>\\n<\/p>\n<p>Sint Nicolaikerk te Kalkar, Duitsland<\\\/p>&#8220;,&#8221;title&#8221;:&#8221;Nederlands&#8221;}}]}]}]},{&#8220;type&#8221;:&#8221;row&#8221;,&#8221;props&#8221;:{&#8220;id&#8221;:&#8221;N\\u00e4chster Termin&#8221;,&#8221;layout&#8221;:&#8221;1-2,1-2&#8243;,&#8221;status&#8221;:&#8221;disabled&#8221;},&#8221;children&#8221;:[{&#8220;type&#8221;:&#8221;column&#8221;,&#8221;props&#8221;:{&#8220;image_position&#8221;:&#8221;center-center&#8221;,&#8221;position_sticky_breakpoint&#8221;:&#8221;m&#8221;,&#8221;width_medium&#8221;:&#8221;1-2&#8243;},&#8221;children&#8221;:[{&#8220;type&#8221;:&#8221;text&#8221;,&#8221;props&#8221;:{&#8220;column_breakpoint&#8221;:&#8221;m&#8221;,&#8221;content&#8221;:&#8221;<\/p>\n<h3 style=\\\"color: white;\\\">Sontag 23. Oktober 2022<\\\/h3>\\n<\/p>\n<p style=\\\"font-weight: 400;\\\"><strong>\\u00d6ffentlicher Workshop mit Patienten des Lvr und B\\u00fcrgern<\\\/strong><\\\/p>\\n<\/p>\n<p style=\\\"font-weight: 400;\\\">Gesellschaftshaus des Klinikgel\\u00e4ndes des LVR, Buchenallee 1, 47551 Bedburg-Hau<\\\/p>&#8220;,&#8221;margin&#8221;:&#8221;default&#8221;}}]},{&#8220;type&#8221;:&#8221;column&#8221;,&#8221;props&#8221;:{&#8220;image_position&#8221;:&#8221;center-center&#8221;,&#8221;position_sticky_breakpoint&#8221;:&#8221;m&#8221;,&#8221;width_medium&#8221;:&#8221;1-2&#8243;},&#8221;children&#8221;:[{&#8220;type&#8221;:&#8221;switcher&#8221;,&#8221;props&#8221;:{&#8220;content_column_breakpoint&#8221;:&#8221;m&#8221;,&#8221;image_align&#8221;:&#8221;top&#8221;,&#8221;image_grid_breakpoint&#8221;:&#8221;m&#8221;,&#8221;image_grid_width&#8221;:&#8221;1-2&#8243;,&#8221;image_svg_color&#8221;:&#8221;emphasis&#8221;,&#8221;link_style&#8221;:&#8221;default&#8221;,&#8221;link_text&#8221;:&#8221;Read more&#8221;,&#8221;margin&#8221;:&#8221;default&#8221;,&#8221;meta_align&#8221;:&#8221;below-title&#8221;,&#8221;meta_element&#8221;:&#8221;div&#8221;,&#8221;meta_style&#8221;:&#8221;text-meta&#8221;,&#8221;nav&#8221;:&#8221;tab&#8221;,&#8221;nav_align&#8221;:&#8221;left&#8221;,&#8221;nav_grid_breakpoint&#8221;:&#8221;m&#8221;,&#8221;nav_grid_width&#8221;:&#8221;auto&#8221;,&#8221;nav_position&#8221;:&#8221;top&#8221;,&#8221;show_content&#8221;:true,&#8221;show_image&#8221;:false,&#8221;show_label&#8221;:false,&#8221;show_link&#8221;:false,&#8221;show_meta&#8221;:false,&#8221;show_thumbnail&#8221;:false,&#8221;show_title&#8221;:false,&#8221;switcher_animation&#8221;:&#8221;fade&#8221;,&#8221;switcher_height&#8221;:true,&#8221;thumbnav_height&#8221;:&#8221;75&#8243;,&#8221;thumbnav_svg_color&#8221;:&#8221;emphasis&#8221;,&#8221;thumbnav_width&#8221;:&#8221;100&#8243;,&#8221;title_align&#8221;:&#8221;top&#8221;,&#8221;title_element&#8221;:&#8221;h3&#8243;,&#8221;title_grid_breakpoint&#8221;:&#8221;m&#8221;,&#8221;title_grid_width&#8221;:&#8221;1-2&#8243;},&#8221;children&#8221;:[{&#8220;type&#8221;:&#8221;switcher_item&#8221;,&#8221;props&#8221;:{&#8220;content&#8221;:&#8221;<\/p>\n<p>Dies geschieht in\\u00a0Zusammenarbeit der Pianisten mit der\\u00a0Musiktherapie der Spezialtherapien der LVR Klinik Bedburg-Hau. Es werden Ausschnitte der minimalistischen Komposition \\u201ein c\\u201c von Terry Riley in Kombination mit Canto ostinato erarbeitet.<\\\/p>\\n<\/p>\n<p>Wer mitmachen m\\u00f6chte, kann sich anmelden unter\\u00a0<a href=\\\"mailto:dreifluegelunddu@lvr.de\\\">dreifluegelunddu@lvr.de<\\\/a>, musikalische Vorkenntnisse sind erw\\u00fcnscht.<\\\/p>\\n<\/p>\n<p>Uhrzeit wird noch bekannt gegeben.<\\\/p>\\n<\/p>\n<p>17.00 kleine Abschluss-Pr\\u00e4sentation<\\\/p>&#8220;,&#8221;title&#8221;:&#8221;Deutsch&#8221;}},{&#8220;type&#8221;:&#8221;switcher_item&#8221;,&#8221;props&#8221;:{&#8220;content&#8221;:&#8221;<\/p>\n<p>In deze workshop werken de pianisten samen met muziektherapeuten van de afdeling\\u00a0Spezialtherapien der LVR Klinik Bedburg-Hau.<\\\/p>\\n<\/p>\n<p>Er wordt gewerkt aan fragmenten uit de minimalistische compositie \\&#8221;in c\\&#8221; van Terry Riley en aan Canto ostinato.<\\\/p>\\n<\/p>\n<p>Deelnemers kunnen zich aanmelden via\\u00a0<a href=\\\"mailto:dreifluegelunddu@lvr.de\\\">dreifluegelunddu@lvr.de<\\\/a>, muzikale voorkennis is gewenst.<\\\/p>\\n<\/p>\n<p>De aanvangstijd wordt op een later tijdstip bekend gemaakt..<\\\/p>\\n<\/p>\n<p>Om 17.00 uur vindt ter afsluiting een korte presentatie plaats.<\\\/p>&#8220;,&#8221;title&#8221;:&#8221;Nederlands&#8221;}}]}]}]},{&#8220;type&#8221;:&#8221;row&#8221;,&#8221;props&#8221;:{&#8220;id&#8221;:&#8221;N\\u00e4chster Termin&#8221;,&#8221;layout&#8221;:&#8221;1-2,1-2&#8243;,&#8221;status&#8221;:&#8221;disabled&#8221;},&#8221;children&#8221;:[{&#8220;type&#8221;:&#8221;column&#8221;,&#8221;props&#8221;:{&#8220;image_position&#8221;:&#8221;center-center&#8221;,&#8221;position_sticky_breakpoint&#8221;:&#8221;m&#8221;,&#8221;width_medium&#8221;:&#8221;1-2&#8243;},&#8221;children&#8221;:[{&#8220;type&#8221;:&#8221;text&#8221;,&#8221;props&#8221;:{&#8220;column_breakpoint&#8221;:&#8221;m&#8221;,&#8221;content&#8221;:&#8221;<\/p>\n<h3 style=\\\"color: white;\\\">Samstag 22. Oktober 2022, 19.00 Uhr<\\\/h3>\\n<\/p>\n<p style=\\\"font-weight: 400;\\\"><strong>Mit drei Fl\\u00fcgeln auf Musikalische Sehnsuchtsreise<\\\/strong><\\\/p>\\n<\/p>\n<p style=\\\"font-weight: 400;\\\"><strong>Canto ostinato von Simeon ten Holt<\\\/strong><\\\/p>\\n<\/p>\n<p style=\\\"font-weight: 400;\\\">Trio ostinato<\\\/p>\\n<\/p>\n<p style=\\\"font-weight: 400;\\\">Gesellschaftshaus des Klinikgel\\u00e4ndes des LVR, Buchenallee 1, 47551 Bedburg-Hau<\\\/p>&#8220;,&#8221;margin&#8221;:&#8221;default&#8221;}}]},{&#8220;type&#8221;:&#8221;column&#8221;,&#8221;props&#8221;:{&#8220;image_position&#8221;:&#8221;center-center&#8221;,&#8221;position_sticky_breakpoint&#8221;:&#8221;m&#8221;,&#8221;width_medium&#8221;:&#8221;1-2&#8243;},&#8221;children&#8221;:[{&#8220;type&#8221;:&#8221;switcher&#8221;,&#8221;props&#8221;:{&#8220;content_column_breakpoint&#8221;:&#8221;m&#8221;,&#8221;image_align&#8221;:&#8221;top&#8221;,&#8221;image_grid_breakpoint&#8221;:&#8221;m&#8221;,&#8221;image_grid_width&#8221;:&#8221;1-2&#8243;,&#8221;image_svg_color&#8221;:&#8221;emphasis&#8221;,&#8221;link_style&#8221;:&#8221;default&#8221;,&#8221;link_text&#8221;:&#8221;Read more&#8221;,&#8221;margin&#8221;:&#8221;default&#8221;,&#8221;meta_align&#8221;:&#8221;below-title&#8221;,&#8221;meta_element&#8221;:&#8221;div&#8221;,&#8221;meta_style&#8221;:&#8221;text-meta&#8221;,&#8221;nav&#8221;:&#8221;tab&#8221;,&#8221;nav_align&#8221;:&#8221;left&#8221;,&#8221;nav_grid_breakpoint&#8221;:&#8221;m&#8221;,&#8221;nav_grid_width&#8221;:&#8221;auto&#8221;,&#8221;nav_position&#8221;:&#8221;top&#8221;,&#8221;show_content&#8221;:true,&#8221;show_image&#8221;:false,&#8221;show_label&#8221;:false,&#8221;show_link&#8221;:false,&#8221;show_meta&#8221;:false,&#8221;show_thumbnail&#8221;:false,&#8221;show_title&#8221;:false,&#8221;switcher_animation&#8221;:&#8221;fade&#8221;,&#8221;switcher_height&#8221;:true,&#8221;thumbnav_height&#8221;:&#8221;75&#8243;,&#8221;thumbnav_svg_color&#8221;:&#8221;emphasis&#8221;,&#8221;thumbnav_width&#8221;:&#8221;100&#8243;,&#8221;title_align&#8221;:&#8221;top&#8221;,&#8221;title_element&#8221;:&#8221;h3&#8243;,&#8221;title_grid_breakpoint&#8221;:&#8221;m&#8221;,&#8221;title_grid_width&#8221;:&#8221;1-2&#8243;},&#8221;children&#8221;:[{&#8220;type&#8221;:&#8221;switcher_item&#8221;,&#8221;props&#8221;:{&#8220;content&#8221;:&#8221;<\/p>\n<p>Tickets: Eintritt frei, Spenden f\\u00fcr Benefiz<\\\/p>\\n<\/p>\n<p style=\\\"font-weight: 400;\\\">VA: F\\u00f6rderverein Bedburger Begegnungspark e.V.<\\\/p>\\n<\/p>\n<p><br style=\\\"font-weight: 400;\\\" \\\/><br \\\/><\\\/p>&#8220;,&#8221;title&#8221;:&#8221;Deutsch&#8221;}},{&#8220;type&#8221;:&#8221;switcher_item&#8221;,&#8221;props&#8221;:{&#8220;content&#8221;:&#8221;<\/p>\n<p>Gratis entree, donaties voor het goede doel zijn welkom.<\\\/p>\\n<\/p>\n<p style=\\\"font-weight: 400;\\\">VA: F\\u00f6rderverein Bedburger Begegnungspark e.V.<\\\/p>\\n<\/p>\n<p><br style=\\\"font-weight: 400;\\\" \\\/><br \\\/><\\\/p>&#8220;,&#8221;title&#8221;:&#8221;Nederlands&#8221;}}]}]}]},{&#8220;type&#8221;:&#8221;row&#8221;,&#8221;props&#8221;:{&#8220;id&#8221;:&#8221;N\\u00e4chster Termin&#8221;,&#8221;layout&#8221;:&#8221;1-2,1-2&#8243;,&#8221;status&#8221;:&#8221;disabled&#8221;},&#8221;children&#8221;:[{&#8220;type&#8221;:&#8221;column&#8221;,&#8221;props&#8221;:{&#8220;image_position&#8221;:&#8221;center-center&#8221;,&#8221;position_sticky_breakpoint&#8221;:&#8221;m&#8221;,&#8221;width_medium&#8221;:&#8221;1-2&#8243;},&#8221;children&#8221;:[{&#8220;type&#8221;:&#8221;text&#8221;,&#8221;props&#8221;:{&#8220;column_breakpoint&#8221;:&#8221;m&#8221;,&#8221;content&#8221;:&#8221;<\/p>\n<h3 style=\\\"color: white;\\\">16. Oktober 2021, 17.00 Uhr<\\\/h3>\\n<\/p>\n<p>Canto Ostinato<br \\\/>in der evangelischen Kirche in Entringen<\\\/p>\\n<\/p>\n<p>Kirchstrasse 11<br \\\/>72119 Ammerbuch<\\\/p>&#8220;,&#8221;margin&#8221;:&#8221;default&#8221;}}]},{&#8220;type&#8221;:&#8221;column&#8221;,&#8221;props&#8221;:{&#8220;image_position&#8221;:&#8221;center-center&#8221;,&#8221;position_sticky_breakpoint&#8221;:&#8221;m&#8221;,&#8221;width_medium&#8221;:&#8221;1-2&#8243;},&#8221;children&#8221;:[{&#8220;type&#8221;:&#8221;switcher&#8221;,&#8221;props&#8221;:{&#8220;content_column_breakpoint&#8221;:&#8221;m&#8221;,&#8221;image_align&#8221;:&#8221;top&#8221;,&#8221;image_grid_breakpoint&#8221;:&#8221;m&#8221;,&#8221;image_grid_width&#8221;:&#8221;1-2&#8243;,&#8221;image_svg_color&#8221;:&#8221;emphasis&#8221;,&#8221;link_style&#8221;:&#8221;default&#8221;,&#8221;link_text&#8221;:&#8221;Read more&#8221;,&#8221;margin&#8221;:&#8221;default&#8221;,&#8221;meta_align&#8221;:&#8221;below-title&#8221;,&#8221;meta_element&#8221;:&#8221;div&#8221;,&#8221;meta_style&#8221;:&#8221;text-meta&#8221;,&#8221;nav&#8221;:&#8221;tab&#8221;,&#8221;nav_align&#8221;:&#8221;left&#8221;,&#8221;nav_grid_breakpoint&#8221;:&#8221;m&#8221;,&#8221;nav_grid_width&#8221;:&#8221;auto&#8221;,&#8221;nav_position&#8221;:&#8221;top&#8221;,&#8221;show_content&#8221;:true,&#8221;show_image&#8221;:false,&#8221;show_label&#8221;:false,&#8221;show_link&#8221;:false,&#8221;show_meta&#8221;:false,&#8221;show_thumbnail&#8221;:false,&#8221;show_title&#8221;:false,&#8221;switcher_animation&#8221;:&#8221;fade&#8221;,&#8221;switcher_height&#8221;:true,&#8221;thumbnav_height&#8221;:&#8221;75&#8243;,&#8221;thumbnav_svg_color&#8221;:&#8221;emphasis&#8221;,&#8221;thumbnav_width&#8221;:&#8221;100&#8243;,&#8221;title_align&#8221;:&#8221;top&#8221;,&#8221;title_element&#8221;:&#8221;h3&#8243;,&#8221;title_grid_breakpoint&#8221;:&#8221;m&#8221;,&#8221;title_grid_width&#8221;:&#8221;1-2&#8243;},&#8221;children&#8221;:[{&#8220;type&#8221;:&#8221;switcher_item&#8221;,&#8221;props&#8221;:{&#8220;content&#8221;:&#8221;<\/p>\n<p>Eintritt frei, Spenden erbeten.<\\\/p>\\n<\/p>\n<p>Bitte warm anziehen. Die Kirche wird vor dem Konzert geheizt, wird aber w\\u00e4hrend des Konzertes ausgestellt.<\\\/p>\\n<\/p>\n<p>Das Konzert kann auch als Livestream unter folgendem Link mitverfolgt werden:<\\\/p>\\n<\/p>\n<p><a href=\\\"https:\\\/\\\/www.youtube.com\\\/watch?v=EEhMAcWufi0\\\" target=\\\"_blank\\\">https:\\\/\\\/www.youtube.com\\\/watch?v=EEhMAcWufi0<\\\/a><\\\/p>&#8220;,&#8221;title&#8221;:&#8221;Deutsch&#8221;}},{&#8220;type&#8221;:&#8221;switcher_item&#8221;,&#8221;props&#8221;:{&#8220;content&#8221;:&#8221;<\/p>\n<p>Gratis entree, donaties zijn welkom.<\\\/p>\\n<\/p>\n<p>Tip: trek iets warms aan. De kerk wordt voor het concert verwarmd, maar tijdens het concert uitgezet.<\\\/p>\\n<\/p>\n<p>Het concert kan ook als livestream worden gevolgd. Klik daartoe op de volgende link:<\\\/p>\\n<\/p>\n<p><a href=\\\"https:\\\/\\\/www.youtube.com\\\/watch?v=EEhMAcWufi0\\\" target=\\\"_blank\\\" rel=\\\"noopener\\\">https:\\\/\\\/www.youtube.com\\\/watch?v=EEhMAcWufi0<\\\/a><\\\/p>&#8220;,&#8221;title&#8221;:&#8221;Nederlands&#8221;}}]}]}]}],&#8221;name&#8221;:&#8221;N\\u00e4chster Termin&#8221;},{&#8220;type&#8221;:&#8221;section&#8221;,&#8221;props&#8221;:{&#8220;image_position&#8221;:&#8221;center-center&#8221;,&#8221;padding_remove_bottom&#8221;:true,&#8221;padding_remove_top&#8221;:true,&#8221;style&#8221;:&#8221;default&#8221;,&#8221;title_breakpoint&#8221;:&#8221;xl&#8221;,&#8221;title_position&#8221;:&#8221;top-left&#8221;,&#8221;title_rotation&#8221;:&#8221;left&#8221;,&#8221;vertical_align&#8221;:&#8221;&#8221;,&#8221;width&#8221;:&#8221;default&#8221;},&#8221;children&#8221;:[{&#8220;type&#8221;:&#8221;row&#8221;,&#8221;children&#8221;:[{&#8220;type&#8221;:&#8221;column&#8221;,&#8221;props&#8221;:{&#8220;image_position&#8221;:&#8221;center-center&#8221;,&#8221;position_sticky_breakpoint&#8221;:&#8221;m&#8221;},&#8221;children&#8221;:[{&#8220;type&#8221;:&#8221;html&#8221;,&#8221;props&#8221;:{&#8220;content&#8221;:&#8221;<\/p>\n<div style=\\\"width: 100%; height: 2px; background-color: gray;\\\">&nbsp;<\\\/div>&#8220;},&#8221;name&#8221;:&#8221;white ruler&#8221;},{&#8220;type&#8221;:&#8221;totop&#8221;,&#8221;props&#8221;:{&#8220;margin&#8221;:&#8221;default&#8221;,&#8221;title_grid_column_gap&#8221;:&#8221;small&#8221;,&#8221;title_grid_row_gap&#8221;:&#8221;small&#8221;}}]}]}],&#8221;name&#8221;:&#8221;Divider&#8221;},{&#8220;type&#8221;:&#8221;section&#8221;,&#8221;props&#8221;:{&#8220;image_position&#8221;:&#8221;center-center&#8221;,&#8221;style&#8221;:&#8221;default&#8221;,&#8221;title&#8221;:&#8221;Kritik&#8221;,&#8221;title_breakpoint&#8221;:&#8221;xl&#8221;,&#8221;title_position&#8221;:&#8221;top-left&#8221;,&#8221;title_rotation&#8221;:&#8221;left&#8221;,&#8221;vertical_align&#8221;:&#8221;&#8221;,&#8221;width&#8221;:&#8221;default&#8221;},&#8221;children&#8221;:[{&#8220;type&#8221;:&#8221;row&#8221;,&#8221;props&#8221;:{&#8220;layout&#8221;:&#8221;2-3,1-3&#8243;},&#8221;children&#8221;:[{&#8220;type&#8221;:&#8221;column&#8221;,&#8221;props&#8221;:{&#8220;image_position&#8221;:&#8221;center-center&#8221;,&#8221;position_sticky_breakpoint&#8221;:&#8221;m&#8221;,&#8221;width_medium&#8221;:&#8221;2-3&#8243;},&#8221;children&#8221;:[{&#8220;type&#8221;:&#8221;text&#8221;,&#8221;props&#8221;:{&#8220;column_breakpoint&#8221;:&#8221;m&#8221;,&#8221;content&#8221;:&#8221;<\/p>\n<h3 style=\\\"color: white;\\\">Kritik<\\\/h3>&#8220;,&#8221;margin&#8221;:&#8221;default&#8221;},&#8221;name&#8221;:&#8221;Kritik&#8221;},{&#8220;type&#8221;:&#8221;text&#8221;,&#8221;props&#8221;:{&#8220;column_breakpoint&#8221;:&#8221;m&#8221;,&#8221;content&#8221;:&#8221;<\/p>\n<div class=\\\"page\\\" title=\\\"Page 1\\\">\\n<\/p>\n<div class=\\\"layoutArea\\\">\\n<\/p>\n<div class=\\\"column\\\">\\n<\/p>\n<p class=\\\"uk-text-primary uk-text-italic\\\">Ga\\u0308ubote Herrenberg \\u2013 20.10.2021<\\\/p>\\n<\/p>\n<h2 class=\\\"\\\" style=\\\"color: white;\\\">Im Scho\\u0308nklang der Unendlichkeit<\\\/h2>\\n<\/p>\n<p><span>Entringen: Das Trio Ostinato spielt auf drei Flu\\u0308geln in der Michaelskirche ein Stu\\u0308ck von Simeon ten Holt<\\\/span><\\\/p>\\n<\/p>\n<p><em><strong>Thomas Morawitzky<\\\/strong><\\\/em><\\\/p>\\n<\/p>\n<p><span>Die Musik findet kein Ende und sucht auch keins in der Michaelskirche in Entringen. Die Musik besteht aus Kreisen, Variationen, leichten Verschiebungen von Akzenten und Harmonien, die immer wieder von vorne beginnen, sehr klangvoll, rauschhaft und beto\\u0308rend, in immer neuen Wellen, verdichtet zum Gewebe eines Stu\\u0308cks, das sich potenziell auf ewig dehnen ko\\u0308nnte. In dem Melodien umgehen wie silberne Fa\\u0308den in einem Teppich, helle Schatten, die auf den Gipfeln des Klanggebirges davonhuschen, wiederkehren, vielleicht in derselben Form, vielleicht vera\\u0308ndert.<\\\/span><\\\/p>\\n<\/p>\n<p><a href=\\\"http:\\\/\\\/ostinato.lupe.nl\\\/wp-content\\\/uploads\\\/2022\\\/01\\\/Rezension-Gaubote-entringen.pdf\\\">Lesen Sie hier mehr&#8230;<\\\/a><\\\/p>\\n<\/p>\n<p><\\\/p>\\n<\\\/div>\\n<\\\/div>\\n<\\\/div>&#8220;,&#8221;margin&#8221;:&#8221;default&#8221;}}]},{&#8220;type&#8221;:&#8221;column&#8221;,&#8221;props&#8221;:{&#8220;image_position&#8221;:&#8221;center-center&#8221;,&#8221;position_sticky_breakpoint&#8221;:&#8221;m&#8221;,&#8221;width_medium&#8221;:&#8221;1-3&#8243;},&#8221;children&#8221;:[{&#8220;type&#8221;:&#8221;slideshow&#8221;,&#8221;props&#8221;:{&#8220;link_style&#8221;:&#8221;default&#8221;,&#8221;link_text&#8221;:&#8221;Read more&#8221;,&#8221;margin&#8221;:&#8221;default&#8221;,&#8221;meta_align&#8221;:&#8221;below-title&#8221;,&#8221;meta_element&#8221;:&#8221;div&#8221;,&#8221;meta_style&#8221;:&#8221;text-meta&#8221;,&#8221;nav&#8221;:&#8221;dotnav&#8221;,&#8221;nav_align&#8221;:&#8221;center&#8221;,&#8221;nav_below&#8221;:true,&#8221;nav_breakpoint&#8221;:&#8221;s&#8221;,&#8221;nav_position&#8221;:&#8221;bottom-center&#8221;,&#8221;nav_position_margin&#8221;:&#8221;medium&#8221;,&#8221;overlay_animation&#8221;:&#8221;parallax&#8221;,&#8221;overlay_position&#8221;:&#8221;center-left&#8221;,&#8221;show_content&#8221;:true,&#8221;show_link&#8221;:false,&#8221;show_meta&#8221;:false,&#8221;show_thumbnail&#8221;:false,&#8221;show_title&#8221;:false,&#8221;slidenav&#8221;:&#8221;&#8221;,&#8221;slidenav_breakpoint&#8221;:&#8221;s&#8221;,&#8221;slidenav_margin&#8221;:&#8221;medium&#8221;,&#8221;slidenav_outside_breakpoint&#8221;:&#8221;xl&#8221;,&#8221;slideshow_autoplay&#8221;:true,&#8221;slideshow_autoplay_pause&#8221;:true,&#8221;slideshow_kenburns&#8221;:&#8221;alternate&#8221;,&#8221;slideshow_min_height&#8221;:300,&#8221;thumbnav_height&#8221;:&#8221;75&#8243;,&#8221;thumbnav_svg_color&#8221;:&#8221;emphasis&#8221;,&#8221;thumbnav_width&#8221;:&#8221;100&#8243;,&#8221;title_element&#8221;:&#8221;h3&#8243;,&#8221;title_hover_style&#8221;:&#8221;reset&#8221;},&#8221;children&#8221;:[{&#8220;type&#8221;:&#8221;slideshow_item&#8221;,&#8221;props&#8221;:{&#8220;image&#8221;:&#8221;wp-content\\\/uploads\\\/2022\\\/02\\\/EntringenAufbau01.jpg&#8221;}},{&#8220;type&#8221;:&#8221;slideshow_item&#8221;,&#8221;props&#8221;:{&#8220;image&#8221;:&#8221;wp-content\\\/uploads\\\/2022\\\/02\\\/EntringenAufbau03.jpg&#8221;}},{&#8220;type&#8221;:&#8221;slideshow_item&#8221;,&#8221;props&#8221;:{&#8220;image&#8221;:&#8221;wp-content\\\/uploads\\\/2022\\\/02\\\/EntringenAufbau02.jpg&#8221;}}]}]}]}],&#8221;name&#8221;:&#8221;Kritiken&#8221;},{&#8220;type&#8221;:&#8221;section&#8221;,&#8221;props&#8221;:{&#8220;image_position&#8221;:&#8221;center-center&#8221;,&#8221;style&#8221;:&#8221;default&#8221;,&#8221;title_breakpoint&#8221;:&#8221;xl&#8221;,&#8221;title_position&#8221;:&#8221;top-left&#8221;,&#8221;title_rotation&#8221;:&#8221;left&#8221;,&#8221;vertical_align&#8221;:&#8221;&#8221;,&#8221;width&#8221;:&#8221;default&#8221;},&#8221;children&#8221;:[{&#8220;type&#8221;:&#8221;row&#8221;,&#8221;children&#8221;:[{&#8220;type&#8221;:&#8221;column&#8221;,&#8221;props&#8221;:{&#8220;image_position&#8221;:&#8221;center-center&#8221;,&#8221;position_sticky_breakpoint&#8221;:&#8221;m&#8221;},&#8221;children&#8221;:[{&#8220;type&#8221;:&#8221;html&#8221;,&#8221;props&#8221;:{&#8220;content&#8221;:&#8221;<\/p>\n<div style=\\\"width: 100%; height: 2px; background-color: gray;\\\">&nbsp;<\\\/div>&#8220;},&#8221;name&#8221;:&#8221;white ruler&#8221;},{&#8220;type&#8221;:&#8221;totop&#8221;,&#8221;props&#8221;:{&#8220;margin&#8221;:&#8221;default&#8221;,&#8221;title_grid_column_gap&#8221;:&#8221;small&#8221;,&#8221;title_grid_row_gap&#8221;:&#8221;small&#8221;}}]}]}],&#8221;name&#8221;:&#8221;Divider&#8221;},{&#8220;type&#8221;:&#8221;section&#8221;,&#8221;props&#8221;:{&#8220;image_position&#8221;:&#8221;center-center&#8221;,&#8221;padding&#8221;:&#8221;none&#8221;,&#8221;style&#8221;:&#8221;default&#8221;,&#8221;title_breakpoint&#8221;:&#8221;xl&#8221;,&#8221;title_position&#8221;:&#8221;top-left&#8221;,&#8221;title_rotation&#8221;:&#8221;left&#8221;,&#8221;vertical_align&#8221;:&#8221;&#8221;,&#8221;width&#8221;:&#8221;default&#8221;},&#8221;children&#8221;:[{&#8220;type&#8221;:&#8221;row&#8221;,&#8221;props&#8221;:{&#8220;margin_remove_top&#8221;:true},&#8221;children&#8221;:[{&#8220;type&#8221;:&#8221;column&#8221;,&#8221;props&#8221;:{&#8220;image_position&#8221;:&#8221;center-center&#8221;,&#8221;position_sticky_breakpoint&#8221;:&#8221;m&#8221;},&#8221;children&#8221;:[{&#8220;type&#8221;:&#8221;headline&#8221;,&#8221;props&#8221;:{&#8220;content&#8221;:&#8221;<span class=\\\"uk-text-muted\\\">Trio ostinato<\\\/span>&#8220;,&#8221;margin&#8221;:&#8221;remove-vertical&#8221;,&#8221;title_element&#8221;:&#8221;h1&#8243;},&#8221;name&#8221;:&#8221;Trio Ostinato&#8221;}]}]}],&#8221;name&#8221;:&#8221;Trio Ostinato&#8221;},{&#8220;type&#8221;:&#8221;section&#8221;,&#8221;props&#8221;:{&#8220;image_position&#8221;:&#8221;center-center&#8221;,&#8221;padding_remove_top&#8221;:false,&#8221;style&#8221;:&#8221;default&#8221;,&#8221;title_breakpoint&#8221;:&#8221;xl&#8221;,&#8221;title_position&#8221;:&#8221;top-left&#8221;,&#8221;title_rotation&#8221;:&#8221;left&#8221;,&#8221;vertical_align&#8221;:&#8221;&#8221;,&#8221;width&#8221;:&#8221;default&#8221;},&#8221;children&#8221;:[{&#8220;type&#8221;:&#8221;row&#8221;,&#8221;props&#8221;:{&#8220;layout&#8221;:&#8221;1-3,2-3&#8243;},&#8221;children&#8221;:[{&#8220;type&#8221;:&#8221;column&#8221;,&#8221;props&#8221;:{&#8220;image_position&#8221;:&#8221;center-center&#8221;,&#8221;position_sticky_breakpoint&#8221;:&#8221;m&#8221;,&#8221;width_medium&#8221;:&#8221;1-3&#8243;},&#8221;children&#8221;:[{&#8220;type&#8221;:&#8221;html&#8221;,&#8221;props&#8221;:{&#8220;content&#8221;:&#8221;<\/p>\n<h1>&nbsp;<\\\/h1>&#8220;}},{&#8220;type&#8221;:&#8221;overlay&#8221;,&#8221;props&#8221;:{&#8220;content&#8221;:&#8221;<!--\n\n<p>Dorothea Schokking, Christa Kneppeck, Theo de Best<\\\/p>\\n-->&#8220;,&#8221;content_transition&#8221;:&#8221;slide-left&#8221;,&#8221;image&#8221;:&#8221;wp-content\\\/uploads\\\/2020\\\/11\\\/trio_ostinato_4.jpg&#8221;,&#8221;image_alt&#8221;:&#8221;Trio Ostinato, Dorothea Schokking, Christa Kneppeck, Theo de Best&#8221;,&#8221;image_transition&#8221;:&#8221;scale-up&#8221;,&#8221;link_style&#8221;:&#8221;default&#8221;,&#8221;link_text&#8221;:&#8221;Read more&#8221;,&#8221;margin&#8221;:&#8221;default&#8221;,&#8221;meta&#8221;:&#8221;Dorothea Schokking, Christa Kneppeck, Theo de Best&#8221;,&#8221;meta_align&#8221;:&#8221;below-title&#8221;,&#8221;meta_color&#8221;:&#8221;primary&#8221;,&#8221;meta_element&#8221;:&#8221;h4&#8243;,&#8221;meta_margin&#8221;:&#8221;remove&#8221;,&#8221;meta_style&#8221;:&#8221;h4&#8243;,&#8221;meta_transition&#8221;:&#8221;slide-left&#8221;,&#8221;overlay_hover&#8221;:true,&#8221;overlay_mode&#8221;:&#8221;cover&#8221;,&#8221;overlay_position&#8221;:&#8221;center&#8221;,&#8221;overlay_style&#8221;:&#8221;overlay-default&#8221;,&#8221;overlay_transition&#8221;:&#8221;fade&#8221;,&#8221;overlay_transition_background&#8221;:true,&#8221;text_align&#8221;:&#8221;center&#8221;,&#8221;text_color&#8221;:&#8221;light&#8221;,&#8221;title&#8221;:&#8221;Trio Ostinato&#8221;,&#8221;title_element&#8221;:&#8221;div&#8221;,&#8221;title_hover_style&#8221;:&#8221;reset&#8221;,&#8221;title_style&#8221;:&#8221;h2&#8243;,&#8221;title_transition&#8221;:&#8221;slide-right&#8221;},&#8221;name&#8221;:&#8221;Trio Ostinato hinter Fenster&#8221;}]},{&#8220;type&#8221;:&#8221;column&#8221;,&#8221;props&#8221;:{&#8220;image_position&#8221;:&#8221;center-center&#8221;,&#8221;position_sticky_breakpoint&#8221;:&#8221;m&#8221;,&#8221;width_medium&#8221;:&#8221;2-3&#8243;},&#8221;children&#8221;:[{&#8220;type&#8221;:&#8221;switcher&#8221;,&#8221;props&#8221;:{&#8220;content_column&#8221;:&#8221;1-3&#8243;,&#8221;content_column_breakpoint&#8221;:&#8221;m&#8221;,&#8221;content_column_divider&#8221;:false,&#8221;image_align&#8221;:&#8221;top&#8221;,&#8221;image_grid_breakpoint&#8221;:&#8221;m&#8221;,&#8221;image_grid_width&#8221;:&#8221;1-2&#8243;,&#8221;image_svg_color&#8221;:&#8221;emphasis&#8221;,&#8221;link_style&#8221;:&#8221;default&#8221;,&#8221;link_text&#8221;:&#8221;Read more&#8221;,&#8221;margin&#8221;:&#8221;default&#8221;,&#8221;meta_align&#8221;:&#8221;below-title&#8221;,&#8221;meta_element&#8221;:&#8221;div&#8221;,&#8221;meta_style&#8221;:&#8221;text-meta&#8221;,&#8221;nav&#8221;:&#8221;tab&#8221;,&#8221;nav_align&#8221;:&#8221;left&#8221;,&#8221;nav_grid_breakpoint&#8221;:&#8221;m&#8221;,&#8221;nav_grid_width&#8221;:&#8221;auto&#8221;,&#8221;nav_position&#8221;:&#8221;top&#8221;,&#8221;show_content&#8221;:true,&#8221;show_image&#8221;:false,&#8221;show_label&#8221;:false,&#8221;show_link&#8221;:false,&#8221;show_meta&#8221;:false,&#8221;show_thumbnail&#8221;:false,&#8221;show_title&#8221;:false,&#8221;switcher_animation&#8221;:&#8221;fade&#8221;,&#8221;switcher_height&#8221;:true,&#8221;thumbnav_height&#8221;:&#8221;75&#8243;,&#8221;thumbnav_svg_color&#8221;:&#8221;emphasis&#8221;,&#8221;thumbnav_width&#8221;:&#8221;100&#8243;,&#8221;title_align&#8221;:&#8221;top&#8221;,&#8221;title_element&#8221;:&#8221;h3&#8243;,&#8221;title_grid_breakpoint&#8221;:&#8221;m&#8221;,&#8221;title_grid_width&#8221;:&#8221;1-2&#8243;},&#8221;children&#8221;:[{&#8220;type&#8221;:&#8221;switcher_item&#8221;,&#8221;props&#8221;:{&#8220;content&#8221;:&#8221;<\/p>\n<p>Die drei Pianisten des Trios, Christa Kneppeck, Theo de Best und Dorothea Schokking hatten schon seit einiger Zeit mit Canto Ostinato gearbeitet, bevor das Trio entstand.<\\\/p>\\n<\/p>\n<p>Christa, die Initiatorin, hatte schon den Versuch gemacht, ein Ensemble f\\u00fcr Canto Ostinato zu gr\\u00fcnden.<\\\/p>\\n<\/p>\n<p>Theo hatte bereits eine Version f\\u00fcr zwei Klaviere f\\u00fcr sich und seinen Sohn David, der inzwischen auch Pianist ist, gemacht und zur Ausf\\u00fchrung gebracht.<\\\/p>\\n<\/p>\n<p>Dorothea hatte das Werk mit Sch\\u00fclern gespielt und an einer Auff\\u00fchrung mit einem ad hoc Ensemble in Utrecht mitgewirkt.<\\\/p>\\n<\/p>\n<p>Als diese drei Pianisten zu den ersten Proben zusammenkamen, wurde klar, dass bei allen der Wille und die Einsatzbereitschaft da waren, sich mit Canto Ostinato \\u201cauf die Reise\\u201d zu begeben. Das Besondere f\\u00fcr einen Pianisten ist hierbei, dass der Klang der drei Instrumente vollkommen miteinander verschmelzen soll, anders, als bei der Zusammenarbeit mit anderen Instrumenten, bei der das Klavier zum Gegen\\u00fcber, zum Partner wird.<\\\/p>\\n<\/p>\n<p>Vor der Premiere nahmen sie sich ein Jahr Zeit, um tief in das Werk einzusteigen und es f\\u00fcr diese Besetzung einzurichten.<\\\/p>\\n<\/p>\n<p>Es folgten erfolgreiche Auff\\u00fchrungen, zwei Mal im Rahmen der Musikbiennale Niederrhein in Beek\\\/Niederlande und Kloster Graefenthal\\\/ Deutschland, sowie in der pr\\u00e4chtigen Sankt Nicolaikirche in Kalkar\\\/Deutschland.<\\\/p>\\n<\/p>\n<p>Das Faszinierende ist, dass w\\u00e4hrend der gemeinsamen Probenarbeit und der Auff\\u00fchrungen Canto Ostinato jedesmal neu entsteht, so, wie der Komponist es sich vorgestellt hat.<\\\/p>\\n<\/p>\n<p>Es ist und bleibt eine fesselnde musikalische Reise miteinander und mit Canto Ostinato.<\\\/p>&#8220;,&#8221;meta&#8221;:&#8221;Deutsch&#8221;,&#8221;title&#8221;:&#8221;Deutsch&#8221;}},{&#8220;type&#8221;:&#8221;switcher_item&#8221;,&#8221;props&#8221;:{&#8220;content&#8221;:&#8221;<\/p>\n<p>De drie leden van het trio, Christa, Theo en Dorothea, waren al enige tijd bezig met Canto Ostinato voordat Trio ostinato ontstond.<\\\/p>\\n<\/p>\n<p>Christa had al eerder een poging tot vorming van een ensemble ondernomen. Die was helaas niet succesvol.<\\\/p>\\n<\/p>\n<p>Theo had een versie voor twee piano\\u2019s voor zichzelf en zijn zoon David de Best, inmiddels ook pianist, gemaakt.<\\\/p>\\n<\/p>\n<p>Dorothea had met leerlingen Canto Ostinato gespeeld en al een keer aan een uitvoering in Utrecht meegewerkt.<\\\/p>\\n<\/p>\n<p>Toen deze drie pianisten voor de eerste repetities bij elkaar kwamen, werd duidelijk dat er genoeg \\u201ccommitment\\u201d was om samen met Canto Ostinato \\u201cop reis\\u201d te gaan. Anders dan bij de samenwerking met andere instrumenten, waarbij de pianist een partner is, is hier de uitdaging voor het trio de klank van de drie instrumenten volledig met elkaar te laten versmelten.<\\\/p>\\n<\/p>\n<p>Voor de eerste uitvoering hebben zij een jaar de tijd genomen om dit werk grondig te leren kennen en een voor dit trio geschikte verdeling van de partijen te maken.<\\\/p>\\n<\/p>\n<p>Er volgden succesvolle uitvoeringen, waaronder twee keer tijdens de Muziekbiennale Niederrhein in Beek en in Kloster Graefenthal \\\/ Duitsland, zoals ook in de prachtige St. Nicolaikirche te Kalkar \\\/ Duitsland.<\\\/p>\\n<\/p>\n<p>Het fascinerende is, dat er tijdens het repeteren \\u00e9n uitvoeren van Canto Ostinato telkens weer nieuwe idee\\u00ebn ontstaan en op deze manier het werk elke keer opnieuw geboren wordt, precies zoals de componist het zich had voorgesteld.<\\\/p>\\n<\/p>\n<p>Het blijft een boeiende muzikale reis met elkaar en Canto Ostinato.<\\\/p>&#8220;,&#8221;meta&#8221;:&#8221;Nederlands&#8221;,&#8221;title&#8221;:&#8221;Nederlands&#8221;}}]}]}]}],&#8221;name&#8221;:&#8221;Wer ist Trio Ostinato&#8221;},{&#8220;type&#8221;:&#8221;section&#8221;,&#8221;props&#8221;:{&#8220;image_position&#8221;:&#8221;center-center&#8221;,&#8221;style&#8221;:&#8221;default&#8221;,&#8221;title_breakpoint&#8221;:&#8221;xl&#8221;,&#8221;title_position&#8221;:&#8221;top-left&#8221;,&#8221;title_rotation&#8221;:&#8221;left&#8221;,&#8221;vertical_align&#8221;:&#8221;&#8221;,&#8221;width&#8221;:&#8221;default&#8221;},&#8221;children&#8221;:[{&#8220;type&#8221;:&#8221;row&#8221;,&#8221;children&#8221;:[{&#8220;type&#8221;:&#8221;column&#8221;,&#8221;props&#8221;:{&#8220;image_position&#8221;:&#8221;center-center&#8221;,&#8221;position_sticky_breakpoint&#8221;:&#8221;m&#8221;},&#8221;children&#8221;:[{&#8220;type&#8221;:&#8221;html&#8221;,&#8221;props&#8221;:{&#8220;content&#8221;:&#8221;<\/p>\n<div style=\\\"width: 100%; height: 2px; background-color: gray;\\\">&nbsp;<\\\/div>&#8220;},&#8221;name&#8221;:&#8221;white ruler&#8221;},{&#8220;type&#8221;:&#8221;totop&#8221;,&#8221;props&#8221;:{&#8220;margin&#8221;:&#8221;default&#8221;,&#8221;title_grid_column_gap&#8221;:&#8221;small&#8221;,&#8221;title_grid_row_gap&#8221;:&#8221;small&#8221;}}]}]}],&#8221;name&#8221;:&#8221;Divider&#8221;},{&#8220;type&#8221;:&#8221;section&#8221;,&#8221;props&#8221;:{&#8220;image_position&#8221;:&#8221;center-center&#8221;,&#8221;padding&#8221;:&#8221;none&#8221;,&#8221;style&#8221;:&#8221;default&#8221;,&#8221;title_breakpoint&#8221;:&#8221;xl&#8221;,&#8221;title_position&#8221;:&#8221;top-left&#8221;,&#8221;title_rotation&#8221;:&#8221;left&#8221;,&#8221;vertical_align&#8221;:&#8221;&#8221;,&#8221;width&#8221;:&#8221;default&#8221;},&#8221;children&#8221;:[{&#8220;type&#8221;:&#8221;row&#8221;,&#8221;props&#8221;:{&#8220;margin&#8221;:&#8221;remove-vertical&#8221;,&#8221;margin_remove_bottom&#8221;:true,&#8221;row_gap&#8221;:&#8221;collapse&#8221;},&#8221;children&#8221;:[{&#8220;type&#8221;:&#8221;column&#8221;,&#8221;props&#8221;:{&#8220;image_position&#8221;:&#8221;center-center&#8221;,&#8221;position_sticky_breakpoint&#8221;:&#8221;m&#8221;},&#8221;children&#8221;:[{&#8220;type&#8221;:&#8221;headline&#8221;,&#8221;props&#8221;:{&#8220;content&#8221;:&#8221;<span class=\\\"uk-text-muted\\\">\\u00dcber Canto Ostinato<\\\/span>&#8220;,&#8221;title_element&#8221;:&#8221;h1&#8243;},&#8221;name&#8221;:&#8221;\\u00dcber Canto Ostinato&#8221;}]}]}]},{&#8220;type&#8221;:&#8221;section&#8221;,&#8221;props&#8221;:{&#8220;image_position&#8221;:&#8221;center-center&#8221;,&#8221;style&#8221;:&#8221;default&#8221;,&#8221;title_breakpoint&#8221;:&#8221;xl&#8221;,&#8221;title_position&#8221;:&#8221;top-left&#8221;,&#8221;title_rotation&#8221;:&#8221;left&#8221;,&#8221;vertical_align&#8221;:&#8221;&#8221;,&#8221;width&#8221;:&#8221;default&#8221;},&#8221;children&#8221;:[{&#8220;type&#8221;:&#8221;row&#8221;,&#8221;props&#8221;:{&#8220;layout&#8221;:&#8221;1-3,1-3,1-3&#8243;,&#8221;margin&#8221;:&#8221;remove-vertical&#8221;,&#8221;margin_remove_top&#8221;:true},&#8221;children&#8221;:[{&#8220;type&#8221;:&#8221;column&#8221;,&#8221;props&#8221;:{&#8220;image_position&#8221;:&#8221;center-center&#8221;,&#8221;position_sticky_breakpoint&#8221;:&#8221;m&#8221;,&#8221;width_medium&#8221;:&#8221;1-3&#8243;},&#8221;children&#8221;:[{&#8220;type&#8221;:&#8221;switcher&#8221;,&#8221;props&#8221;:{&#8220;content_column_breakpoint&#8221;:&#8221;m&#8221;,&#8221;content_column_divider&#8221;:false,&#8221;content_dropcap&#8221;:false,&#8221;image_align&#8221;:&#8221;top&#8221;,&#8221;image_grid_breakpoint&#8221;:&#8221;m&#8221;,&#8221;image_grid_width&#8221;:&#8221;1-2&#8243;,&#8221;image_svg_color&#8221;:&#8221;emphasis&#8221;,&#8221;link_style&#8221;:&#8221;default&#8221;,&#8221;link_text&#8221;:&#8221;Read more&#8221;,&#8221;margin&#8221;:&#8221;default&#8221;,&#8221;meta_align&#8221;:&#8221;below-title&#8221;,&#8221;meta_element&#8221;:&#8221;div&#8221;,&#8221;meta_style&#8221;:&#8221;text-meta&#8221;,&#8221;nav&#8221;:&#8221;tab&#8221;,&#8221;nav_align&#8221;:&#8221;left&#8221;,&#8221;nav_grid_breakpoint&#8221;:&#8221;m&#8221;,&#8221;nav_grid_width&#8221;:&#8221;auto&#8221;,&#8221;nav_position&#8221;:&#8221;top&#8221;,&#8221;show_content&#8221;:true,&#8221;show_image&#8221;:false,&#8221;show_label&#8221;:false,&#8221;show_link&#8221;:false,&#8221;show_meta&#8221;:false,&#8221;show_thumbnail&#8221;:false,&#8221;show_title&#8221;:false,&#8221;switcher_animation&#8221;:&#8221;fade&#8221;,&#8221;switcher_height&#8221;:true,&#8221;thumbnav_height&#8221;:&#8221;75&#8243;,&#8221;thumbnav_svg_color&#8221;:&#8221;emphasis&#8221;,&#8221;thumbnav_width&#8221;:&#8221;100&#8243;,&#8221;title_align&#8221;:&#8221;top&#8221;,&#8221;title_element&#8221;:&#8221;h3&#8243;,&#8221;title_grid_breakpoint&#8221;:&#8221;m&#8221;,&#8221;title_grid_width&#8221;:&#8221;1-2&#8243;},&#8221;children&#8221;:[{&#8220;type&#8221;:&#8221;switcher_item&#8221;,&#8221;props&#8221;:{&#8220;content&#8221;:&#8221;<!--\n\n<div style=\\\"column-count: 3;\\\"> -->\\n<\/p>\n<p>Irgendwann hielt Simeon ten Holt es nicht mehr aus, und \\u201ckroch wieder an das Klavier\\u201d. Er befand sich in \\u201cfrostkalter Nacht, in der die Tonalit\\u00e4t ganz und gar verloren war\\u201d und er selbst \\u201cein verdorrtes Blatt\\u201d geworden war, wie er selbst es formulierte. Am Klavier begann sein Blut wieder zu str\\u00f6men, Sensualit\\u00e4t und Leben wurden wieder aktiviert.<\\\/p>\\n<\/p>\n<p>Er strebte allerdings nach einer Form, die anders war, als man es von der klassischen Musik her kennt. Er machte aus den Elementen, wie den melodischen Motiven und den erkennbaren traditionellen harmonischen Akkorden, selbst\\u00e4ndige musikalische Objekte.<\\\/p>\\n<\/p>\n<p><\\\/p>\\n<\/p>\n<h4 class=\\\"uk-text-muted uk-text-bold uk-text-italic\\\">Zeit wird Raum<\\\/h4>\\n<\/p>\n<p>Ten Holt: \\u201cZeit wird der Raum in dem das musikalische Objekt schwebt.\\u201d So entstand Canto Ostinato, Anfang der siebziger Jahre, noch \\u201cPerpetuum\\u201d genannt, in der Tat ein sehr sensuelles Werk f\\u00fcr ein bis vier Tasteninstrumente.<\\\/p>\\n<!--\\n\n\n<h4 class=\\\"uk-text-muted uk-text-bold uk-text-italic\\\">Freiheiten<\\\/h4>\\n\n\n<p>Es besteht aus kurzen musikalischen Elementen, die als Gesamtheit die circa zweist\\u00fcndige Komposition bilden. Die Ausf\\u00fchrenden haben bestimmte Freiheiten: So entscheiden sie zum Beispiel \\u00fcber Wiederholungen, dynamische Kontraste und Klangfarben. Ten Holt beschr\\u00e4nkt sich in gewissem Sinne auf ein Konzept, wodurch Canto Ostinato bei jeder Auff\\u00fchrung \\u201cneu geboren\\u201d wird, und wodurch das Werk auch variabel in seiner Spieldauer ist. In dieser Klangwelt kann der Zuh\\u00f6rer Raum und Zeit vergessen.<\\\/p>\\n\n\n<h4 class=\\\"uk-text-muted uk-text-bold uk-text-italic\\\">Erfolgsgeschichte<\\\/h4>\\n\n\n<p>Erst am 25. April 1979 durfte Canto Ostinato in der Ru\\u00efnekerk zu Bergen\\\/ Noordholland in Premiere gehen, nachdem Ten Holt es davor drei Jahre lang verborgen gehalten hatte. Es war gleich bei der Premiere ein \\u00fcberraschender Erfolg. Diese Erfolgsgeschichte setzt sich bis heute fort: Canto Ostinato geh\\u00f6rt zu den beliebtesten und bekanntesten zeitgen\\u00f6ssischen Kompositionen der Niederlande.<\\\/p>\\n-->\\n<!-- <\\\/div> -->&#8220;,&#8221;title&#8221;:&#8221;Deutsch&#8221;}},{&#8220;type&#8221;:&#8221;switcher_item&#8221;,&#8221;props&#8221;:{&#8220;content&#8221;:&#8221;<\/p>\n<p>Op een gegeven moment hield Simeon ten Holt het niet meer uit en \\u201ckroop weer achter de piano\\u201d. Hij bevond zich \\u201din de vriesnacht waarin de tonaliteit absoluut zoek was\\u201d en hij \\u201ceen dor blad was geworden\\u201d, zoals hij het zelf beschreef. Aan de piano begon zijn bloed weer te stromen en de sensualiteit en het leven werden weer geactiveerd. Hij streefde wel naar een andere vorm dan wat men van de klassieke muziek al kent. Hij maakte van de elementen, zoals melodische motieven en de herkenbare traditionele harmonische akkoorden, zelfstandige muzikale objecten.<\\\/p>\\n<\/p>\n<h4 class=\\\"uk-text-muted uk-text-bold uk-text-italic\\\">Tijd wordt ruimte<\\\/h4>\\n<\/p>\n<p>Ten Holt: \\u201cTijd wordt de ruimte waarin het muzikale object gaat zweven\\u201d. Zo ontstond Canto Ostinato, begin jaren 70 toen het ontstond nog \\u201cPerpetuum\\u201d genoemd, een inderdaad uiterst sensueel werk voor \\u00e9\\u00e9n tot vier toetsinstrumenten.<\\\/p>\\n<!--\\n\n\n<h4 class=\\\"uk-text-muted uk-text-bold uk-text-italic\\\">Vrijheden<\\\/h4>\\n\n\n<p>Het stuk bestaat uit korte muzikale elementen, die samen de circa twee uur durende compositie vormen. De spelers hebben bepaalde vrijheden: zij beslissen bijvoorbeeld over herhalingen, dynamische contrasten en klankkleuren. Ten Holt beperkt zich in zekere zin tot een concept, waardoor Canto Ostinato bij elke uitvoering als het ware \\u201cherboren\\u201d wordt en waardoor het werk ook variabel in lengte is. In deze klankwereld kan de luisteraar tijd en ruimte vergeten.<\\\/p>\\n\\n\n\n<h4 class=\\\"uk-text-muted uk-text-bold uk-text-italic\\\">Verrassend succes<\\\/h4>\\n\n\n<p>Pas op 25 april 1979 mocht Canto Ostinato in de Ru\\u00efnekerk te Bergen (NH) het daglicht zien nadat Ten Holt het daarvoor drie jaar lang niet openbaar durfde te maken. Het was meteen bij de premi\\u00e9re een verrassend succes. Inmiddels geniet Canto Ostinato in Nederland steeds grotere populariteit en telt het werk tot de meest bekende en geliefde composities uit de twintigste eeuw.<\\\/p>\\n-->&#8220;,&#8221;title&#8221;:&#8221;Nederlands&#8221;}}]}]},{&#8220;type&#8221;:&#8221;column&#8221;,&#8221;props&#8221;:{&#8220;image_position&#8221;:&#8221;center-center&#8221;,&#8221;position_sticky_breakpoint&#8221;:&#8221;m&#8221;,&#8221;width_medium&#8221;:&#8221;1-3&#8243;},&#8221;children&#8221;:[{&#8220;type&#8221;:&#8221;html&#8221;,&#8221;props&#8221;:{&#8220;content&#8221;:&#8221;<\/p>\n<h1>&nbsp; <\\\/h1>&#8220;}},{&#8220;type&#8221;:&#8221;overlay&#8221;,&#8221;props&#8221;:{&#8220;content&#8221;:&#8221;&#8221;,&#8221;content_transition&#8221;:&#8221;slide-left&#8221;,&#8221;image&#8221;:&#8221;wp-content\\\/uploads\\\/2020\\\/11\\\/canto_detail-02.jpg&#8221;,&#8221;image_alt&#8221;:&#8221;Detail aus Canto Ostinato von Simeon ten Holt&#8221;,&#8221;image_transition&#8221;:&#8221;scale-up&#8221;,&#8221;link_style&#8221;:&#8221;default&#8221;,&#8221;link_text&#8221;:&#8221;Read more&#8221;,&#8221;margin&#8221;:&#8221;default&#8221;,&#8221;meta&#8221;:&#8221;Detail aus Canto Ostinato von Simeon ten Holt&#8221;,&#8221;meta_align&#8221;:&#8221;below-title&#8221;,&#8221;meta_element&#8221;:&#8221;h3&#8243;,&#8221;meta_style&#8221;:&#8221;h6&#8243;,&#8221;meta_transition&#8221;:&#8221;slide-bottom-small&#8221;,&#8221;overlay_hover&#8221;:true,&#8221;overlay_mode&#8221;:&#8221;cover&#8221;,&#8221;overlay_position&#8221;:&#8221;center&#8221;,&#8221;overlay_style&#8221;:&#8221;overlay-primary&#8221;,&#8221;overlay_transition&#8221;:&#8221;fade&#8221;,&#8221;overlay_transition_background&#8221;:false,&#8221;text_align&#8221;:&#8221;center&#8221;,&#8221;text_color&#8221;:&#8221;light&#8221;,&#8221;title&#8221;:&#8221;Detail aus Canto Ostinato von Simeon ten Holt&#8221;,&#8221;title_element&#8221;:&#8221;div&#8221;,&#8221;title_hover_style&#8221;:&#8221;reset&#8221;,&#8221;title_style&#8221;:&#8221;h3&#8243;,&#8221;title_transition&#8221;:&#8221;slide-bottom-small&#8221;}},{&#8220;type&#8221;:&#8221;html&#8221;,&#8221;name&#8221;:&#8221;Audiofragment&#8221;,&#8221;props&#8221;:{&#8220;content&#8221;:&#8221;\\nhttp:\\\/\\\/ostinato.lupe.nl\\\/wp-content\\\/uploads\\\/2020\\\/11\\\/canto_ostinato_kalkar.m4a\\n<i><center>Audiofragment einer Auff&uuml;rung in der St. Nicolai Kirche in Kalkar, Juli 2019<\\\/center><\\\/i>&#8220;}}]},{&#8220;type&#8221;:&#8221;column&#8221;,&#8221;props&#8221;:{&#8220;image_position&#8221;:&#8221;center-center&#8221;,&#8221;position_sticky_breakpoint&#8221;:&#8221;m&#8221;,&#8221;width_medium&#8221;:&#8221;1-3&#8243;},&#8221;children&#8221;:[{&#8220;type&#8221;:&#8221;switcher&#8221;,&#8221;props&#8221;:{&#8220;content_column_breakpoint&#8221;:&#8221;m&#8221;,&#8221;content_column_divider&#8221;:false,&#8221;content_dropcap&#8221;:false,&#8221;image_align&#8221;:&#8221;top&#8221;,&#8221;image_grid_breakpoint&#8221;:&#8221;m&#8221;,&#8221;image_grid_width&#8221;:&#8221;1-2&#8243;,&#8221;image_svg_color&#8221;:&#8221;emphasis&#8221;,&#8221;link_style&#8221;:&#8221;default&#8221;,&#8221;link_text&#8221;:&#8221;Read more&#8221;,&#8221;margin&#8221;:&#8221;default&#8221;,&#8221;meta_align&#8221;:&#8221;below-title&#8221;,&#8221;meta_element&#8221;:&#8221;div&#8221;,&#8221;meta_style&#8221;:&#8221;text-meta&#8221;,&#8221;nav&#8221;:&#8221;tab&#8221;,&#8221;nav_align&#8221;:&#8221;left&#8221;,&#8221;nav_grid_breakpoint&#8221;:&#8221;m&#8221;,&#8221;nav_grid_width&#8221;:&#8221;auto&#8221;,&#8221;nav_position&#8221;:&#8221;top&#8221;,&#8221;show_content&#8221;:true,&#8221;show_image&#8221;:false,&#8221;show_label&#8221;:false,&#8221;show_link&#8221;:false,&#8221;show_meta&#8221;:false,&#8221;show_thumbnail&#8221;:false,&#8221;show_title&#8221;:false,&#8221;switcher_animation&#8221;:&#8221;fade&#8221;,&#8221;switcher_height&#8221;:true,&#8221;thumbnav_height&#8221;:&#8221;75&#8243;,&#8221;thumbnav_svg_color&#8221;:&#8221;emphasis&#8221;,&#8221;thumbnav_width&#8221;:&#8221;100&#8243;,&#8221;title_align&#8221;:&#8221;top&#8221;,&#8221;title_element&#8221;:&#8221;h3&#8243;,&#8221;title_grid_breakpoint&#8221;:&#8221;m&#8221;,&#8221;title_grid_width&#8221;:&#8221;1-2&#8243;},&#8221;children&#8221;:[{&#8220;type&#8221;:&#8221;switcher_item&#8221;,&#8221;props&#8221;:{&#8220;content&#8221;:&#8221;<!--\n\n<div style=\\\"column-count: 3;\\\"> -->\\n<!--\\n\n\n<p>Irgendwann hielt Simeon ten Holt es nicht mehr aus, und \\u201ckroch wieder an das Klavier\\u201d. Er befand sich in \\u201cfrostkalter Nacht, in der die Tonalit\\u00e4t ganz und gar verloren war\\u201d und er selbst \\u201cein verdorrtes Blatt\\u201d geworden war, wie er selbst es formulierte. Am Klavier begann sein Blut wieder zu str\\u00f6men, Sensualit\\u00e4t und Leben wurden wieder aktiviert.<\\\/p>\\n\n\n<p>Er strebte allerdings nach einer Form, die anders war, als man es von der klassischen Musik her kennt. Er machte aus den Elementen, wie den melodischen Motiven und den erkennbaren traditionellen harmonischen Akkorden, selbst\\u00e4ndige musikalische Objekte.<\\\/p>\\n\n\n<p><\\\/p>\\n\n\n<h4 class=\\\"uk-text-muted uk-text-bold uk-text-italic\\\">Zeit wird Raum<\\\/h4>\\n\n\n<p>Ten Holt: \\u201cZeit wird der Raum in dem das musikalische Objekt schwebt.\\u201d So entstand Canto Ostinato, Anfang der siebziger Jahre, noch \\u201cPerpetuum\\u201d genannt, in der Tat ein sehr sensuelles Werk f\\u00fcr ein bis vier Tasteninstrumente.<\\\/p>\\n-->\\n<\/p>\n<h4 class=\\\"uk-text-muted uk-text-bold uk-text-italic\\\">Freiheiten<\\\/h4>\\n<\/p>\n<p>Es besteht aus kurzen musikalischen Elementen, die als Gesamtheit die circa zweist\\u00fcndige Komposition bilden. Die Ausf\\u00fchrenden haben bestimmte Freiheiten: So entscheiden sie zum Beispiel \\u00fcber Wiederholungen, dynamische Kontraste und Klangfarben. Ten Holt beschr\\u00e4nkt sich in gewissem Sinne auf ein Konzept, wodurch Canto Ostinato bei jeder Auff\\u00fchrung \\u201cneu geboren\\u201d wird, und wodurch das Werk auch variabel in seiner Spieldauer ist. In dieser Klangwelt kann der Zuh\\u00f6rer Raum und Zeit vergessen.<\\\/p>\\n<\/p>\n<h4 class=\\\"uk-text-muted uk-text-bold uk-text-italic\\\">Erfolgsgeschichte<\\\/h4>\\n<\/p>\n<p>Erst am 25. April 1979 durfte Canto Ostinato in der Ru\\u00efnekerk zu Bergen\\\/ Noordholland in Premiere gehen, nachdem Ten Holt es davor drei Jahre lang verborgen gehalten hatte. Es war gleich bei der Premiere ein \\u00fcberraschender Erfolg. Diese Erfolgsgeschichte setzt sich bis heute fort: Canto Ostinato geh\\u00f6rt zu den beliebtesten und bekanntesten zeitgen\\u00f6ssischen Kompositionen der Niederlande.<\\\/p>\\n<!-- <\\\/div> -->&#8220;,&#8221;title&#8221;:&#8221;Deutsch&#8221;}},{&#8220;type&#8221;:&#8221;switcher_item&#8221;,&#8221;props&#8221;:{&#8220;content&#8221;:&#8221;<!--\\n\n\n<p>Op een gegeven moment hield Simeon ten Holt het niet meer uit en \\u201ckroop weer achter de piano\\u201d. Hij bevond zich \\u201din de vriesnacht waarin de tonaliteit absoluut zoek was\\u201d en hij \\u201ceen dor blad was geworden\\u201d, zoals hij het zelf beschreef. Aan de piano begon zijn bloed weer te stromen en de sensualiteit en het leven werden weer geactiveerd. Hij streefde wel naar een andere vorm dan wat men van de klassieke muziek al kent. Hij maakte van de elementen, zoals melodische motieven en de herkenbare traditionele harmonische akkoorden, zelfstandige muzikale objecten.<\\\/p>\\n\n\n<h4 class=\\\"uk-text-muted uk-text-bold uk-text-italic\\\">Tijd wordt ruimte<\\\/h4>\\n\n\n<p>Ten Holt: \\u201cTijd wordt de ruimte waarin het muzikale object gaat zweven\\u201d. Zo ontstond Canto Ostinato, begin jaren 70 toen het ontstond nog \\u201cPerpetuum\\u201d genoemd, een inderdaad uiterst sensueel werk voor \\u00e9\\u00e9n tot vier toetsinstrumenten.<\\\/p>\\n-->\\n<\/p>\n<h4 class=\\\"uk-text-muted uk-text-bold uk-text-italic\\\">Vrijheden<\\\/h4>\\n<\/p>\n<p>Het stuk bestaat uit korte muzikale elementen, die samen de circa twee uur durende compositie vormen. De spelers hebben bepaalde vrijheden: zij beslissen bijvoorbeeld over herhalingen, dynamische contrasten en klankkleuren. Ten Holt beperkt zich in zekere zin tot een concept, waardoor Canto Ostinato bij elke uitvoering als het ware \\u201cherboren\\u201d wordt en waardoor het werk ook variabel in lengte is. In deze klankwereld kan de luisteraar tijd en ruimte vergeten.<\\\/p>\\n<\/p>\n<h4 class=\\\"uk-text-muted uk-text-bold uk-text-italic\\\">Verrassend succes<\\\/h4>\\n<\/p>\n<p>Pas op 25 april 1979 mocht Canto Ostinato in de Ru\\u00efnekerk te Bergen (NH) het daglicht zien nadat Ten Holt het daarvoor drie jaar lang niet openbaar durfde te maken. Het was meteen bij de premi\\u00e9re een verrassend succes. Inmiddels geniet Canto Ostinato in Nederland steeds grotere populariteit en telt het werk tot de meest bekende en geliefde composities uit de twintigste eeuw.<\\\/p>&#8220;,&#8221;title&#8221;:&#8221;Nederlands&#8221;}}]}]}]}],&#8221;name&#8221;:&#8221;\\u00dcber Canto Ostinato&#8221;},{&#8220;type&#8221;:&#8221;section&#8221;,&#8221;props&#8221;:{&#8220;image_position&#8221;:&#8221;center-center&#8221;,&#8221;padding&#8221;:&#8221;none&#8221;,&#8221;style&#8221;:&#8221;default&#8221;,&#8221;title_breakpoint&#8221;:&#8221;xl&#8221;,&#8221;title_position&#8221;:&#8221;top-left&#8221;,&#8221;title_rotation&#8221;:&#8221;left&#8221;,&#8221;vertical_align&#8221;:&#8221;&#8221;,&#8221;width&#8221;:&#8221;default&#8221;},&#8221;children&#8221;:[{&#8220;type&#8221;:&#8221;row&#8221;,&#8221;props&#8221;:{&#8220;margin&#8221;:&#8221;remove-vertical&#8221;},&#8221;children&#8221;:[{&#8220;type&#8221;:&#8221;column&#8221;,&#8221;props&#8221;:{&#8220;image_position&#8221;:&#8221;center-center&#8221;,&#8221;position_sticky_breakpoint&#8221;:&#8221;m&#8221;},&#8221;children&#8221;:[{&#8220;type&#8221;:&#8221;headline&#8221;,&#8221;props&#8221;:{&#8220;content&#8221;:&#8221;<span class=\\\"uk-text-muted\\\">Simeon ten Holt<\\\/span>&#8220;,&#8221;title_element&#8221;:&#8221;h1&#8243;},&#8221;name&#8221;:&#8221;Simeon ten Holt&#8221;}]}]}],&#8221;name&#8221;:&#8221;Simeon ten Holt&#8221;},{&#8220;type&#8221;:&#8221;section&#8221;,&#8221;props&#8221;:{&#8220;image_position&#8221;:&#8221;center-center&#8221;,&#8221;style&#8221;:&#8221;default&#8221;,&#8221;title_breakpoint&#8221;:&#8221;xl&#8221;,&#8221;title_position&#8221;:&#8221;top-left&#8221;,&#8221;title_rotation&#8221;:&#8221;left&#8221;,&#8221;vertical_align&#8221;:&#8221;&#8221;,&#8221;width&#8221;:&#8221;default&#8221;},&#8221;children&#8221;:[{&#8220;type&#8221;:&#8221;row&#8221;,&#8221;props&#8221;:{&#8220;layout&#8221;:&#8221;1-3,2-3&#8243;},&#8221;children&#8221;:[{&#8220;type&#8221;:&#8221;column&#8221;,&#8221;props&#8221;:{&#8220;image_position&#8221;:&#8221;center-center&#8221;,&#8221;position_sticky_breakpoint&#8221;:&#8221;m&#8221;,&#8221;width_medium&#8221;:&#8221;1-3&#8243;},&#8221;children&#8221;:[{&#8220;type&#8221;:&#8221;html&#8221;,&#8221;props&#8221;:{&#8220;content&#8221;:&#8221;<\/p>\n<h1>&nbsp;<\\\/h1>&#8220;}},{&#8220;type&#8221;:&#8221;image&#8221;,&#8221;props&#8221;:{&#8220;image&#8221;:&#8221;wp-content\\\/uploads\\\/2020\\\/11\\\/simeon-ten-holt-1024&#215;680-1.jpg&#8221;,&#8221;image_svg_color&#8221;:&#8221;emphasis&#8221;,&#8221;margin&#8221;:&#8221;default&#8221;,&#8221;maxwidth&#8221;:&#8221;medium&#8221;}}]},{&#8220;type&#8221;:&#8221;column&#8221;,&#8221;props&#8221;:{&#8220;image_position&#8221;:&#8221;center-center&#8221;,&#8221;position_sticky_breakpoint&#8221;:&#8221;m&#8221;,&#8221;width_medium&#8221;:&#8221;2-3&#8243;},&#8221;children&#8221;:[{&#8220;type&#8221;:&#8221;switcher&#8221;,&#8221;props&#8221;:{&#8220;content_column&#8221;:&#8221;1-3&#8243;,&#8221;content_column_breakpoint&#8221;:&#8221;m&#8221;,&#8221;image_align&#8221;:&#8221;top&#8221;,&#8221;image_grid_breakpoint&#8221;:&#8221;m&#8221;,&#8221;image_grid_width&#8221;:&#8221;1-2&#8243;,&#8221;image_svg_color&#8221;:&#8221;emphasis&#8221;,&#8221;link_style&#8221;:&#8221;default&#8221;,&#8221;link_text&#8221;:&#8221;Read more&#8221;,&#8221;margin&#8221;:&#8221;default&#8221;,&#8221;meta_align&#8221;:&#8221;below-title&#8221;,&#8221;meta_element&#8221;:&#8221;div&#8221;,&#8221;meta_style&#8221;:&#8221;text-meta&#8221;,&#8221;nav&#8221;:&#8221;tab&#8221;,&#8221;nav_align&#8221;:&#8221;left&#8221;,&#8221;nav_grid_breakpoint&#8221;:&#8221;m&#8221;,&#8221;nav_grid_width&#8221;:&#8221;auto&#8221;,&#8221;nav_position&#8221;:&#8221;top&#8221;,&#8221;show_content&#8221;:true,&#8221;show_image&#8221;:false,&#8221;show_label&#8221;:false,&#8221;show_link&#8221;:false,&#8221;show_meta&#8221;:false,&#8221;show_thumbnail&#8221;:false,&#8221;show_title&#8221;:false,&#8221;switcher_animation&#8221;:&#8221;fade&#8221;,&#8221;switcher_height&#8221;:true,&#8221;thumbnav_height&#8221;:&#8221;75&#8243;,&#8221;thumbnav_svg_color&#8221;:&#8221;emphasis&#8221;,&#8221;thumbnav_width&#8221;:&#8221;100&#8243;,&#8221;title_align&#8221;:&#8221;top&#8221;,&#8221;title_element&#8221;:&#8221;h3&#8243;,&#8221;title_grid_breakpoint&#8221;:&#8221;m&#8221;,&#8221;title_grid_width&#8221;:&#8221;1-2&#8243;},&#8221;children&#8221;:[{&#8220;type&#8221;:&#8221;switcher_item&#8221;,&#8221;props&#8221;:{&#8220;content&#8221;:&#8221;<\/p>\n<p>Simeon ten Holt (1923 &#8211; 2012) wuchs als Sohn des Malers Henri ten Holt in Bergen\\\/ Noordholland auf, studierte erst in Bergen bei dem Komponisten Jacob van Domselaer und von 1949 bis 1954 bei Arthur Honegger und Darius Milhaud an der \\u00c9cole Normale in Paris. Nach seiner R\\u00fcckkehr nach Bergen besch\\u00e4ftigte er sich einige Jahre lang vor allem mit dem Strukturalismus und der seriellen Musik. Sp\\u00e4ter sagte er \\u00fcber diese Zeit: \\u201cIch sa\\u00df da wie ein Beamter und notierte meine T\\u00f6ne.\\u201d<\\\/p>\\n<\/p>\n<p>1986 gr\\u00fcndete er die \\u201cArbeitsgruppe zeitgen\\u00f6ssische Musik Bergen\\u201d, die Konzerte mit ausschlie\\u00dflich zeitgen\\u00f6ssischen Kompositionen organisierte. Von 1969 bis 1975 arbeitete er in Utrecht am Institut f\\u00fcr Sonologie und war von 1970 bis 1987 Dozent an der Akademie f\\u00fcr bildende Kunst in Arnheim.<\\\/p>\\n<\/p>\n<p>Die Entstehung von Canto Ostinato war ein Wendepunkt in ten Holts Laufbahn. Er nahm Abschied vom Serialismus und komponierte nun in einem Stil, der seine innere Welt zum Ausdruck brachte. Es entstanden mehrere Werke im Stil von Canto Ostinato, wie \\u201cLemniscaat\\u201d, \\u201cHorizon\\u201d, \\u201cIncantantie IV\\u201d, \\u201cSoloduiveldans II und III\\u201d, \\u201cMeandres\\u201d, lauter Kompositionen f\\u00fcr Tasteninstrumente.<\\\/p>\\n<\/p>\n<p>\\u00dcber die Kompositionen von Simeon ten Holt wird gesagt, sie seien die holl\\u00e4ndische Version von Minimal Music. Er selbst war damit nicht ganz einverstanden.<\\\/p>&#8220;,&#8221;title&#8221;:&#8221;Deutsch&#8221;}},{&#8220;type&#8221;:&#8221;switcher_item&#8221;,&#8221;props&#8221;:{&#8220;content&#8221;:&#8221;<\/p>\n<p>Als zoon van de schilder Henri ten Holt in Bergen\\\/NH geboren, studeerde Simeon ten Holt (1923 &#8211; 2012)\\u00a0eerst compositie bij de Bergense componist Jacob van Domselaer en van 1949 tot 1954 aan de \\u00c9cole Normale in Parijs bij Arthur Honegger en Darius Milhaud. Terug in Bergen hield hij zich een aantal jaren vooral met het structuralisme en het serialisme bezig. Later zou hij zeggen dat hij in deze tijd gevangen zat in het schema.: \\u201cIk zat als een ambtenaar mijn nootjes te noteren\\u201d.<\\\/p>\\n<\/p>\n<p>Hij richtte 1968 de \\u201cWerkgroep Bergen Hedendaagse Muziek\\u201d op, die concerten organiseerde waar uitsluitend hedendaagse composities gespeeld werden. Van 1969 tot 1975 werkte hij aan het Utrechtse Instituut voor Sonologie en van 1970 tot 1987 was hij docent aan de Academie voor beeldende kunsten in Arnhem.<\\\/p>\\n<\/p>\n<p>Het ontstaan van Canto Ostinato was een keerpunt in ten Holts carriere. Hij nam afscheid van het serialisme en componeerde in een stijl waarin hij zijn innerlijke wereld tot uitdrukking bracht. Er ontstonden meer werken in de stijl van Canto Ostinato, zoals \\u201cLemniscaat \\u201c, \\u201cHorizon\\u201d, \\u201cIncantatie IV\\u201d, \\u201cSoloduiveldans II en III\\u201d, \\u201cMeandres\\u201d, allemaal composities voor toetsinstrumenten.<\\\/p>\\n<\/p>\n<p>Er wordt over Simeon ten Holt gezegd dat zijn composities de Hollandse versie van minimal music vormen. Hijzelf was het daarmee niet helemaal eens.<\\\/p>&#8220;,&#8221;title&#8221;:&#8221;Nederlands&#8221;}}],&#8221;name&#8221;:&#8221;Simeon ten Holt &#8211; levensloop&#8221;}]}]}],&#8221;name&#8221;:&#8221;Simeon ten Holt&#8221;},{&#8220;type&#8221;:&#8221;section&#8221;,&#8221;props&#8221;:{&#8220;image_position&#8221;:&#8221;center-center&#8221;,&#8221;style&#8221;:&#8221;default&#8221;,&#8221;title_breakpoint&#8221;:&#8221;xl&#8221;,&#8221;title_position&#8221;:&#8221;top-left&#8221;,&#8221;title_rotation&#8221;:&#8221;left&#8221;,&#8221;vertical_align&#8221;:&#8221;&#8221;,&#8221;width&#8221;:&#8221;default&#8221;},&#8221;children&#8221;:[{&#8220;type&#8221;:&#8221;row&#8221;,&#8221;children&#8221;:[{&#8220;type&#8221;:&#8221;column&#8221;,&#8221;props&#8221;:{&#8220;image_position&#8221;:&#8221;center-center&#8221;,&#8221;position_sticky_breakpoint&#8221;:&#8221;m&#8221;},&#8221;children&#8221;:[{&#8220;type&#8221;:&#8221;html&#8221;,&#8221;props&#8221;:{&#8220;content&#8221;:&#8221;<\/p>\n<div style=\\\"width: 100%; height: 2px; background-color: gray;\\\">&nbsp;<\\\/div>&#8220;},&#8221;name&#8221;:&#8221;white ruler&#8221;},{&#8220;type&#8221;:&#8221;totop&#8221;,&#8221;props&#8221;:{&#8220;margin&#8221;:&#8221;default&#8221;,&#8221;title_grid_column_gap&#8221;:&#8221;small&#8221;,&#8221;title_grid_row_gap&#8221;:&#8221;small&#8221;}}]}]}],&#8221;name&#8221;:&#8221;Divider&#8221;},{&#8220;type&#8221;:&#8221;section&#8221;,&#8221;props&#8221;:{&#8220;image_position&#8221;:&#8221;center-center&#8221;,&#8221;padding&#8221;:&#8221;none&#8221;,&#8221;style&#8221;:&#8221;default&#8221;,&#8221;title_breakpoint&#8221;:&#8221;xl&#8221;,&#8221;title_position&#8221;:&#8221;top-left&#8221;,&#8221;title_rotation&#8221;:&#8221;left&#8221;,&#8221;vertical_align&#8221;:&#8221;&#8221;,&#8221;width&#8221;:&#8221;default&#8221;},&#8221;children&#8221;:[{&#8220;type&#8221;:&#8221;row&#8221;,&#8221;props&#8221;:{&#8220;margin&#8221;:&#8221;remove-vertical&#8221;},&#8221;children&#8221;:[{&#8220;type&#8221;:&#8221;column&#8221;,&#8221;props&#8221;:{&#8220;image_position&#8221;:&#8221;center-center&#8221;,&#8221;position_sticky_breakpoint&#8221;:&#8221;m&#8221;},&#8221;children&#8221;:[{&#8220;type&#8221;:&#8221;headline&#8221;,&#8221;props&#8221;:{&#8220;content&#8221;:&#8221;<span class=\\\"uk-text-muted\\\">Dorothea Schokking<\\\/span>&#8220;,&#8221;title_element&#8221;:&#8221;h1&#8243;},&#8221;name&#8221;:&#8221;Dorothea Schokking&#8221;}]}]}],&#8221;name&#8221;:&#8221;Dorothea Schokking&#8221;},{&#8220;type&#8221;:&#8221;section&#8221;,&#8221;props&#8221;:{&#8220;image_position&#8221;:&#8221;center-center&#8221;,&#8221;style&#8221;:&#8221;default&#8221;,&#8221;title_breakpoint&#8221;:&#8221;xl&#8221;,&#8221;title_position&#8221;:&#8221;top-left&#8221;,&#8221;title_rotation&#8221;:&#8221;left&#8221;,&#8221;vertical_align&#8221;:&#8221;&#8221;,&#8221;width&#8221;:&#8221;default&#8221;},&#8221;children&#8221;:[{&#8220;type&#8221;:&#8221;row&#8221;,&#8221;props&#8221;:{&#8220;layout&#8221;:&#8221;1-3,2-3&#8243;},&#8221;children&#8221;:[{&#8220;type&#8221;:&#8221;column&#8221;,&#8221;props&#8221;:{&#8220;image_position&#8221;:&#8221;center-center&#8221;,&#8221;position_sticky_breakpoint&#8221;:&#8221;m&#8221;,&#8221;width_medium&#8221;:&#8221;1-3&#8243;},&#8221;children&#8221;:[{&#8220;type&#8221;:&#8221;html&#8221;,&#8221;props&#8221;:{&#8220;content&#8221;:&#8221;<\/p>\n<h1>&nbsp;<\\\/h1>&#8220;}},{&#8220;type&#8221;:&#8221;image&#8221;,&#8221;props&#8221;:{&#8220;animation&#8221;:&#8221;none&#8221;,&#8221;block_align&#8221;:&#8221;center&#8221;,&#8221;image&#8221;:&#8221;wp-content\\\/uploads\\\/2021\\\/05\\\/CantoOstinatoGraefenthal-Dorothea.jpg&#8221;,&#8221;image_alt&#8221;:&#8221;Dorothea Schokking&#8221;,&#8221;image_svg_color&#8221;:&#8221;emphasis&#8221;,&#8221;margin&#8221;:&#8221;default&#8221;,&#8221;maxwidth&#8221;:&#8221;medium&#8221;,&#8221;parallax_y&#8221;:&#8221;0,+100&#8243;}}]},{&#8220;type&#8221;:&#8221;column&#8221;,&#8221;props&#8221;:{&#8220;image_position&#8221;:&#8221;center-center&#8221;,&#8221;position_sticky_breakpoint&#8221;:&#8221;m&#8221;,&#8221;width_medium&#8221;:&#8221;2-3&#8243;},&#8221;children&#8221;:[{&#8220;type&#8221;:&#8221;switcher&#8221;,&#8221;props&#8221;:{&#8220;content_column&#8221;:&#8221;1-3&#8243;,&#8221;content_column_breakpoint&#8221;:&#8221;m&#8221;,&#8221;image_align&#8221;:&#8221;top&#8221;,&#8221;image_grid_breakpoint&#8221;:&#8221;m&#8221;,&#8221;image_grid_width&#8221;:&#8221;1-2&#8243;,&#8221;image_svg_color&#8221;:&#8221;emphasis&#8221;,&#8221;link_style&#8221;:&#8221;default&#8221;,&#8221;link_text&#8221;:&#8221;Read more&#8221;,&#8221;margin&#8221;:&#8221;default&#8221;,&#8221;meta_align&#8221;:&#8221;below-title&#8221;,&#8221;meta_element&#8221;:&#8221;div&#8221;,&#8221;meta_style&#8221;:&#8221;text-meta&#8221;,&#8221;nav&#8221;:&#8221;tab&#8221;,&#8221;nav_align&#8221;:&#8221;left&#8221;,&#8221;nav_grid_breakpoint&#8221;:&#8221;m&#8221;,&#8221;nav_grid_width&#8221;:&#8221;auto&#8221;,&#8221;nav_position&#8221;:&#8221;top&#8221;,&#8221;show_content&#8221;:true,&#8221;show_image&#8221;:false,&#8221;show_label&#8221;:false,&#8221;show_link&#8221;:false,&#8221;show_meta&#8221;:false,&#8221;show_thumbnail&#8221;:false,&#8221;show_title&#8221;:false,&#8221;switcher_animation&#8221;:&#8221;fade&#8221;,&#8221;switcher_height&#8221;:true,&#8221;thumbnav_height&#8221;:&#8221;75&#8243;,&#8221;thumbnav_svg_color&#8221;:&#8221;emphasis&#8221;,&#8221;thumbnav_width&#8221;:&#8221;100&#8243;,&#8221;title_align&#8221;:&#8221;top&#8221;,&#8221;title_element&#8221;:&#8221;h3&#8243;,&#8221;title_grid_breakpoint&#8221;:&#8221;m&#8221;,&#8221;title_grid_width&#8221;:&#8221;1-2&#8243;},&#8221;children&#8221;:[{&#8220;type&#8221;:&#8221;switcher_item&#8221;,&#8221;props&#8221;:{&#8220;content&#8221;:&#8221;<\/p>\n<p>Dorothea Schokking schloss ihr Studium an der Musikhochschule Rheinland (heute Hochschule f\\u00fcr Musik und Tanz K\\u00f6ln), Abteilung Aachen, mit der Staatlichen Musiklehrerpr\\u00fcfung, der K\\u00fcnstlerischen Reifepr\\u00fcfung und dem Konzertexamen ab, und belegte w\\u00e4hrend eines einj\\u00e4hrigen Aufenthaltes in Toronto\\\/ Kanada Meisterklassen f\\u00fcr Kammermusik und Klaviermethodik.<\\\/p>\\n<\/p>\n<p>In den Niederlanden absolvierte sie die Ausbildung zur Feldenkrais-Trainerin und gibt Workshops f\\u00fcr K\\u00f6rperbewusstsein und Atemschulung.<\\\/p>\\n<\/p>\n<p>Vor ihrem Umzug in die Niederlande unterrichtete sie an der Musikschule des K\\u00f6lner Domchores und ist bis heute Dozentin f\\u00fcr Klavier \\\/ Schulpraktisches Klavierspiel an der Universit\\u00e4t zu K\\u00f6ln und in ihrem eigenen Studio bei Nimwegen (Heilig Landstichting).<span class=\\\"Apple-converted-space\\\">\\u00a0<\\\/span><\\\/p>\\n<\/p>\n<p>Sie ist Jurorin bei den landesweiten \\u201cgraadexamens\\u201d der Epta Niederlande.<\\\/p>\\n<\/p>\n<p>Dorothea konzertiert als Kammermusikerin und arbeitete als Chor- und Liedbegleiterin.<\\\/p>&#8220;,&#8221;title&#8221;:&#8221;Deutsch&#8221;}},{&#8220;type&#8221;:&#8221;switcher_item&#8221;,&#8221;props&#8221;:{&#8220;content&#8221;:&#8221;<\/p>\n<p>Dorothea Schokking voltooide haar pianostudie aan het conservatorium te Keulen, afdeling Aken, met de examens docent piano (Staatliche Musiklehrerpr\\u00fcfung) en uitvoerend musicus ( K\\u00fcnstlerische Reifepr\\u00fcfung \\\/ Konzertexamen).<\\\/p>\\n<\/p>\n<p>Tijdens een eenjarig oponthoud in Toronto\\\/ Canada volgde zij masterclasses kamermuziek en pianomethodiek.<\\\/p>\\n<\/p>\n<p>In Nederland volgde zij een training in de Feldenkrais-methode en geeft workshops in lichaams- en adembewustsein.<\\\/p>\\n<\/p>\n<p>Voordat Dorothea met haar gezin naar Nederland verhuisde gaf zij les aan de muziekschool van het domkoor te Keulen en nog steeds is zij docente voor piano aan de Universiteit te Keulen. Tevens heeft zij haar eigen studio voor pianoles vlakbij Nijmegen (Heilig Landstichting).<\\\/p>\\n<\/p>\n<p>Zij jureert tijdens de landelijke graadexamens van de Epta Nederland.<\\\/p>\\n<\/p>\n<p>Dorothea is behalve in Trio ostinato ook actief als kamermusicus en werkte als koor- en liedbegeleidster.<\\\/p>&#8220;,&#8221;title&#8221;:&#8221;Nederlands&#8221;}}]}]}]}],&#8221;name&#8221;:&#8221;Dorothea Schokking&#8221;},{&#8220;type&#8221;:&#8221;section&#8221;,&#8221;props&#8221;:{&#8220;image_position&#8221;:&#8221;center-center&#8221;,&#8221;padding&#8221;:&#8221;none&#8221;,&#8221;style&#8221;:&#8221;default&#8221;,&#8221;title_breakpoint&#8221;:&#8221;xl&#8221;,&#8221;title_position&#8221;:&#8221;top-left&#8221;,&#8221;title_rotation&#8221;:&#8221;left&#8221;,&#8221;vertical_align&#8221;:&#8221;&#8221;,&#8221;width&#8221;:&#8221;default&#8221;},&#8221;children&#8221;:[{&#8220;type&#8221;:&#8221;row&#8221;,&#8221;props&#8221;:{&#8220;margin&#8221;:&#8221;remove-vertical&#8221;},&#8221;children&#8221;:[{&#8220;type&#8221;:&#8221;column&#8221;,&#8221;props&#8221;:{&#8220;image_position&#8221;:&#8221;center-center&#8221;,&#8221;position_sticky_breakpoint&#8221;:&#8221;m&#8221;},&#8221;children&#8221;:[{&#8220;type&#8221;:&#8221;headline&#8221;,&#8221;props&#8221;:{&#8220;content&#8221;:&#8221;<span class=\\\"uk-text-muted\\\">Theo de Best<\\\/span>&#8220;,&#8221;title_element&#8221;:&#8221;h1&#8243;},&#8221;name&#8221;:&#8221;Theo de Best&#8221;}]}]}],&#8221;name&#8221;:&#8221;Theo de Best&#8221;},{&#8220;type&#8221;:&#8221;section&#8221;,&#8221;props&#8221;:{&#8220;image_position&#8221;:&#8221;center-center&#8221;,&#8221;style&#8221;:&#8221;default&#8221;,&#8221;title_breakpoint&#8221;:&#8221;xl&#8221;,&#8221;title_position&#8221;:&#8221;top-left&#8221;,&#8221;title_rotation&#8221;:&#8221;left&#8221;,&#8221;vertical_align&#8221;:&#8221;&#8221;,&#8221;width&#8221;:&#8221;default&#8221;},&#8221;children&#8221;:[{&#8220;type&#8221;:&#8221;row&#8221;,&#8221;props&#8221;:{&#8220;layout&#8221;:&#8221;2-3,1-3&#8243;},&#8221;children&#8221;:[{&#8220;type&#8221;:&#8221;column&#8221;,&#8221;props&#8221;:{&#8220;image_position&#8221;:&#8221;center-center&#8221;,&#8221;position_sticky_breakpoint&#8221;:&#8221;m&#8221;,&#8221;width_medium&#8221;:&#8221;2-3&#8243;},&#8221;children&#8221;:[{&#8220;type&#8221;:&#8221;switcher&#8221;,&#8221;props&#8221;:{&#8220;content_column&#8221;:&#8221;1-3&#8243;,&#8221;content_column_breakpoint&#8221;:&#8221;m&#8221;,&#8221;image_align&#8221;:&#8221;top&#8221;,&#8221;image_grid_breakpoint&#8221;:&#8221;m&#8221;,&#8221;image_grid_width&#8221;:&#8221;1-2&#8243;,&#8221;image_svg_color&#8221;:&#8221;emphasis&#8221;,&#8221;link_style&#8221;:&#8221;default&#8221;,&#8221;link_text&#8221;:&#8221;Read more&#8221;,&#8221;margin&#8221;:&#8221;default&#8221;,&#8221;meta_align&#8221;:&#8221;below-title&#8221;,&#8221;meta_element&#8221;:&#8221;div&#8221;,&#8221;meta_style&#8221;:&#8221;text-meta&#8221;,&#8221;nav&#8221;:&#8221;tab&#8221;,&#8221;nav_align&#8221;:&#8221;left&#8221;,&#8221;nav_grid_breakpoint&#8221;:&#8221;m&#8221;,&#8221;nav_grid_width&#8221;:&#8221;auto&#8221;,&#8221;nav_position&#8221;:&#8221;top&#8221;,&#8221;show_content&#8221;:true,&#8221;show_image&#8221;:false,&#8221;show_label&#8221;:false,&#8221;show_link&#8221;:false,&#8221;show_meta&#8221;:false,&#8221;show_thumbnail&#8221;:false,&#8221;show_title&#8221;:false,&#8221;switcher_animation&#8221;:&#8221;fade&#8221;,&#8221;switcher_height&#8221;:true,&#8221;thumbnav_height&#8221;:&#8221;75&#8243;,&#8221;thumbnav_svg_color&#8221;:&#8221;emphasis&#8221;,&#8221;thumbnav_width&#8221;:&#8221;100&#8243;,&#8221;title_align&#8221;:&#8221;top&#8221;,&#8221;title_element&#8221;:&#8221;h3&#8243;,&#8221;title_grid_breakpoint&#8221;:&#8221;m&#8221;,&#8221;title_grid_width&#8221;:&#8221;1-2&#8243;},&#8221;children&#8221;:[{&#8220;type&#8221;:&#8221;switcher_item&#8221;,&#8221;props&#8221;:{&#8220;content&#8221;:&#8221;<\/p>\n<p>Als Kind f\\u00fchlte sich Theo schon stark zur Musik hingezogen. Er begann im Alter von acht Jahren mit dem Klavierspielen und bekam Klavierunterricht.<\\\/p>\\n<\/p>\n<p>Sp\\u00e4ter studierte er Klavier und Musiktheorie an der Musikhochschule Tilburg und nahm danach Unterricht an der Jazz-Abteilung der Musikhochschule Den Haag.<\\\/p>\\n<\/p>\n<p>Theo unterrichtete zehn Jahre lang Musiktheorie an der \\u201cVrije Muziekacademie\\u201d in Zeist. Er gibt Klavierunterricht in seinem Studio <a href=\\\"http:\\\/\\\/www.debestmusic.nl\\\/home\\\">De Best Music<\\\/a>.<\\\/p>\\n<\/p>\n<p><span>Neben \\u201cTrio ostinato\\u201d arbeitet Theo als Klavierbegleiter mit verschiedenen\\u00a0<\\\/span><span>Ch\\u00f6ren und S\\u00e4ngern zusammen und tritt im Duo \\u201cBuur en de Best\\u201d (Gitarre und Klavier) unter anderem mit eigenen Kompositionen auf.<\\\/span><\\\/p>&#8220;,&#8221;title&#8221;:&#8221;Deutsch&#8221;}},{&#8220;type&#8221;:&#8221;switcher_item&#8221;,&#8221;props&#8221;:{&#8220;content&#8221;:&#8221;<\/p>\n<p>Als kind werd hij al sterk aangetrokken tot muziek. Op 8 jarige leeftijd\\u00a0begon hij met pianospelen en kreeg hij pianoles.<\\\/p>\\n<\/p>\n<p>Later studeerde hij piano en muziektheorie aan het conservatorium in\\u00a0Tilburg en volgde daarna nog lessen aan de jazz-afdeling van het conservatorium in Den Haag.<\\\/p>\\n<\/p>\n<p>Theo gaf 10 jaar les in muziektheorie aan de Vrije Muziek Academie in Zeist en geeft pianoles in zijn eigen muziekpraktijk <a href=\\\"http:\\\/\\\/www.debestmusic.nl\\\/home\\\" target=\\\"_blank\\\" rel=\\\"noopener\\\">De Best Music<\\\/a>.<\\\/p>\\n<\/p>\n<div>Naast spelen in Trio-Ostinato begeleidt hij verschillende koren en werkt hij samen met vocalisten.<\\\/div>\\n<\/p>\n<div>Ook speelt hij in het duo Buur en De Best (gitaar en piano) met o.a. eigen composities.<\\\/div>&#8220;,&#8221;title&#8221;:&#8221;Nederlands&#8221;}}]}]},{&#8220;type&#8221;:&#8221;column&#8221;,&#8221;props&#8221;:{&#8220;image_position&#8221;:&#8221;center-center&#8221;,&#8221;position_sticky_breakpoint&#8221;:&#8221;m&#8221;,&#8221;width_medium&#8221;:&#8221;1-3&#8243;},&#8221;children&#8221;:[{&#8220;type&#8221;:&#8221;html&#8221;,&#8221;props&#8221;:{&#8220;content&#8221;:&#8221;<\/p>\n<h1>&nbsp;<\\\/h1>&#8220;}},{&#8220;type&#8221;:&#8221;image&#8221;,&#8221;props&#8221;:{&#8220;animation&#8221;:&#8221;none&#8221;,&#8221;block_align&#8221;:&#8221;center&#8221;,&#8221;image&#8221;:&#8221;wp-content\\\/uploads\\\/2020\\\/11\\\/theo_de_best.jpg&#8221;,&#8221;image_svg_color&#8221;:&#8221;emphasis&#8221;,&#8221;margin&#8221;:&#8221;default&#8221;,&#8221;maxwidth&#8221;:&#8221;medium&#8221;,&#8221;parallax_y&#8221;:&#8221;0,100&#8243;,&#8221;position&#8221;:&#8221;relative&#8221;}}]}]}],&#8221;name&#8221;:&#8221;Theo de Best&#8221;},{&#8220;type&#8221;:&#8221;section&#8221;,&#8221;props&#8221;:{&#8220;image_position&#8221;:&#8221;center-center&#8221;,&#8221;padding&#8221;:&#8221;none&#8221;,&#8221;style&#8221;:&#8221;default&#8221;,&#8221;title_breakpoint&#8221;:&#8221;xl&#8221;,&#8221;title_position&#8221;:&#8221;top-left&#8221;,&#8221;title_rotation&#8221;:&#8221;left&#8221;,&#8221;vertical_align&#8221;:&#8221;&#8221;,&#8221;width&#8221;:&#8221;default&#8221;},&#8221;children&#8221;:[{&#8220;type&#8221;:&#8221;row&#8221;,&#8221;props&#8221;:{&#8220;margin&#8221;:&#8221;remove-vertical&#8221;},&#8221;children&#8221;:[{&#8220;type&#8221;:&#8221;column&#8221;,&#8221;props&#8221;:{&#8220;image_position&#8221;:&#8221;center-center&#8221;,&#8221;position_sticky_breakpoint&#8221;:&#8221;m&#8221;},&#8221;children&#8221;:[{&#8220;type&#8221;:&#8221;headline&#8221;,&#8221;props&#8221;:{&#8220;content&#8221;:&#8221;<span class=\\\"uk-text-muted\\\">Christa Kneppeck<\\\/span>&#8220;,&#8221;title_element&#8221;:&#8221;h1&#8243;},&#8221;name&#8221;:&#8221;Christa Kneppeck&#8221;}]}]}],&#8221;name&#8221;:&#8221;Christa Kneppeck&#8221;},{&#8220;type&#8221;:&#8221;section&#8221;,&#8221;props&#8221;:{&#8220;image_position&#8221;:&#8221;center-center&#8221;,&#8221;style&#8221;:&#8221;default&#8221;,&#8221;title_breakpoint&#8221;:&#8221;xl&#8221;,&#8221;title_position&#8221;:&#8221;top-left&#8221;,&#8221;title_rotation&#8221;:&#8221;left&#8221;,&#8221;vertical_align&#8221;:&#8221;&#8221;,&#8221;width&#8221;:&#8221;default&#8221;},&#8221;children&#8221;:[{&#8220;type&#8221;:&#8221;row&#8221;,&#8221;props&#8221;:{&#8220;layout&#8221;:&#8221;1-3,2-3&#8243;},&#8221;children&#8221;:[{&#8220;type&#8221;:&#8221;column&#8221;,&#8221;props&#8221;:{&#8220;image_position&#8221;:&#8221;center-center&#8221;,&#8221;position_sticky_breakpoint&#8221;:&#8221;m&#8221;,&#8221;width_medium&#8221;:&#8221;1-3&#8243;},&#8221;children&#8221;:[{&#8220;type&#8221;:&#8221;html&#8221;,&#8221;props&#8221;:{&#8220;content&#8221;:&#8221;<\/p>\n<h1>&nbsp;<\\\/h1>&#8220;}},{&#8220;type&#8221;:&#8221;image&#8221;,&#8221;props&#8221;:{&#8220;animation&#8221;:&#8221;none&#8221;,&#8221;block_align&#8221;:&#8221;center&#8221;,&#8221;image&#8221;:&#8221;wp-content\\\/uploads\\\/2020\\\/11\\\/christa_kneppeck_uitvoering_x_1.png&#8221;,&#8221;image_alt&#8221;:&#8221;Christa Kneppeck&#8221;,&#8221;image_svg_color&#8221;:&#8221;emphasis&#8221;,&#8221;margin&#8221;:&#8221;default&#8221;,&#8221;maxwidth&#8221;:&#8221;medium&#8221;,&#8221;parallax_y&#8221;:&#8221;0,100&#8243;,&#8221;position&#8221;:&#8221;relative&#8221;}}]},{&#8220;type&#8221;:&#8221;column&#8221;,&#8221;props&#8221;:{&#8220;image_position&#8221;:&#8221;center-center&#8221;,&#8221;position_sticky_breakpoint&#8221;:&#8221;m&#8221;,&#8221;width_medium&#8221;:&#8221;2-3&#8243;},&#8221;children&#8221;:[{&#8220;type&#8221;:&#8221;switcher&#8221;,&#8221;props&#8221;:{&#8220;content_column&#8221;:&#8221;1-3&#8243;,&#8221;content_column_breakpoint&#8221;:&#8221;m&#8221;,&#8221;image_align&#8221;:&#8221;top&#8221;,&#8221;image_grid_breakpoint&#8221;:&#8221;m&#8221;,&#8221;image_grid_width&#8221;:&#8221;1-2&#8243;,&#8221;image_svg_color&#8221;:&#8221;emphasis&#8221;,&#8221;link_style&#8221;:&#8221;default&#8221;,&#8221;link_text&#8221;:&#8221;Read more&#8221;,&#8221;margin&#8221;:&#8221;default&#8221;,&#8221;meta_align&#8221;:&#8221;below-title&#8221;,&#8221;meta_element&#8221;:&#8221;div&#8221;,&#8221;meta_style&#8221;:&#8221;text-meta&#8221;,&#8221;nav&#8221;:&#8221;tab&#8221;,&#8221;nav_align&#8221;:&#8221;left&#8221;,&#8221;nav_grid_breakpoint&#8221;:&#8221;m&#8221;,&#8221;nav_grid_width&#8221;:&#8221;auto&#8221;,&#8221;nav_position&#8221;:&#8221;top&#8221;,&#8221;show_content&#8221;:true,&#8221;show_image&#8221;:false,&#8221;show_label&#8221;:false,&#8221;show_link&#8221;:false,&#8221;show_meta&#8221;:false,&#8221;show_thumbnail&#8221;:false,&#8221;show_title&#8221;:false,&#8221;switcher_animation&#8221;:&#8221;fade&#8221;,&#8221;switcher_height&#8221;:true,&#8221;thumbnav_height&#8221;:&#8221;75&#8243;,&#8221;thumbnav_svg_color&#8221;:&#8221;emphasis&#8221;,&#8221;thumbnav_width&#8221;:&#8221;100&#8243;,&#8221;title_align&#8221;:&#8221;top&#8221;,&#8221;title_element&#8221;:&#8221;h3&#8243;,&#8221;title_grid_breakpoint&#8221;:&#8221;m&#8221;,&#8221;title_grid_width&#8221;:&#8221;1-2&#8243;},&#8221;children&#8221;:[{&#8220;type&#8221;:&#8221;switcher_item&#8221;,&#8221;props&#8221;:{&#8220;content&#8221;:&#8221;<\/p>\n<p><a href=\\\"http:\\\/\\\/christakneppeck.de\\\/\\\" target=\\\"_blank\\\" rel=\\\"noopener\\\">Christa Kneppeck<\\\/a> absolvierte ihr Klavierstudium an der Musikhochschule in Zwolle\\\/NL und schloss dieses mit dem Diplom ab.<\\\/p>\\n<\/p>\n<p>Seit \\u00fcber 25 Jahren unterrichtet sie im Fach Klavier.<\\\/p>\\n<\/p>\n<p>Viele Jahre lang hat sie Musikunterricht an junge Kinder gegeben. Zur Zeit leitet sie an verschiedenen Grundschulen Jeki-instrument- Kurse mit Schwerpunkt Keyboard. Sie unterrichtet das Fach Klavier und Akkordeon an der Gaesdoncker Musikschule und im Privat-Unterricht.<\\\/p>\\n<\/p>\n<p>Christa Kneppeck ist Mit-Organisatorin der gr\\u00fcnen Konzerte im Haus Wylerberg in Beek\\\/Nl<\\\/p>\\n<\/p>\n<p>Regelm\\u00e4ssig leitet sie verschiedene Projekte mit Schwerpunkt Minimal-Musik. Auch ist sie beteiligt bei Projekten in Kombination mit Theater, Kunst oder Literatur.<\\\/p>\\n<\/p>\n<p>Ensembles: Trio ostinato, Maqulang (Weltmusik), Trio van Geffen (Klavier+2 Fl\\u00f6ten)<\\\/p>&#8220;,&#8221;title&#8221;:&#8221;Deutsch&#8221;}},{&#8220;type&#8221;:&#8221;switcher_item&#8221;,&#8221;props&#8221;:{&#8220;content&#8221;:&#8221;<\/p>\n<p><a href=\\\"http:\\\/\\\/christakneppeck.de\\\">Christa Kneppeck<\\\/a> voltooide haar pianostudie aan het conservatorium Zwolle.<\\\/p>\\n<\/p>\n<p>Sinds meer dan 25 jaar geeft zij pianoles.<\\\/p>\\n<\/p>\n<p>Vele jaren heeft zij muziekonderwijs aan jonge kinderen gegeven. Momenteel geeft zij aan verschillende basisscholen workshops binnen het model \\u201cElk kind zijn instrument\\u201d met zwaartepunt keyboard. Zij geeft piano- en akkordeonles aan de muziekschool in Gaesdonck vlakbij Goch en in haar priv\\u00e9-lespraktijk.<\\\/p>\\n<\/p>\n<p>Christa werkt tevens in de organisatie van de \\u201cGroene Concerten\\u201d van Huis Wylerberg\\\/Beek.<\\\/p>\\n<\/p>\n<p>Regelmatig leidt zij projecten op het gebied van minimalmusic en is betrokken bij projecten in combinatie met theater, beeldende kunst en literatuur.<\\\/p>\\n<\/p>\n<p>Ensembles: Trio ostinato, Maqulang (wereldmuziek), Trio van Geffen (piano + 2 fluiten)<\\\/p>&#8220;,&#8221;title&#8221;:&#8221;Nederlands&#8221;}}]}]}]}],&#8221;name&#8221;:&#8221;Christa Kneppeck&#8221;},{&#8220;type&#8221;:&#8221;section&#8221;,&#8221;props&#8221;:{&#8220;image_position&#8221;:&#8221;center-center&#8221;,&#8221;style&#8221;:&#8221;default&#8221;,&#8221;title_breakpoint&#8221;:&#8221;xl&#8221;,&#8221;title_position&#8221;:&#8221;top-left&#8221;,&#8221;title_rotation&#8221;:&#8221;left&#8221;,&#8221;vertical_align&#8221;:&#8221;&#8221;,&#8221;width&#8221;:&#8221;default&#8221;},&#8221;children&#8221;:[{&#8220;type&#8221;:&#8221;row&#8221;,&#8221;children&#8221;:[{&#8220;type&#8221;:&#8221;column&#8221;,&#8221;props&#8221;:{&#8220;image_position&#8221;:&#8221;center-center&#8221;,&#8221;position_sticky_breakpoint&#8221;:&#8221;m&#8221;},&#8221;children&#8221;:[{&#8220;type&#8221;:&#8221;html&#8221;,&#8221;props&#8221;:{&#8220;content&#8221;:&#8221;<\/p>\n<div style=\\\"width: 100%; height: 2px; background-color: gray;\\\">&nbsp;<\\\/div>&#8220;},&#8221;name&#8221;:&#8221;white ruler&#8221;},{&#8220;type&#8221;:&#8221;totop&#8221;,&#8221;props&#8221;:{&#8220;margin&#8221;:&#8221;default&#8221;,&#8221;title_grid_column_gap&#8221;:&#8221;small&#8221;,&#8221;title_grid_row_gap&#8221;:&#8221;small&#8221;}}]}]}],&#8221;name&#8221;:&#8221;Divider&#8221;},{&#8220;type&#8221;:&#8221;section&#8221;,&#8221;props&#8221;:{&#8220;image_position&#8221;:&#8221;center-center&#8221;,&#8221;status&#8221;:&#8221;disabled&#8221;,&#8221;style&#8221;:&#8221;default&#8221;,&#8221;title_breakpoint&#8221;:&#8221;xl&#8221;,&#8221;title_position&#8221;:&#8221;top-left&#8221;,&#8221;title_rotation&#8221;:&#8221;left&#8221;,&#8221;vertical_align&#8221;:&#8221;&#8221;,&#8221;width&#8221;:&#8221;default&#8221;},&#8221;children&#8221;:[{&#8220;type&#8221;:&#8221;row&#8221;,&#8221;children&#8221;:[{&#8220;type&#8221;:&#8221;column&#8221;,&#8221;props&#8221;:{&#8220;image_position&#8221;:&#8221;center-center&#8221;,&#8221;position_sticky_breakpoint&#8221;:&#8221;m&#8221;},&#8221;children&#8221;:[{&#8220;type&#8221;:&#8221;headline&#8221;,&#8221;props&#8221;:{&#8220;content&#8221;:&#8221;Auff\\u00fchrungen&#8221;,&#8221;title_element&#8221;:&#8221;h1&#8243;},&#8221;name&#8221;:&#8221;Auff\\u00fchrungen&#8221;},{&#8220;type&#8221;:&#8221;accordion&#8221;,&#8221;props&#8221;:{&#8220;collapsible&#8221;:true,&#8221;content_column&#8221;:&#8221;1-5&#8243;,&#8221;content_column_breakpoint&#8221;:&#8221;m&#8221;,&#8221;content_column_divider&#8221;:true,&#8221;content_dropcap&#8221;:false,&#8221;image_align&#8221;:&#8221;top&#8221;,&#8221;image_grid_breakpoint&#8221;:&#8221;m&#8221;,&#8221;image_grid_width&#8221;:&#8221;1-2&#8243;,&#8221;image_svg_color&#8221;:&#8221;emphasis&#8221;,&#8221;link_style&#8221;:&#8221;default&#8221;,&#8221;link_target&#8221;:true,&#8221;link_text&#8221;:&#8221;Read more&#8221;,&#8221;show_image&#8221;:true,&#8221;show_link&#8221;:true},&#8221;children&#8221;:[{&#8220;type&#8221;:&#8221;accordion_item&#8221;,&#8221;props&#8221;:{&#8220;content&#8221;:&#8221;<\/p>\n<p>Ort<\\\/p>\\n<\/p>\n<p>Zeit<\\\/p>\\n<\/p>\n<p>Erl\\u00e4uterung<\\\/p>&#8220;,&#8221;link&#8221;:&#8221;#&#8221;,&#8221;title&#8221;:&#8221;99 Monat Jahr&#8221;}},{&#8220;type&#8221;:&#8221;accordion_item&#8221;,&#8221;props&#8221;:{&#8220;content&#8221;:&#8221;<\/p>\n<p>Ort<\\\/p>\\n<\/p>\n<p>Zeit<\\\/p>\\n<\/p>\n<p>Erl\\u00e4uterung<\\\/p>&#8220;,&#8221;link&#8221;:&#8221;#&#8221;,&#8221;title&#8221;:&#8221;99 Monat Jahr&#8221;}},{&#8220;type&#8221;:&#8221;accordion_item&#8221;,&#8221;props&#8221;:{&#8220;content&#8221;:&#8221;<\/p>\n<p>Ort<\\\/p>\\n<\/p>\n<p>Zeit<\\\/p>\\n<\/p>\n<p>Erl\\u00e4uterung<\\\/p>&#8220;,&#8221;link&#8221;:&#8221;#&#8221;,&#8221;title&#8221;:&#8221;99 Monat Jahr&#8221;}},{&#8220;type&#8221;:&#8221;accordion_item&#8221;,&#8221;props&#8221;:{&#8220;content&#8221;:&#8221;<\/p>\n<p>Ort<\\\/p>\\n<\/p>\n<p>Zeit<\\\/p>\\n<\/p>\n<p>Erl\\u00e4uterung<\\\/p>&#8220;,&#8221;link&#8221;:&#8221;#&#8221;,&#8221;title&#8221;:&#8221;99 Monat Jahr&#8221;}},{&#8220;type&#8221;:&#8221;accordion_item&#8221;,&#8221;props&#8221;:{&#8220;content&#8221;:&#8221;<\/p>\n<p>Ort<\\\/p>\\n<\/p>\n<p>Zeit<\\\/p>\\n<\/p>\n<p>Erl\\u00e4uterung<\\\/p>&#8220;,&#8221;link&#8221;:&#8221;#&#8221;,&#8221;title&#8221;:&#8221;99 Monat Jahr&#8221;}}],&#8221;name&#8221;:&#8221;Daten&#8221;}]}]}],&#8221;name&#8221;:&#8221;Auff\\u00fchrungen&#8221;},{&#8220;type&#8221;:&#8221;section&#8221;,&#8221;props&#8221;:{&#8220;image_position&#8221;:&#8221;center-center&#8221;,&#8221;status&#8221;:&#8221;disabled&#8221;,&#8221;style&#8221;:&#8221;default&#8221;,&#8221;title_breakpoint&#8221;:&#8221;xl&#8221;,&#8221;title_position&#8221;:&#8221;top-left&#8221;,&#8221;title_rotation&#8221;:&#8221;left&#8221;,&#8221;vertical_align&#8221;:&#8221;&#8221;,&#8221;width&#8221;:&#8221;default&#8221;},&#8221;children&#8221;:[{&#8220;type&#8221;:&#8221;row&#8221;,&#8221;children&#8221;:[{&#8220;type&#8221;:&#8221;column&#8221;,&#8221;props&#8221;:{&#8220;image_position&#8221;:&#8221;center-center&#8221;,&#8221;position_sticky_breakpoint&#8221;:&#8221;m&#8221;},&#8221;children&#8221;:[{&#8220;type&#8221;:&#8221;html&#8221;,&#8221;props&#8221;:{&#8220;content&#8221;:&#8221;<\/p>\n<div style=\\\"width: 100%; height: 2px; background-color: gray;\\\">&nbsp;<\\\/div>&#8220;},&#8221;name&#8221;:&#8221;white ruler&#8221;}]}]}],&#8221;name&#8221;:&#8221;Divider&#8221;},{&#8220;type&#8221;:&#8221;section&#8221;,&#8221;props&#8221;:{&#8220;image_position&#8221;:&#8221;center-center&#8221;,&#8221;padding&#8221;:&#8221;none&#8221;,&#8221;style&#8221;:&#8221;default&#8221;,&#8221;title_breakpoint&#8221;:&#8221;xl&#8221;,&#8221;title_position&#8221;:&#8221;top-left&#8221;,&#8221;title_rotation&#8221;:&#8221;left&#8221;,&#8221;vertical_align&#8221;:&#8221;&#8221;,&#8221;width&#8221;:&#8221;default&#8221;},&#8221;children&#8221;:[{&#8220;type&#8221;:&#8221;row&#8221;,&#8221;props&#8221;:{&#8220;margin&#8221;:&#8221;remove-vertical&#8221;},&#8221;children&#8221;:[{&#8220;type&#8221;:&#8221;column&#8221;,&#8221;props&#8221;:{&#8220;image_position&#8221;:&#8221;center-center&#8221;,&#8221;position_sticky_breakpoint&#8221;:&#8221;m&#8221;},&#8221;children&#8221;:[{&#8220;type&#8221;:&#8221;headline&#8221;,&#8221;props&#8221;:{&#8220;content&#8221;:&#8221;<span class=\\\"uk-text-muted\\\">Kontakt<\\\/span>&#8220;,&#8221;title_element&#8221;:&#8221;h1&#8243;},&#8221;name&#8221;:&#8221;Kontakt&#8221;}]}]}],&#8221;name&#8221;:&#8221;Kontakt&#8221;},{&#8220;type&#8221;:&#8221;section&#8221;,&#8221;props&#8221;:{&#8220;image_position&#8221;:&#8221;center-center&#8221;,&#8221;style&#8221;:&#8221;default&#8221;,&#8221;title_breakpoint&#8221;:&#8221;xl&#8221;,&#8221;title_position&#8221;:&#8221;top-left&#8221;,&#8221;title_rotation&#8221;:&#8221;left&#8221;,&#8221;vertical_align&#8221;:&#8221;&#8221;,&#8221;width&#8221;:&#8221;default&#8221;},&#8221;children&#8221;:[{&#8220;type&#8221;:&#8221;row&#8221;,&#8221;props&#8221;:{&#8220;layout&#8221;:&#8221;1-4,1-2,1-4&#8243;},&#8221;children&#8221;:[{&#8220;type&#8221;:&#8221;column&#8221;,&#8221;props&#8221;:{&#8220;image_position&#8221;:&#8221;center-center&#8221;,&#8221;position_sticky_breakpoint&#8221;:&#8221;m&#8221;,&#8221;width_medium&#8221;:&#8221;1-4&#8243;},&#8221;children&#8221;:[{&#8220;type&#8221;:&#8221;subnav&#8221;,&#8221;children&#8221;:[{&#8220;type&#8221;:&#8221;subnav_item&#8221;,&#8221;props&#8221;:{&#8220;content&#8221;:&#8221;<span uk-icon=\\\"icon: receiver\\\"><\\\/span>&nbsp;&nbsp;&nbsp;+49 157 75 38 13 35&#8243;,&#8221;link&#8221;:&#8221;tel:+4915775381335&#8243;,&#8221;link_target&#8221;:true}},{&#8220;type&#8221;:&#8221;subnav_item&#8221;,&#8221;props&#8221;:{&#8220;content&#8221;:&#8221;<span uk-icon=\\\"icon: mail\\\"><\\\/span>&nbsp;&nbsp;&nbsp;mail Trio ostinato&#8221;,&#8221;link&#8221;:&#8221;mailto:info@christakneppeck.de&#8221;,&#8221;link_target&#8221;:true}},{&#8220;type&#8221;:&#8221;subnav_item&#8221;,&#8221;props&#8221;:{&#8220;content&#8221;:&#8221;info@trio-ostinato.com&#8221;,&#8221;link&#8221;:&#8221;mailto:info@trio-ostinato.com&#8221;,&#8221;link_target&#8221;:true,&#8221;status&#8221;:&#8221;disabled&#8221;}}]}]},{&#8220;type&#8221;:&#8221;column&#8221;,&#8221;props&#8221;:{&#8220;image_position&#8221;:&#8221;center-center&#8221;,&#8221;position_sticky_breakpoint&#8221;:&#8221;m&#8221;,&#8221;width_medium&#8221;:&#8221;1-2&#8243;},&#8221;children&#8221;:[{&#8220;type&#8221;:&#8221;slideshow&#8221;,&#8221;props&#8221;:{&#8220;link_style&#8221;:&#8221;default&#8221;,&#8221;link_text&#8221;:&#8221;Read more&#8221;,&#8221;margin&#8221;:&#8221;default&#8221;,&#8221;meta_align&#8221;:&#8221;below-title&#8221;,&#8221;meta_element&#8221;:&#8221;div&#8221;,&#8221;meta_style&#8221;:&#8221;text-meta&#8221;,&#8221;nav&#8221;:&#8221;&#8221;,&#8221;nav_align&#8221;:&#8221;center&#8221;,&#8221;nav_breakpoint&#8221;:&#8221;s&#8221;,&#8221;nav_position&#8221;:&#8221;bottom-center&#8221;,&#8221;nav_position_margin&#8221;:&#8221;medium&#8221;,&#8221;overlay_animation&#8221;:&#8221;parallax&#8221;,&#8221;overlay_position&#8221;:&#8221;center-left&#8221;,&#8221;show_content&#8221;:true,&#8221;show_link&#8221;:true,&#8221;show_meta&#8221;:false,&#8221;show_thumbnail&#8221;:true,&#8221;show_title&#8221;:false,&#8221;slidenav&#8221;:&#8221;default&#8221;,&#8221;slidenav_breakpoint&#8221;:&#8221;s&#8221;,&#8221;slidenav_margin&#8221;:&#8221;medium&#8221;,&#8221;slidenav_outside_breakpoint&#8221;:&#8221;xl&#8221;,&#8221;slideshow_autoplay&#8221;:true,&#8221;slideshow_autoplay_pause&#8221;:true,&#8221;slideshow_kenburns&#8221;:&#8221;alternate&#8221;,&#8221;slideshow_min_height&#8221;:300,&#8221;thumbnav_height&#8221;:&#8221;75&#8243;,&#8221;thumbnav_svg_color&#8221;:&#8221;emphasis&#8221;,&#8221;thumbnav_width&#8221;:&#8221;100&#8243;,&#8221;title_element&#8221;:&#8221;h3&#8243;,&#8221;title_hover_style&#8221;:&#8221;reset&#8221;},&#8221;children&#8221;:[{&#8220;type&#8221;:&#8221;slideshow_item&#8221;,&#8221;props&#8221;:{&#8220;image&#8221;:&#8221;wp-content\\\/uploads\\\/2020\\\/11\\\/dorothea_schokking_2.jpg&#8221;}},{&#8220;type&#8221;:&#8221;slideshow_item&#8221;,&#8221;props&#8221;:{&#8220;image&#8221;:&#8221;wp-content\\\/uploads\\\/2020\\\/11\\\/trio_ostinato_3.jpg&#8221;}},{&#8220;type&#8221;:&#8221;slideshow_item&#8221;,&#8221;props&#8221;:{&#8220;image&#8221;:&#8221;wp-content\\\/uploads\\\/2020\\\/11\\\/theo_de_best_3.jpg&#8221;}},{&#8220;type&#8221;:&#8221;slideshow_item&#8221;,&#8221;props&#8221;:{&#8220;image&#8221;:&#8221;wp-content\\\/uploads\\\/2020\\\/11\\\/Kirche-Kalkar-8.jpg&#8221;}},{&#8220;type&#8221;:&#8221;slideshow_item&#8221;,&#8221;props&#8221;:{&#8220;image&#8221;:&#8221;wp-content\\\/uploads\\\/2020\\\/11\\\/trio-ostinato_uitvoering_x_2.png&#8221;}},{&#8220;type&#8221;:&#8221;slideshow_item&#8221;,&#8221;props&#8221;:{&#8220;image&#8221;:&#8221;wp-content\\\/uploads\\\/2020\\\/11\\\/theaschokking_uitvoering_x.png&#8221;}},{&#8220;type&#8221;:&#8221;slideshow_item&#8221;,&#8221;props&#8221;:{&#8220;image&#8221;:&#8221;wp-content\\\/uploads\\\/2020\\\/11\\\/trio-ostinato_uitvoering_x_1.png&#8221;}},{&#8220;type&#8221;:&#8221;slideshow_item&#8221;,&#8221;props&#8221;:{&#8220;image&#8221;:&#8221;wp-content\\\/uploads\\\/2020\\\/11\\\/trio-ostinato_uitvoering_x_3.png&#8221;}},{&#8220;type&#8221;:&#8221;slideshow_item&#8221;,&#8221;props&#8221;:{&#8220;image&#8221;:&#8221;wp-content\\\/uploads\\\/2021\\\/04\\\/dorotheaachtervleugel.png&#8221;,&#8221;title&#8221;:&#8221;dorotheaachtervleugel&#8221;}},{&#8220;type&#8221;:&#8221;slideshow_item&#8221;,&#8221;props&#8221;:{&#8220;image&#8221;:&#8221;wp-content\\\/uploads\\\/2021\\\/04\\\/dtc_tuin_neinhuys_detail.png&#8221;,&#8221;title&#8221;:&#8221;dtc_tuin_neinhuys_detail&#8221;}},{&#8220;type&#8221;:&#8221;slideshow_item&#8221;,&#8221;props&#8221;:{&#8220;image&#8221;:&#8221;wp-content\\\/uploads\\\/2021\\\/04\\\/dtc_wylerberg_heuvel-scaled.jpg&#8221;,&#8221;title&#8221;:&#8221;dtc_wylerberg_heuvel&#8221;}},{&#8220;type&#8221;:&#8221;slideshow_item&#8221;,&#8221;props&#8221;:{&#8220;image&#8221;:&#8221;wp-content\\\/uploads\\\/2021\\\/04\\\/dtc_wylerberg_profiel_rescaled.jpg&#8221;,&#8221;title&#8221;:&#8221;dtc_wylerberg_profiel_rescaled&#8221;}}]}]},{&#8220;type&#8221;:&#8221;column&#8221;,&#8221;props&#8221;:{&#8220;image_position&#8221;:&#8221;center-center&#8221;,&#8221;position_sticky_breakpoint&#8221;:&#8221;m&#8221;,&#8221;width_medium&#8221;:&#8221;1-4&#8243;},&#8221;children&#8221;:[{&#8220;type&#8221;:&#8221;social&#8221;,&#8221;props&#8221;:{&#8220;grid&#8221;:&#8221;horizontal&#8221;,&#8221;grid_column_gap&#8221;:&#8221;small&#8221;,&#8221;grid_row_gap&#8221;:&#8221;small&#8221;,&#8221;image_svg_inline&#8221;:true,&#8221;link_style&#8221;:&#8221;button&#8221;,&#8221;margin&#8221;:&#8221;default&#8221;,&#8221;status&#8221;:&#8221;disabled&#8221;}},{&#8220;type&#8221;:&#8221;html&#8221;,&#8221;props&#8221;:{&#8220;content&#8221;:&#8221;<\/p>\n<h1>&nbsp;<\/p>\n<h1>&#8220;}}]}]}],&#8221;name&#8221;:&#8221;Contact&#8221;},{&#8220;type&#8221;:&#8221;section&#8221;,&#8221;props&#8221;:{&#8220;image_position&#8221;:&#8221;center-center&#8221;,&#8221;style&#8221;:&#8221;default&#8221;,&#8221;title_breakpoint&#8221;:&#8221;xl&#8221;,&#8221;title_position&#8221;:&#8221;top-left&#8221;,&#8221;title_rotation&#8221;:&#8221;left&#8221;,&#8221;vertical_align&#8221;:&#8221;&#8221;,&#8221;width&#8221;:&#8221;default&#8221;},&#8221;children&#8221;:[{&#8220;type&#8221;:&#8221;row&#8221;,&#8221;children&#8221;:[{&#8220;type&#8221;:&#8221;column&#8221;,&#8221;props&#8221;:{&#8220;image_position&#8221;:&#8221;center-center&#8221;,&#8221;position_sticky_breakpoint&#8221;:&#8221;m&#8221;},&#8221;children&#8221;:[{&#8220;type&#8221;:&#8221;html&#8221;,&#8221;props&#8221;:{&#8220;content&#8221;:&#8221;<\/p>\n<div style=\\\"width: 100%; height: 2px; background-color: gray;\\\">&nbsp;<\\\/div>&#8220;},&#8221;name&#8221;:&#8221;white ruler&#8221;},{&#8220;type&#8221;:&#8221;totop&#8221;,&#8221;props&#8221;:{&#8220;margin&#8221;:&#8221;default&#8221;,&#8221;title_grid_column_gap&#8221;:&#8221;small&#8221;,&#8221;title_grid_row_gap&#8221;:&#8221;small&#8221;}}]}]}],&#8221;name&#8221;:&#8221;Divider&#8221;}],&#8221;version&#8221;:&#8221;4.5.28&#8243;} &#8211;><\/p>\n","protected":false},"excerpt":{"rendered":"<p>Trio ostinatospieltCanto OstinatovonSimeon ten Holt Canto ostinato,eine Klangreise die Zeit und Raum vergessen l\u00e4sst Deutsch Deutsch Canto Ostinato,\u00a0ein Kultst\u00fcck in den Niederlanden, ist\u00a0komponiert f\u00fcr\u00a0ein bis vier Tasteninstrumenten von dem niederl\u00e4ndischen Komponisten Simeon\u00a0ten Holt\u00a0im Jahre 1979.\u00a0 Es ist ein \u201eabendf\u00fcllendes\u201c St\u00fcck\u00a0ohne Pause\u00a0im tonalen,\u00a0minimalistischen Stil. Durch die Verwendung von motivischen Einheiten, die beliebig oft wiederholt werden k\u00f6nnen, [&hellip;]<\/p>\n","protected":false},"author":1,"featured_media":0,"parent":0,"menu_order":0,"comment_status":"closed","ping_status":"closed","template":"","meta":{"footnotes":""},"class_list":["post-2","page","type-page","status-publish","hentry"],"yoast_head":"<!-- This site is optimized with the Yoast SEO plugin v27.4 - https:\/\/yoast.com\/product\/yoast-seo-wordpress\/ -->\n<title>Home - Canto Ostinato<\/title>\n<meta name=\"robots\" content=\"index, follow, max-snippet:-1, max-image-preview:large, max-video-preview:-1\" \/>\n<link rel=\"canonical\" href=\"http:\/\/ostinato.lupe.nl\/\" \/>\n<meta property=\"og:locale\" content=\"nl_NL\" \/>\n<meta property=\"og:type\" content=\"article\" \/>\n<meta property=\"og:title\" content=\"Home - Canto Ostinato\" \/>\n<meta property=\"og:description\" content=\"Trio ostinatospieltCanto OstinatovonSimeon ten Holt Canto ostinato,eine Klangreise die Zeit und Raum vergessen l\u00e4sst Deutsch Deutsch Canto Ostinato,\u00a0ein Kultst\u00fcck in den Niederlanden, ist\u00a0komponiert f\u00fcr\u00a0ein bis vier Tasteninstrumenten von dem niederl\u00e4ndischen Komponisten Simeon\u00a0ten Holt\u00a0im Jahre 1979.\u00a0 Es ist ein \u201eabendf\u00fcllendes\u201c St\u00fcck\u00a0ohne Pause\u00a0im tonalen,\u00a0minimalistischen Stil. Durch die Verwendung von motivischen Einheiten, die beliebig oft wiederholt werden k\u00f6nnen, [&hellip;]\" \/>\n<meta property=\"og:url\" content=\"http:\/\/ostinato.lupe.nl\/\" \/>\n<meta property=\"og:site_name\" content=\"Canto Ostinato\" \/>\n<meta property=\"article:modified_time\" content=\"2026-02-14T22:01:55+00:00\" \/>\n<meta name=\"twitter:card\" content=\"summary_large_image\" \/>\n<meta name=\"twitter:label1\" content=\"Verwachte leestijd\" \/>\n\t<meta name=\"twitter:data1\" content=\"65 minuten\" \/>\n<script type=\"application\/ld+json\" class=\"yoast-schema-graph\">{\"@context\":\"https:\\\/\\\/schema.org\",\"@graph\":[{\"@type\":\"WebPage\",\"@id\":\"http:\\\/\\\/ostinato.lupe.nl\\\/\",\"url\":\"http:\\\/\\\/ostinato.lupe.nl\\\/\",\"name\":\"Home - Canto Ostinato\",\"isPartOf\":{\"@id\":\"http:\\\/\\\/ostinato.lupe.nl\\\/#website\"},\"datePublished\":\"2020-10-26T07:33:50+00:00\",\"dateModified\":\"2026-02-14T22:01:55+00:00\",\"breadcrumb\":{\"@id\":\"http:\\\/\\\/ostinato.lupe.nl\\\/#breadcrumb\"},\"inLanguage\":\"nl-NL\",\"potentialAction\":[{\"@type\":\"ReadAction\",\"target\":[\"http:\\\/\\\/ostinato.lupe.nl\\\/\"]}]},{\"@type\":\"BreadcrumbList\",\"@id\":\"http:\\\/\\\/ostinato.lupe.nl\\\/#breadcrumb\",\"itemListElement\":[{\"@type\":\"ListItem\",\"position\":1,\"name\":\"Home\",\"item\":\"http:\\\/\\\/ostinato.lupe.nl\\\/\"},{\"@type\":\"ListItem\",\"position\":2,\"name\":\"Home\"}]},{\"@type\":\"WebSite\",\"@id\":\"http:\\\/\\\/ostinato.lupe.nl\\\/#website\",\"url\":\"http:\\\/\\\/ostinato.lupe.nl\\\/\",\"name\":\"Canto Ostinato\",\"description\":\"played by Trio ostinato\",\"potentialAction\":[{\"@type\":\"SearchAction\",\"target\":{\"@type\":\"EntryPoint\",\"urlTemplate\":\"http:\\\/\\\/ostinato.lupe.nl\\\/?s={search_term_string}\"},\"query-input\":{\"@type\":\"PropertyValueSpecification\",\"valueRequired\":true,\"valueName\":\"search_term_string\"}}],\"inLanguage\":\"nl-NL\"}]}<\/script>\n<!-- \/ Yoast SEO plugin. -->","yoast_head_json":{"title":"Home - Canto Ostinato","robots":{"index":"index","follow":"follow","max-snippet":"max-snippet:-1","max-image-preview":"max-image-preview:large","max-video-preview":"max-video-preview:-1"},"canonical":"http:\/\/ostinato.lupe.nl\/","og_locale":"nl_NL","og_type":"article","og_title":"Home - Canto Ostinato","og_description":"Trio ostinatospieltCanto OstinatovonSimeon ten Holt Canto ostinato,eine Klangreise die Zeit und Raum vergessen l\u00e4sst Deutsch Deutsch Canto Ostinato,\u00a0ein Kultst\u00fcck in den Niederlanden, ist\u00a0komponiert f\u00fcr\u00a0ein bis vier Tasteninstrumenten von dem niederl\u00e4ndischen Komponisten Simeon\u00a0ten Holt\u00a0im Jahre 1979.\u00a0 Es ist ein \u201eabendf\u00fcllendes\u201c St\u00fcck\u00a0ohne Pause\u00a0im tonalen,\u00a0minimalistischen Stil. Durch die Verwendung von motivischen Einheiten, die beliebig oft wiederholt werden k\u00f6nnen, [&hellip;]","og_url":"http:\/\/ostinato.lupe.nl\/","og_site_name":"Canto Ostinato","article_modified_time":"2026-02-14T22:01:55+00:00","twitter_card":"summary_large_image","twitter_misc":{"Verwachte leestijd":"65 minuten"},"schema":{"@context":"https:\/\/schema.org","@graph":[{"@type":"WebPage","@id":"http:\/\/ostinato.lupe.nl\/","url":"http:\/\/ostinato.lupe.nl\/","name":"Home - Canto Ostinato","isPartOf":{"@id":"http:\/\/ostinato.lupe.nl\/#website"},"datePublished":"2020-10-26T07:33:50+00:00","dateModified":"2026-02-14T22:01:55+00:00","breadcrumb":{"@id":"http:\/\/ostinato.lupe.nl\/#breadcrumb"},"inLanguage":"nl-NL","potentialAction":[{"@type":"ReadAction","target":["http:\/\/ostinato.lupe.nl\/"]}]},{"@type":"BreadcrumbList","@id":"http:\/\/ostinato.lupe.nl\/#breadcrumb","itemListElement":[{"@type":"ListItem","position":1,"name":"Home","item":"http:\/\/ostinato.lupe.nl\/"},{"@type":"ListItem","position":2,"name":"Home"}]},{"@type":"WebSite","@id":"http:\/\/ostinato.lupe.nl\/#website","url":"http:\/\/ostinato.lupe.nl\/","name":"Canto Ostinato","description":"played by Trio ostinato","potentialAction":[{"@type":"SearchAction","target":{"@type":"EntryPoint","urlTemplate":"http:\/\/ostinato.lupe.nl\/?s={search_term_string}"},"query-input":{"@type":"PropertyValueSpecification","valueRequired":true,"valueName":"search_term_string"}}],"inLanguage":"nl-NL"}]}},"_links":{"self":[{"href":"http:\/\/ostinato.lupe.nl\/index.php\/wp-json\/wp\/v2\/pages\/2","targetHints":{"allow":["GET"]}}],"collection":[{"href":"http:\/\/ostinato.lupe.nl\/index.php\/wp-json\/wp\/v2\/pages"}],"about":[{"href":"http:\/\/ostinato.lupe.nl\/index.php\/wp-json\/wp\/v2\/types\/page"}],"author":[{"embeddable":true,"href":"http:\/\/ostinato.lupe.nl\/index.php\/wp-json\/wp\/v2\/users\/1"}],"replies":[{"embeddable":true,"href":"http:\/\/ostinato.lupe.nl\/index.php\/wp-json\/wp\/v2\/comments?post=2"}],"version-history":[{"count":358,"href":"http:\/\/ostinato.lupe.nl\/index.php\/wp-json\/wp\/v2\/pages\/2\/revisions"}],"predecessor-version":[{"id":559,"href":"http:\/\/ostinato.lupe.nl\/index.php\/wp-json\/wp\/v2\/pages\/2\/revisions\/559"}],"wp:attachment":[{"href":"http:\/\/ostinato.lupe.nl\/index.php\/wp-json\/wp\/v2\/media?parent=2"}],"curies":[{"name":"wp","href":"https:\/\/api.w.org\/{rel}","templated":true}]}}